{"id":908,"date":"2021-10-08T17:48:32","date_gmt":"2021-10-08T17:48:32","guid":{"rendered":"https:\/\/moikk.hu\/?page_id=908"},"modified":"2021-10-19T07:46:13","modified_gmt":"2021-10-19T07:46:13","slug":"koszontes","status":"publish","type":"page","link":"https:\/\/moikk.hu\/index.php\/koszontes\/","title":{"rendered":"K\u00f6sz\u00f6nt\u00e9s &#8230;"},"content":{"rendered":"\n<div class=\"wp-block-group alignfull has-background\" style=\"background-color:#f8f4e4\"><div class=\"wp-block-group__inner-container is-layout-flow wp-block-group-is-layout-flow\">\n<div class=\"wp-block-columns alignwide is-layout-flex wp-container-core-columns-is-layout-9d6595d7 wp-block-columns-is-layout-flex\">\n<div class=\"wp-block-column is-layout-flow wp-block-column-is-layout-flow\">\n<figure class=\"wp-block-gallery columns-1 is-cropped wp-block-gallery-1 is-layout-flex wp-block-gallery-is-layout-flex\"><ul class=\"blocks-gallery-grid\"><li class=\"blocks-gallery-item\"><figure><img loading=\"lazy\" decoding=\"async\" width=\"1024\" height=\"768\" src=\"https:\/\/moikk.hu\/wp-content\/uploads\/2021\/10\/1.-Konf.terem-kesz-technika-a-helyen-1024x768.jpg\" alt=\"\" data-id=\"909\" data-full-url=\"https:\/\/moikk.hu\/wp-content\/uploads\/2021\/10\/1.-Konf.terem-kesz-technika-a-helyen-scaled.jpg\" data-link=\"https:\/\/moikk.hu\/?attachment_id=909\" class=\"wp-image-909\" srcset=\"https:\/\/moikk.hu\/wp-content\/uploads\/2021\/10\/1.-Konf.terem-kesz-technika-a-helyen-1024x768.jpg 1024w, https:\/\/moikk.hu\/wp-content\/uploads\/2021\/10\/1.-Konf.terem-kesz-technika-a-helyen-300x225.jpg 300w, https:\/\/moikk.hu\/wp-content\/uploads\/2021\/10\/1.-Konf.terem-kesz-technika-a-helyen-768x576.jpg 768w, https:\/\/moikk.hu\/wp-content\/uploads\/2021\/10\/1.-Konf.terem-kesz-technika-a-helyen-1536x1152.jpg 1536w, https:\/\/moikk.hu\/wp-content\/uploads\/2021\/10\/1.-Konf.terem-kesz-technika-a-helyen-2048x1536.jpg 2048w, https:\/\/moikk.hu\/wp-content\/uploads\/2021\/10\/1.-Konf.terem-kesz-technika-a-helyen-850x638.jpg 850w\" sizes=\"auto, (max-width: 1024px) 100vw, 1024px\" \/><\/figure><\/li><\/ul><figcaption class=\"blocks-gallery-caption\"><strong>A konferenciaterem el\u0151k\u00e9sz\u00edtve<\/strong><\/figcaption><\/figure>\n<\/div>\n\n\n\n<div class=\"wp-block-column is-layout-flow wp-block-column-is-layout-flow\">\n<figure class=\"wp-block-gallery columns-1 is-cropped wp-block-gallery-2 is-layout-flex wp-block-gallery-is-layout-flex\"><ul class=\"blocks-gallery-grid\"><li class=\"blocks-gallery-item\"><figure><img loading=\"lazy\" decoding=\"async\" width=\"1024\" height=\"768\" src=\"https:\/\/moikk.hu\/wp-content\/uploads\/2021\/10\/2.-Elnoki-asztal-felszerelve-1024x768.jpg\" alt=\"\" data-id=\"910\" data-full-url=\"https:\/\/moikk.hu\/wp-content\/uploads\/2021\/10\/2.-Elnoki-asztal-felszerelve-scaled.jpg\" data-link=\"https:\/\/moikk.hu\/?attachment_id=910\" class=\"wp-image-910\" srcset=\"https:\/\/moikk.hu\/wp-content\/uploads\/2021\/10\/2.-Elnoki-asztal-felszerelve-1024x768.jpg 1024w, https:\/\/moikk.hu\/wp-content\/uploads\/2021\/10\/2.-Elnoki-asztal-felszerelve-300x225.jpg 300w, https:\/\/moikk.hu\/wp-content\/uploads\/2021\/10\/2.-Elnoki-asztal-felszerelve-768x576.jpg 768w, https:\/\/moikk.hu\/wp-content\/uploads\/2021\/10\/2.-Elnoki-asztal-felszerelve-1536x1152.jpg 1536w, https:\/\/moikk.hu\/wp-content\/uploads\/2021\/10\/2.-Elnoki-asztal-felszerelve-2048x1536.jpg 2048w, https:\/\/moikk.hu\/wp-content\/uploads\/2021\/10\/2.-Elnoki-asztal-felszerelve-850x638.jpg 850w\" sizes=\"auto, (max-width: 1024px) 100vw, 1024px\" \/><\/figure><\/li><\/ul><figcaption class=\"blocks-gallery-caption\"><strong>Az eln\u00f6ki asztal felszerelve<\/strong><\/figcaption><\/figure>\n<\/div>\n<\/div>\n\n\n\n<div class=\"wp-block-columns is-layout-flex wp-container-core-columns-is-layout-9d6595d7 wp-block-columns-is-layout-flex\">\n<div class=\"wp-block-column is-layout-flow wp-block-column-is-layout-flow\">\n<figure class=\"wp-block-gallery columns-1 is-cropped wp-block-gallery-3 is-layout-flex wp-block-gallery-is-layout-flex\"><ul class=\"blocks-gallery-grid\"><li class=\"blocks-gallery-item\"><figure><img loading=\"lazy\" decoding=\"async\" width=\"822\" height=\"1024\" src=\"https:\/\/moikk.hu\/wp-content\/uploads\/2021\/10\/2a.-Akik-mar-csak-foton-vannak-velunk-822x1024.jpg\" alt=\"\" data-id=\"911\" data-full-url=\"https:\/\/moikk.hu\/wp-content\/uploads\/2021\/10\/2a.-Akik-mar-csak-foton-vannak-velunk-scaled.jpg\" data-link=\"https:\/\/moikk.hu\/index.php\/koszontes\/2a-akik-mar-csak-foton-vannak-velunk\/\" class=\"wp-image-911\" srcset=\"https:\/\/moikk.hu\/wp-content\/uploads\/2021\/10\/2a.-Akik-mar-csak-foton-vannak-velunk-822x1024.jpg 822w, https:\/\/moikk.hu\/wp-content\/uploads\/2021\/10\/2a.-Akik-mar-csak-foton-vannak-velunk-241x300.jpg 241w, https:\/\/moikk.hu\/wp-content\/uploads\/2021\/10\/2a.-Akik-mar-csak-foton-vannak-velunk-768x956.jpg 768w, https:\/\/moikk.hu\/wp-content\/uploads\/2021\/10\/2a.-Akik-mar-csak-foton-vannak-velunk-1234x1536.jpg 1234w, https:\/\/moikk.hu\/wp-content\/uploads\/2021\/10\/2a.-Akik-mar-csak-foton-vannak-velunk-1645x2048.jpg 1645w, https:\/\/moikk.hu\/wp-content\/uploads\/2021\/10\/2a.-Akik-mar-csak-foton-vannak-velunk-300x373.jpg 300w, https:\/\/moikk.hu\/wp-content\/uploads\/2021\/10\/2a.-Akik-mar-csak-foton-vannak-velunk-850x1058.jpg 850w\" sizes=\"auto, (max-width: 822px) 100vw, 822px\" \/><\/figure><\/li><\/ul><figcaption class=\"blocks-gallery-caption\"><strong>Akik m\u00e1r csak fot\u00f3n vannak vel\u00fcnk &#8230;<\/strong><\/figcaption><\/figure>\n\n\n\n<div class=\"wp-block-columns is-layout-flex wp-container-core-columns-is-layout-9d6595d7 wp-block-columns-is-layout-flex\"><\/div>\n<\/div>\n\n\n\n<div class=\"wp-block-column is-layout-flow wp-block-column-is-layout-flow\">\n<figure class=\"wp-block-gallery columns-1 is-cropped wp-block-gallery-4 is-layout-flex wp-block-gallery-is-layout-flex\"><ul class=\"blocks-gallery-grid\"><li class=\"blocks-gallery-item\"><figure><img loading=\"lazy\" decoding=\"async\" width=\"724\" height=\"1024\" src=\"https:\/\/moikk.hu\/wp-content\/uploads\/2021\/10\/Nem-kelti-fol.jpg\" alt=\"\" data-id=\"1175\" data-full-url=\"https:\/\/moikk.hu\/wp-content\/uploads\/2021\/10\/Nem-kelti-fol.jpg\" data-link=\"https:\/\/moikk.hu\/index.php\/koszontes\/nem-kelti-fol\/\" class=\"wp-image-1175\" srcset=\"https:\/\/moikk.hu\/wp-content\/uploads\/2021\/10\/Nem-kelti-fol.jpg 724w, https:\/\/moikk.hu\/wp-content\/uploads\/2021\/10\/Nem-kelti-fol-212x300.jpg 212w, https:\/\/moikk.hu\/wp-content\/uploads\/2021\/10\/Nem-kelti-fol-300x424.jpg 300w\" sizes=\"auto, (max-width: 724px) 100vw, 724px\" \/><\/figure><\/li><\/ul><\/figure>\n\n\n\n<div class=\"wp-block-columns is-layout-flex wp-container-core-columns-is-layout-9d6595d7 wp-block-columns-is-layout-flex\"><\/div>\n<\/div>\n<\/div>\n\n\n\n<div class=\"wp-block-columns is-layout-flex wp-container-core-columns-is-layout-9d6595d7 wp-block-columns-is-layout-flex\"><\/div>\n\n\n\n<div class=\"wp-block-columns is-layout-flex wp-container-core-columns-is-layout-9d6595d7 wp-block-columns-is-layout-flex\">\n<div class=\"wp-block-column is-layout-flow wp-block-column-is-layout-flow\">\n<div class=\"wp-block-columns is-layout-flex wp-container-core-columns-is-layout-9d6595d7 wp-block-columns-is-layout-flex\">\n<div class=\"wp-block-column is-layout-flow wp-block-column-is-layout-flow\">\n<figure class=\"wp-block-image size-large is-style-default\"><img loading=\"lazy\" decoding=\"async\" width=\"1024\" height=\"709\" src=\"https:\/\/moikk.hu\/wp-content\/uploads\/2021\/10\/3.-Gyulekezunk-1-1024x709.jpg\" alt=\"\" class=\"wp-image-1179\" srcset=\"https:\/\/moikk.hu\/wp-content\/uploads\/2021\/10\/3.-Gyulekezunk-1-1024x709.jpg 1024w, https:\/\/moikk.hu\/wp-content\/uploads\/2021\/10\/3.-Gyulekezunk-1-300x208.jpg 300w, https:\/\/moikk.hu\/wp-content\/uploads\/2021\/10\/3.-Gyulekezunk-1-768x532.jpg 768w, https:\/\/moikk.hu\/wp-content\/uploads\/2021\/10\/3.-Gyulekezunk-1-1536x1063.jpg 1536w, https:\/\/moikk.hu\/wp-content\/uploads\/2021\/10\/3.-Gyulekezunk-1-2048x1418.jpg 2048w, https:\/\/moikk.hu\/wp-content\/uploads\/2021\/10\/3.-Gyulekezunk-1-850x588.jpg 850w\" sizes=\"auto, (max-width: 1024px) 100vw, 1024px\" \/><figcaption><strong>Gy\u00fclekez\u00fcnk<\/strong><\/figcaption><\/figure>\n<\/div>\n<\/div>\n<\/div>\n<\/div>\n\n\n\n<div class=\"wp-block-columns is-layout-flex wp-container-core-columns-is-layout-9d6595d7 wp-block-columns-is-layout-flex\">\n<div class=\"wp-block-column is-layout-flow wp-block-column-is-layout-flow\">\n<figure class=\"wp-block-image size-large is-style-default\"><img loading=\"lazy\" decoding=\"async\" width=\"983\" height=\"1024\" src=\"https:\/\/moikk.hu\/wp-content\/uploads\/2021\/10\/4.-Dr.-Peitlerek-es-a-sajtosok-is-varakozon..-2-983x1024.jpg\" alt=\"\" class=\"wp-image-1173\" srcset=\"https:\/\/moikk.hu\/wp-content\/uploads\/2021\/10\/4.-Dr.-Peitlerek-es-a-sajtosok-is-varakozon..-2-983x1024.jpg 983w, https:\/\/moikk.hu\/wp-content\/uploads\/2021\/10\/4.-Dr.-Peitlerek-es-a-sajtosok-is-varakozon..-2-288x300.jpg 288w, https:\/\/moikk.hu\/wp-content\/uploads\/2021\/10\/4.-Dr.-Peitlerek-es-a-sajtosok-is-varakozon..-2-768x800.jpg 768w, https:\/\/moikk.hu\/wp-content\/uploads\/2021\/10\/4.-Dr.-Peitlerek-es-a-sajtosok-is-varakozon..-2-1474x1536.jpg 1474w, https:\/\/moikk.hu\/wp-content\/uploads\/2021\/10\/4.-Dr.-Peitlerek-es-a-sajtosok-is-varakozon..-2-1965x2048.jpg 1965w, https:\/\/moikk.hu\/wp-content\/uploads\/2021\/10\/4.-Dr.-Peitlerek-es-a-sajtosok-is-varakozon..-2-300x313.jpg 300w, https:\/\/moikk.hu\/wp-content\/uploads\/2021\/10\/4.-Dr.-Peitlerek-es-a-sajtosok-is-varakozon..-2-850x886.jpg 850w\" sizes=\"auto, (max-width: 983px) 100vw, 983px\" \/><figcaption><strong> Dr. Peitler\u00e9k \u00e9s a sajt\u00f3sok is v\u00e1rakoz\u00f3n <\/strong><\/figcaption><\/figure>\n<\/div>\n\n\n\n<div class=\"wp-block-column is-layout-flow wp-block-column-is-layout-flow\">\n<figure class=\"wp-block-image size-large is-style-default\"><img loading=\"lazy\" decoding=\"async\" width=\"768\" height=\"1024\" src=\"https:\/\/moikk.hu\/wp-content\/uploads\/2021\/10\/5.-Dr.-Sibalic-Ilona2-1-768x1024.jpg\" alt=\"\" class=\"wp-image-1174\" srcset=\"https:\/\/moikk.hu\/wp-content\/uploads\/2021\/10\/5.-Dr.-Sibalic-Ilona2-1-768x1024.jpg 768w, https:\/\/moikk.hu\/wp-content\/uploads\/2021\/10\/5.-Dr.-Sibalic-Ilona2-1-225x300.jpg 225w, https:\/\/moikk.hu\/wp-content\/uploads\/2021\/10\/5.-Dr.-Sibalic-Ilona2-1-1152x1536.jpg 1152w, https:\/\/moikk.hu\/wp-content\/uploads\/2021\/10\/5.-Dr.-Sibalic-Ilona2-1-1536x2048.jpg 1536w, https:\/\/moikk.hu\/wp-content\/uploads\/2021\/10\/5.-Dr.-Sibalic-Ilona2-1-300x400.jpg 300w, https:\/\/moikk.hu\/wp-content\/uploads\/2021\/10\/5.-Dr.-Sibalic-Ilona2-1-850x1133.jpg 850w, https:\/\/moikk.hu\/wp-content\/uploads\/2021\/10\/5.-Dr.-Sibalic-Ilona2-1.jpg 1836w\" sizes=\"auto, (max-width: 768px) 100vw, 768px\" \/><figcaption><strong> Dr. Sibalic Ilona is &#8230; <\/strong><\/figcaption><\/figure>\n<\/div>\n<\/div>\n\n\n\n<div class=\"wp-block-columns is-layout-flex wp-container-core-columns-is-layout-9d6595d7 wp-block-columns-is-layout-flex\">\n<div class=\"wp-block-column is-layout-flow wp-block-column-is-layout-flow\">\n<figure class=\"wp-block-gallery columns-1 is-cropped wp-block-gallery-5 is-layout-flex wp-block-gallery-is-layout-flex\"><ul class=\"blocks-gallery-grid\"><li class=\"blocks-gallery-item\"><figure><img loading=\"lazy\" decoding=\"async\" width=\"1024\" height=\"768\" src=\"https:\/\/moikk.hu\/wp-content\/uploads\/2021\/10\/6.-Minden-vendeg-megjott-kezdodhet-a-program-2-1024x768.jpg\" alt=\"\" data-id=\"924\" data-full-url=\"https:\/\/moikk.hu\/wp-content\/uploads\/2021\/10\/6.-Minden-vendeg-megjott-kezdodhet-a-program-2-scaled.jpg\" data-link=\"https:\/\/moikk.hu\/index.php\/koszontes\/6-minden-vendeg-megjott-kezdodhet-a-program-2\/\" class=\"wp-image-924\" srcset=\"https:\/\/moikk.hu\/wp-content\/uploads\/2021\/10\/6.-Minden-vendeg-megjott-kezdodhet-a-program-2-1024x768.jpg 1024w, https:\/\/moikk.hu\/wp-content\/uploads\/2021\/10\/6.-Minden-vendeg-megjott-kezdodhet-a-program-2-300x225.jpg 300w, https:\/\/moikk.hu\/wp-content\/uploads\/2021\/10\/6.-Minden-vendeg-megjott-kezdodhet-a-program-2-768x576.jpg 768w, https:\/\/moikk.hu\/wp-content\/uploads\/2021\/10\/6.-Minden-vendeg-megjott-kezdodhet-a-program-2-1536x1152.jpg 1536w, https:\/\/moikk.hu\/wp-content\/uploads\/2021\/10\/6.-Minden-vendeg-megjott-kezdodhet-a-program-2-2048x1536.jpg 2048w, https:\/\/moikk.hu\/wp-content\/uploads\/2021\/10\/6.-Minden-vendeg-megjott-kezdodhet-a-program-2-850x638.jpg 850w\" sizes=\"auto, (max-width: 1024px) 100vw, 1024px\" \/><\/figure><\/li><\/ul><figcaption class=\"blocks-gallery-caption\"><strong>Minden vend\u00e9g megj\u00f6tt, kezd\u0151dhet a program<\/strong><\/figcaption><\/figure>\n<\/div>\n\n\n\n<div class=\"wp-block-column is-layout-flow wp-block-column-is-layout-flow\">\n<figure class=\"wp-block-gallery columns-1 is-cropped wp-block-gallery-6 is-layout-flex wp-block-gallery-is-layout-flex\"><ul class=\"blocks-gallery-grid\"><li class=\"blocks-gallery-item\"><figure><img loading=\"lazy\" decoding=\"async\" width=\"1024\" height=\"768\" src=\"https:\/\/moikk.hu\/wp-content\/uploads\/2021\/10\/9...indul-a-Koszontes-es-a-TV-felvetel...-2-1024x768.jpg\" alt=\"\" data-id=\"925\" data-full-url=\"https:\/\/moikk.hu\/wp-content\/uploads\/2021\/10\/9...indul-a-Koszontes-es-a-TV-felvetel...-2-scaled.jpg\" data-link=\"https:\/\/moikk.hu\/index.php\/koszontes\/9-indul-a-koszontes-es-a-tv-felvetel-2\/\" class=\"wp-image-925\" srcset=\"https:\/\/moikk.hu\/wp-content\/uploads\/2021\/10\/9...indul-a-Koszontes-es-a-TV-felvetel...-2-1024x768.jpg 1024w, https:\/\/moikk.hu\/wp-content\/uploads\/2021\/10\/9...indul-a-Koszontes-es-a-TV-felvetel...-2-300x225.jpg 300w, https:\/\/moikk.hu\/wp-content\/uploads\/2021\/10\/9...indul-a-Koszontes-es-a-TV-felvetel...-2-768x576.jpg 768w, https:\/\/moikk.hu\/wp-content\/uploads\/2021\/10\/9...indul-a-Koszontes-es-a-TV-felvetel...-2-1536x1152.jpg 1536w, https:\/\/moikk.hu\/wp-content\/uploads\/2021\/10\/9...indul-a-Koszontes-es-a-TV-felvetel...-2-2048x1536.jpg 2048w, https:\/\/moikk.hu\/wp-content\/uploads\/2021\/10\/9...indul-a-Koszontes-es-a-TV-felvetel...-2-850x638.jpg 850w\" sizes=\"auto, (max-width: 1024px) 100vw, 1024px\" \/><\/figure><\/li><\/ul><figcaption class=\"blocks-gallery-caption\"><strong>&#8230; indul a K\u00f6sz\u00f6nt\u00e9s \u00e9s a TV-felv\u00e9tel<\/strong><\/figcaption><\/figure>\n<\/div>\n<\/div>\n\n\n\n<div class=\"wp-block-columns is-layout-flex wp-container-core-columns-is-layout-9d6595d7 wp-block-columns-is-layout-flex\">\n<div class=\"wp-block-column is-layout-flow wp-block-column-is-layout-flow\">\n<figure class=\"wp-block-gallery columns-1 is-cropped wp-block-gallery-7 is-layout-flex wp-block-gallery-is-layout-flex\"><ul class=\"blocks-gallery-grid\"><li class=\"blocks-gallery-item\"><figure><img loading=\"lazy\" decoding=\"async\" width=\"862\" height=\"1024\" src=\"https:\/\/moikk.hu\/wp-content\/uploads\/2021\/10\/7.-Udvozlo-vers-Balogh-Marta-szaval-862x1024.jpg\" alt=\"\" data-id=\"926\" data-full-url=\"https:\/\/moikk.hu\/wp-content\/uploads\/2021\/10\/7.-Udvozlo-vers-Balogh-Marta-szaval-scaled.jpg\" data-link=\"https:\/\/moikk.hu\/index.php\/koszontes\/7-udvozlo-vers-balogh-marta-szaval\/\" class=\"wp-image-926\" srcset=\"https:\/\/moikk.hu\/wp-content\/uploads\/2021\/10\/7.-Udvozlo-vers-Balogh-Marta-szaval-862x1024.jpg 862w, https:\/\/moikk.hu\/wp-content\/uploads\/2021\/10\/7.-Udvozlo-vers-Balogh-Marta-szaval-252x300.jpg 252w, https:\/\/moikk.hu\/wp-content\/uploads\/2021\/10\/7.-Udvozlo-vers-Balogh-Marta-szaval-768x913.jpg 768w, https:\/\/moikk.hu\/wp-content\/uploads\/2021\/10\/7.-Udvozlo-vers-Balogh-Marta-szaval-1292x1536.jpg 1292w, https:\/\/moikk.hu\/wp-content\/uploads\/2021\/10\/7.-Udvozlo-vers-Balogh-Marta-szaval-1723x2048.jpg 1723w, https:\/\/moikk.hu\/wp-content\/uploads\/2021\/10\/7.-Udvozlo-vers-Balogh-Marta-szaval-300x357.jpg 300w, https:\/\/moikk.hu\/wp-content\/uploads\/2021\/10\/7.-Udvozlo-vers-Balogh-Marta-szaval-850x1010.jpg 850w\" sizes=\"auto, (max-width: 862px) 100vw, 862px\" \/><\/figure><\/li><\/ul><figcaption class=\"blocks-gallery-caption\"><strong>\u00dcdv\u00f6zl\u0151 vers, Balogh M\u00e1rta szaval<\/strong><\/figcaption><\/figure>\n<\/div>\n\n\n\n<div class=\"wp-block-column is-layout-flow wp-block-column-is-layout-flow\">\n<figure class=\"wp-block-gallery columns-1 is-cropped wp-block-gallery-8 is-layout-flex wp-block-gallery-is-layout-flex\"><ul class=\"blocks-gallery-grid\"><li class=\"blocks-gallery-item\"><figure><img loading=\"lazy\" decoding=\"async\" width=\"191\" height=\"300\" src=\"https:\/\/moikk.hu\/wp-content\/uploads\/2021\/10\/8.-Szivhez-szol-Dr.-Gulyas-Katalin-verse-191x300.jpg\" alt=\"\" data-id=\"927\" data-full-url=\"https:\/\/moikk.hu\/wp-content\/uploads\/2021\/10\/8.-Szivhez-szol-Dr.-Gulyas-Katalin-verse-scaled.jpg\" data-link=\"https:\/\/moikk.hu\/index.php\/koszontes\/8-szivhez-szol-dr-gulyas-katalin-verse\/\" class=\"wp-image-927\" srcset=\"https:\/\/moikk.hu\/wp-content\/uploads\/2021\/10\/8.-Szivhez-szol-Dr.-Gulyas-Katalin-verse-191x300.jpg 191w, https:\/\/moikk.hu\/wp-content\/uploads\/2021\/10\/8.-Szivhez-szol-Dr.-Gulyas-Katalin-verse-650x1024.jpg 650w, https:\/\/moikk.hu\/wp-content\/uploads\/2021\/10\/8.-Szivhez-szol-Dr.-Gulyas-Katalin-verse-768x1209.jpg 768w, https:\/\/moikk.hu\/wp-content\/uploads\/2021\/10\/8.-Szivhez-szol-Dr.-Gulyas-Katalin-verse-975x1536.jpg 975w, https:\/\/moikk.hu\/wp-content\/uploads\/2021\/10\/8.-Szivhez-szol-Dr.-Gulyas-Katalin-verse-1301x2048.jpg 1301w, https:\/\/moikk.hu\/wp-content\/uploads\/2021\/10\/8.-Szivhez-szol-Dr.-Gulyas-Katalin-verse-300x472.jpg 300w, https:\/\/moikk.hu\/wp-content\/uploads\/2021\/10\/8.-Szivhez-szol-Dr.-Gulyas-Katalin-verse-850x1338.jpg 850w, https:\/\/moikk.hu\/wp-content\/uploads\/2021\/10\/8.-Szivhez-szol-Dr.-Gulyas-Katalin-verse-scaled.jpg 1626w\" sizes=\"auto, (max-width: 191px) 100vw, 191px\" \/><\/figure><\/li><\/ul><figcaption class=\"blocks-gallery-caption\"><strong>Sz\u00edvhez sz\u00f3l Dr. Guly\u00e1s Katalin verse<\/strong><\/figcaption><\/figure>\n<\/div>\n<\/div>\n\n\n\n<div class=\"wp-block-columns alignwide is-layout-flex wp-container-core-columns-is-layout-9d6595d7 wp-block-columns-is-layout-flex\">\n<div class=\"wp-block-column is-layout-flow wp-block-column-is-layout-flow\">\n<figure class=\"wp-block-gallery columns-1 is-cropped wp-block-gallery-9 is-layout-flex wp-block-gallery-is-layout-flex\"><ul class=\"blocks-gallery-grid\"><li class=\"blocks-gallery-item\"><figure><img loading=\"lazy\" decoding=\"async\" width=\"1024\" height=\"768\" src=\"https:\/\/moikk.hu\/wp-content\/uploads\/2021\/10\/10.-Matkovich-Ilona-pm.-Palmai-Tamas-Dr.Bozso-Zoltanne-igazg.-2-1024x768.jpg\" alt=\"\" data-id=\"928\" data-full-url=\"https:\/\/moikk.hu\/wp-content\/uploads\/2021\/10\/10.-Matkovich-Ilona-pm.-Palmai-Tamas-Dr.Bozso-Zoltanne-igazg.-2.jpg\" data-link=\"https:\/\/moikk.hu\/index.php\/koszontes\/10-matkovich-ilona-pm-palmai-tamas-dr-bozso-zoltanne-igazg-2\/\" class=\"wp-image-928\" srcset=\"https:\/\/moikk.hu\/wp-content\/uploads\/2021\/10\/10.-Matkovich-Ilona-pm.-Palmai-Tamas-Dr.Bozso-Zoltanne-igazg.-2-1024x768.jpg 1024w, https:\/\/moikk.hu\/wp-content\/uploads\/2021\/10\/10.-Matkovich-Ilona-pm.-Palmai-Tamas-Dr.Bozso-Zoltanne-igazg.-2-300x225.jpg 300w, https:\/\/moikk.hu\/wp-content\/uploads\/2021\/10\/10.-Matkovich-Ilona-pm.-Palmai-Tamas-Dr.Bozso-Zoltanne-igazg.-2-768x576.jpg 768w, https:\/\/moikk.hu\/wp-content\/uploads\/2021\/10\/10.-Matkovich-Ilona-pm.-Palmai-Tamas-Dr.Bozso-Zoltanne-igazg.-2-1536x1152.jpg 1536w, https:\/\/moikk.hu\/wp-content\/uploads\/2021\/10\/10.-Matkovich-Ilona-pm.-Palmai-Tamas-Dr.Bozso-Zoltanne-igazg.-2-2048x1536.jpg 2048w, https:\/\/moikk.hu\/wp-content\/uploads\/2021\/10\/10.-Matkovich-Ilona-pm.-Palmai-Tamas-Dr.Bozso-Zoltanne-igazg.-2-850x638.jpg 850w\" sizes=\"auto, (max-width: 1024px) 100vw, 1024px\" \/><\/figure><\/li><\/ul><figcaption class=\"blocks-gallery-caption\"><strong>Matkovich Ilona polg\u00e1rmester, Dr. P\u00e1lmai Tam\u00e1s aleln\u00f6k, Dr. Bozs\u00f3 Zolt\u00e1nn\u00e9 igazgat\u00f3<\/strong><\/figcaption><\/figure>\n<\/div>\n\n\n\n<div class=\"wp-block-column is-layout-flow wp-block-column-is-layout-flow\">\n<figure class=\"wp-block-gallery columns-1 is-cropped wp-block-gallery-10 is-layout-flex wp-block-gallery-is-layout-flex\"><ul class=\"blocks-gallery-grid\"><li class=\"blocks-gallery-item\"><figure><img loading=\"lazy\" decoding=\"async\" width=\"250\" height=\"300\" src=\"https:\/\/moikk.hu\/wp-content\/uploads\/2021\/10\/12.-Nemeth-Nyiba-Sandor-Laczi-Sarolta-MIMK-igazg.-Misz-Irisz-2-250x300.jpg\" alt=\"\" data-id=\"929\" data-full-url=\"https:\/\/moikk.hu\/wp-content\/uploads\/2021\/10\/12.-Nemeth-Nyiba-Sandor-Laczi-Sarolta-MIMK-igazg.-Misz-Irisz-2.jpg\" data-link=\"https:\/\/moikk.hu\/index.php\/koszontes\/12-nemeth-nyiba-sandor-laczi-sarolta-mimk-igazg-misz-irisz-2\/\" class=\"wp-image-929\" srcset=\"https:\/\/moikk.hu\/wp-content\/uploads\/2021\/10\/12.-Nemeth-Nyiba-Sandor-Laczi-Sarolta-MIMK-igazg.-Misz-Irisz-2-250x300.jpg 250w, https:\/\/moikk.hu\/wp-content\/uploads\/2021\/10\/12.-Nemeth-Nyiba-Sandor-Laczi-Sarolta-MIMK-igazg.-Misz-Irisz-2-852x1024.jpg 852w, https:\/\/moikk.hu\/wp-content\/uploads\/2021\/10\/12.-Nemeth-Nyiba-Sandor-Laczi-Sarolta-MIMK-igazg.-Misz-Irisz-2-768x923.jpg 768w, https:\/\/moikk.hu\/wp-content\/uploads\/2021\/10\/12.-Nemeth-Nyiba-Sandor-Laczi-Sarolta-MIMK-igazg.-Misz-Irisz-2-300x361.jpg 300w, https:\/\/moikk.hu\/wp-content\/uploads\/2021\/10\/12.-Nemeth-Nyiba-Sandor-Laczi-Sarolta-MIMK-igazg.-Misz-Irisz-2-850x1022.jpg 850w, https:\/\/moikk.hu\/wp-content\/uploads\/2021\/10\/12.-Nemeth-Nyiba-Sandor-Laczi-Sarolta-MIMK-igazg.-Misz-Irisz-2.jpg 1248w\" sizes=\"auto, (max-width: 250px) 100vw, 250px\" \/><\/figure><\/li><\/ul><figcaption class=\"blocks-gallery-caption\"><strong>N\u00e9meth Nyiba S\u00e1ndor, Laczi Sarolta MIMK igazgat\u00f3, Misz \u00cdrisz<\/strong><\/figcaption><\/figure>\n<\/div>\n<\/div>\n\n\n\n<div class=\"wp-block-columns is-layout-flex wp-container-core-columns-is-layout-9d6595d7 wp-block-columns-is-layout-flex\">\n<div class=\"wp-block-column is-layout-flow wp-block-column-is-layout-flow\">\n<figure class=\"wp-block-gallery columns-1 is-cropped wp-block-gallery-11 is-layout-flex wp-block-gallery-is-layout-flex\"><ul class=\"blocks-gallery-grid\"><li class=\"blocks-gallery-item\"><figure><img loading=\"lazy\" decoding=\"async\" width=\"974\" height=\"1024\" src=\"https:\/\/moikk.hu\/wp-content\/uploads\/2021\/10\/11.Matkovich-Ilona-sajat-konyveit-ajandekozza-az-elnoknek-3-974x1024.jpg\" alt=\"\" data-id=\"930\" data-full-url=\"https:\/\/moikk.hu\/wp-content\/uploads\/2021\/10\/11.Matkovich-Ilona-sajat-konyveit-ajandekozza-az-elnoknek-3-scaled.jpg\" data-link=\"https:\/\/moikk.hu\/index.php\/koszontes\/11-matkovich-ilona-sajat-konyveit-ajandekozza-az-elnoknek-3\/\" class=\"wp-image-930\" srcset=\"https:\/\/moikk.hu\/wp-content\/uploads\/2021\/10\/11.Matkovich-Ilona-sajat-konyveit-ajandekozza-az-elnoknek-3-974x1024.jpg 974w, https:\/\/moikk.hu\/wp-content\/uploads\/2021\/10\/11.Matkovich-Ilona-sajat-konyveit-ajandekozza-az-elnoknek-3-285x300.jpg 285w, https:\/\/moikk.hu\/wp-content\/uploads\/2021\/10\/11.Matkovich-Ilona-sajat-konyveit-ajandekozza-az-elnoknek-3-768x807.jpg 768w, https:\/\/moikk.hu\/wp-content\/uploads\/2021\/10\/11.Matkovich-Ilona-sajat-konyveit-ajandekozza-az-elnoknek-3-1461x1536.jpg 1461w, https:\/\/moikk.hu\/wp-content\/uploads\/2021\/10\/11.Matkovich-Ilona-sajat-konyveit-ajandekozza-az-elnoknek-3-1948x2048.jpg 1948w, https:\/\/moikk.hu\/wp-content\/uploads\/2021\/10\/11.Matkovich-Ilona-sajat-konyveit-ajandekozza-az-elnoknek-3-300x315.jpg 300w, https:\/\/moikk.hu\/wp-content\/uploads\/2021\/10\/11.Matkovich-Ilona-sajat-konyveit-ajandekozza-az-elnoknek-3-850x893.jpg 850w\" sizes=\"auto, (max-width: 974px) 100vw, 974px\" \/><\/figure><\/li><\/ul><figcaption class=\"blocks-gallery-caption\"><strong>Matkovich Ilona saj\u00e1t k\u00f6nyveit aj\u00e1nd\u00e9kozza az eln\u00f6knek<\/strong><\/figcaption><\/figure>\n<\/div>\n\n\n\n<div class=\"wp-block-column is-layout-flow wp-block-column-is-layout-flow\">\n<figure class=\"wp-block-gallery columns-1 is-cropped wp-block-gallery-12 is-layout-flex wp-block-gallery-is-layout-flex\"><ul class=\"blocks-gallery-grid\"><li class=\"blocks-gallery-item\"><figure><img loading=\"lazy\" decoding=\"async\" width=\"225\" height=\"300\" src=\"https:\/\/moikk.hu\/wp-content\/uploads\/2021\/10\/13.-Dr.-Fabinyi-Orsolya-rezidens-225x300.jpg\" alt=\"\" data-id=\"931\" data-full-url=\"https:\/\/moikk.hu\/wp-content\/uploads\/2021\/10\/13.-Dr.-Fabinyi-Orsolya-rezidens-scaled.jpg\" data-link=\"https:\/\/moikk.hu\/index.php\/koszontes\/13-dr-fabinyi-orsolya-rezidens\/\" class=\"wp-image-931\" srcset=\"https:\/\/moikk.hu\/wp-content\/uploads\/2021\/10\/13.-Dr.-Fabinyi-Orsolya-rezidens-225x300.jpg 225w, https:\/\/moikk.hu\/wp-content\/uploads\/2021\/10\/13.-Dr.-Fabinyi-Orsolya-rezidens-768x1024.jpg 768w, https:\/\/moikk.hu\/wp-content\/uploads\/2021\/10\/13.-Dr.-Fabinyi-Orsolya-rezidens-1152x1536.jpg 1152w, https:\/\/moikk.hu\/wp-content\/uploads\/2021\/10\/13.-Dr.-Fabinyi-Orsolya-rezidens-1536x2048.jpg 1536w, https:\/\/moikk.hu\/wp-content\/uploads\/2021\/10\/13.-Dr.-Fabinyi-Orsolya-rezidens-300x400.jpg 300w, https:\/\/moikk.hu\/wp-content\/uploads\/2021\/10\/13.-Dr.-Fabinyi-Orsolya-rezidens-850x1133.jpg 850w, https:\/\/moikk.hu\/wp-content\/uploads\/2021\/10\/13.-Dr.-Fabinyi-Orsolya-rezidens-scaled.jpg 1920w\" sizes=\"auto, (max-width: 225px) 100vw, 225px\" \/><\/figure><\/li><\/ul><figcaption class=\"blocks-gallery-caption\"><strong>Az \u00faj tagok:<\/strong> <em>Dr. Fabinyi Orsolya, rezidens<\/em><\/figcaption><\/figure>\n<\/div>\n<\/div>\n\n\n\n<div class=\"wp-block-columns is-layout-flex wp-container-core-columns-is-layout-9d6595d7 wp-block-columns-is-layout-flex\">\n<div class=\"wp-block-column is-layout-flow wp-block-column-is-layout-flow\">\n<figure class=\"wp-block-gallery columns-1 is-cropped wp-block-gallery-13 is-layout-flex wp-block-gallery-is-layout-flex\"><ul class=\"blocks-gallery-grid\"><li class=\"blocks-gallery-item\"><figure><img loading=\"lazy\" decoding=\"async\" width=\"768\" height=\"1024\" src=\"https:\/\/moikk.hu\/wp-content\/uploads\/2021\/10\/14.-Dr.-Gerencser-Emoke-ful-orr-gegesz-768x1024.jpg\" alt=\"\" data-id=\"932\" data-full-url=\"https:\/\/moikk.hu\/wp-content\/uploads\/2021\/10\/14.-Dr.-Gerencser-Emoke-ful-orr-gegesz-scaled.jpg\" data-link=\"https:\/\/moikk.hu\/index.php\/koszontes\/14-dr-gerencser-emoke-ful-orr-gegesz\/\" class=\"wp-image-932\" srcset=\"https:\/\/moikk.hu\/wp-content\/uploads\/2021\/10\/14.-Dr.-Gerencser-Emoke-ful-orr-gegesz-768x1024.jpg 768w, https:\/\/moikk.hu\/wp-content\/uploads\/2021\/10\/14.-Dr.-Gerencser-Emoke-ful-orr-gegesz-225x300.jpg 225w, https:\/\/moikk.hu\/wp-content\/uploads\/2021\/10\/14.-Dr.-Gerencser-Emoke-ful-orr-gegesz-1152x1536.jpg 1152w, https:\/\/moikk.hu\/wp-content\/uploads\/2021\/10\/14.-Dr.-Gerencser-Emoke-ful-orr-gegesz-1536x2048.jpg 1536w, https:\/\/moikk.hu\/wp-content\/uploads\/2021\/10\/14.-Dr.-Gerencser-Emoke-ful-orr-gegesz-300x400.jpg 300w, https:\/\/moikk.hu\/wp-content\/uploads\/2021\/10\/14.-Dr.-Gerencser-Emoke-ful-orr-gegesz-850x1133.jpg 850w, https:\/\/moikk.hu\/wp-content\/uploads\/2021\/10\/14.-Dr.-Gerencser-Emoke-ful-orr-gegesz-scaled.jpg 1920w\" sizes=\"auto, (max-width: 768px) 100vw, 768px\" \/><\/figure><\/li><\/ul><figcaption class=\"blocks-gallery-caption\"><em>Dr. Gerencs\u00e9r Em\u0151ke f\u00fcl-orr-g\u00e9g\u00e9sz<\/em><\/figcaption><\/figure>\n<\/div>\n\n\n\n<div class=\"wp-block-column is-layout-flow wp-block-column-is-layout-flow\">\n<figure class=\"wp-block-gallery columns-1 is-cropped wp-block-gallery-14 is-layout-flex wp-block-gallery-is-layout-flex\"><ul class=\"blocks-gallery-grid\"><li class=\"blocks-gallery-item\"><figure><img loading=\"lazy\" decoding=\"async\" width=\"1024\" height=\"768\" src=\"https:\/\/moikk.hu\/wp-content\/uploads\/2021\/10\/15.-Dr.-Wilhelm-Otto-gyermekgyogy.-1024x768.jpg\" alt=\"\" data-id=\"933\" data-full-url=\"https:\/\/moikk.hu\/wp-content\/uploads\/2021\/10\/15.-Dr.-Wilhelm-Otto-gyermekgyogy.-scaled.jpg\" data-link=\"https:\/\/moikk.hu\/index.php\/koszontes\/15-dr-wilhelm-otto-gyermekgyogy\/\" class=\"wp-image-933\" srcset=\"https:\/\/moikk.hu\/wp-content\/uploads\/2021\/10\/15.-Dr.-Wilhelm-Otto-gyermekgyogy.-1024x768.jpg 1024w, https:\/\/moikk.hu\/wp-content\/uploads\/2021\/10\/15.-Dr.-Wilhelm-Otto-gyermekgyogy.-300x225.jpg 300w, https:\/\/moikk.hu\/wp-content\/uploads\/2021\/10\/15.-Dr.-Wilhelm-Otto-gyermekgyogy.-768x576.jpg 768w, https:\/\/moikk.hu\/wp-content\/uploads\/2021\/10\/15.-Dr.-Wilhelm-Otto-gyermekgyogy.-1536x1152.jpg 1536w, https:\/\/moikk.hu\/wp-content\/uploads\/2021\/10\/15.-Dr.-Wilhelm-Otto-gyermekgyogy.-2048x1536.jpg 2048w, https:\/\/moikk.hu\/wp-content\/uploads\/2021\/10\/15.-Dr.-Wilhelm-Otto-gyermekgyogy.-850x638.jpg 850w\" sizes=\"auto, (max-width: 1024px) 100vw, 1024px\" \/><\/figure><\/li><\/ul><figcaption class=\"blocks-gallery-caption\"><em>Dr. Wilhelm Ott\u00f3 gyermekgy\u00f3gy\u00e1sz<\/em><\/figcaption><\/figure>\n<\/div>\n<\/div>\n\n\n\n<div class=\"wp-block-columns is-layout-flex wp-container-core-columns-is-layout-9d6595d7 wp-block-columns-is-layout-flex\">\n<div class=\"wp-block-column is-layout-flow wp-block-column-is-layout-flow\">\n<figure class=\"wp-block-gallery columns-1 is-cropped wp-block-gallery-15 is-layout-flex wp-block-gallery-is-layout-flex\"><ul class=\"blocks-gallery-grid\"><li class=\"blocks-gallery-item\"><figure><img loading=\"lazy\" decoding=\"async\" width=\"803\" height=\"1024\" src=\"https:\/\/moikk.hu\/wp-content\/uploads\/2021\/10\/16.-Dr.-Somogyi-Eva-kardiologus-803x1024.jpg\" alt=\"\" data-id=\"934\" data-full-url=\"https:\/\/moikk.hu\/wp-content\/uploads\/2021\/10\/16.-Dr.-Somogyi-Eva-kardiologus-scaled.jpg\" data-link=\"https:\/\/moikk.hu\/index.php\/koszontes\/16-dr-somogyi-eva-kardiologus\/\" class=\"wp-image-934\" srcset=\"https:\/\/moikk.hu\/wp-content\/uploads\/2021\/10\/16.-Dr.-Somogyi-Eva-kardiologus-803x1024.jpg 803w, https:\/\/moikk.hu\/wp-content\/uploads\/2021\/10\/16.-Dr.-Somogyi-Eva-kardiologus-235x300.jpg 235w, https:\/\/moikk.hu\/wp-content\/uploads\/2021\/10\/16.-Dr.-Somogyi-Eva-kardiologus-768x979.jpg 768w, https:\/\/moikk.hu\/wp-content\/uploads\/2021\/10\/16.-Dr.-Somogyi-Eva-kardiologus-1205x1536.jpg 1205w, https:\/\/moikk.hu\/wp-content\/uploads\/2021\/10\/16.-Dr.-Somogyi-Eva-kardiologus-1607x2048.jpg 1607w, https:\/\/moikk.hu\/wp-content\/uploads\/2021\/10\/16.-Dr.-Somogyi-Eva-kardiologus-300x382.jpg 300w, https:\/\/moikk.hu\/wp-content\/uploads\/2021\/10\/16.-Dr.-Somogyi-Eva-kardiologus-850x1083.jpg 850w, https:\/\/moikk.hu\/wp-content\/uploads\/2021\/10\/16.-Dr.-Somogyi-Eva-kardiologus-scaled.jpg 2008w\" sizes=\"auto, (max-width: 803px) 100vw, 803px\" \/><\/figure><\/li><\/ul><figcaption class=\"blocks-gallery-caption\"><em>Dr. Somogyi \u00c9va kardiol\u00f3gus<\/em><\/figcaption><\/figure>\n<\/div>\n\n\n\n<div class=\"wp-block-column is-layout-flow wp-block-column-is-layout-flow\">\n<figure class=\"wp-block-gallery columns-1 is-cropped wp-block-gallery-16 is-layout-flex wp-block-gallery-is-layout-flex\"><ul class=\"blocks-gallery-grid\"><li class=\"blocks-gallery-item\"><figure><img loading=\"lazy\" decoding=\"async\" width=\"768\" height=\"1024\" src=\"https:\/\/moikk.hu\/wp-content\/uploads\/2021\/10\/17.-Dr.-Szuromi-Pal-pszichiater-768x1024.jpg\" alt=\"\" data-id=\"935\" data-full-url=\"https:\/\/moikk.hu\/wp-content\/uploads\/2021\/10\/17.-Dr.-Szuromi-Pal-pszichiater-scaled.jpg\" data-link=\"https:\/\/moikk.hu\/index.php\/koszontes\/17-dr-szuromi-pal-pszichiater\/\" class=\"wp-image-935\" srcset=\"https:\/\/moikk.hu\/wp-content\/uploads\/2021\/10\/17.-Dr.-Szuromi-Pal-pszichiater-768x1024.jpg 768w, https:\/\/moikk.hu\/wp-content\/uploads\/2021\/10\/17.-Dr.-Szuromi-Pal-pszichiater-225x300.jpg 225w, https:\/\/moikk.hu\/wp-content\/uploads\/2021\/10\/17.-Dr.-Szuromi-Pal-pszichiater-1152x1536.jpg 1152w, https:\/\/moikk.hu\/wp-content\/uploads\/2021\/10\/17.-Dr.-Szuromi-Pal-pszichiater-1536x2048.jpg 1536w, https:\/\/moikk.hu\/wp-content\/uploads\/2021\/10\/17.-Dr.-Szuromi-Pal-pszichiater-300x400.jpg 300w, https:\/\/moikk.hu\/wp-content\/uploads\/2021\/10\/17.-Dr.-Szuromi-Pal-pszichiater-850x1133.jpg 850w, https:\/\/moikk.hu\/wp-content\/uploads\/2021\/10\/17.-Dr.-Szuromi-Pal-pszichiater-scaled.jpg 1920w\" sizes=\"auto, (max-width: 768px) 100vw, 768px\" \/><\/figure><\/li><\/ul><figcaption class=\"blocks-gallery-caption\"><em>Dr. Szuromi P\u00e1l pszichi\u00e1ter<\/em><\/figcaption><\/figure>\n<\/div>\n<\/div>\n\n\n\n<div class=\"wp-block-columns is-layout-flex wp-container-core-columns-is-layout-9d6595d7 wp-block-columns-is-layout-flex\">\n<div class=\"wp-block-column is-layout-flow wp-block-column-is-layout-flow\">\n<figure class=\"wp-block-gallery columns-1 is-cropped wp-block-gallery-17 is-layout-flex wp-block-gallery-is-layout-flex\"><ul class=\"blocks-gallery-grid\"><li class=\"blocks-gallery-item\"><figure><img loading=\"lazy\" decoding=\"async\" width=\"768\" height=\"1024\" src=\"https:\/\/moikk.hu\/wp-content\/uploads\/2021\/10\/18.-Dr.-Kovats-Zoltan-es-Marics-Katalin-fogorvos-szajhig.assziszt.-2-768x1024.jpg\" alt=\"\" data-id=\"936\" data-full-url=\"https:\/\/moikk.hu\/wp-content\/uploads\/2021\/10\/18.-Dr.-Kovats-Zoltan-es-Marics-Katalin-fogorvos-szajhig.assziszt.-2-scaled.jpg\" data-link=\"https:\/\/moikk.hu\/index.php\/koszontes\/18-dr-kovats-zoltan-es-marics-katalin-fogorvos-szajhig-assziszt-2\/\" class=\"wp-image-936\" srcset=\"https:\/\/moikk.hu\/wp-content\/uploads\/2021\/10\/18.-Dr.-Kovats-Zoltan-es-Marics-Katalin-fogorvos-szajhig.assziszt.-2-768x1024.jpg 768w, https:\/\/moikk.hu\/wp-content\/uploads\/2021\/10\/18.-Dr.-Kovats-Zoltan-es-Marics-Katalin-fogorvos-szajhig.assziszt.-2-225x300.jpg 225w, https:\/\/moikk.hu\/wp-content\/uploads\/2021\/10\/18.-Dr.-Kovats-Zoltan-es-Marics-Katalin-fogorvos-szajhig.assziszt.-2-1152x1536.jpg 1152w, https:\/\/moikk.hu\/wp-content\/uploads\/2021\/10\/18.-Dr.-Kovats-Zoltan-es-Marics-Katalin-fogorvos-szajhig.assziszt.-2-1536x2048.jpg 1536w, https:\/\/moikk.hu\/wp-content\/uploads\/2021\/10\/18.-Dr.-Kovats-Zoltan-es-Marics-Katalin-fogorvos-szajhig.assziszt.-2-300x400.jpg 300w, https:\/\/moikk.hu\/wp-content\/uploads\/2021\/10\/18.-Dr.-Kovats-Zoltan-es-Marics-Katalin-fogorvos-szajhig.assziszt.-2-850x1133.jpg 850w, https:\/\/moikk.hu\/wp-content\/uploads\/2021\/10\/18.-Dr.-Kovats-Zoltan-es-Marics-Katalin-fogorvos-szajhig.assziszt.-2-scaled.jpg 1920w\" sizes=\"auto, (max-width: 768px) 100vw, 768px\" \/><\/figure><\/li><\/ul><figcaption class=\"blocks-gallery-caption\"><em>Dr. Kov\u00e1ts Zolt\u00e1n <em>fogorvos<\/em><\/em> <em>\u00e9s Kov\u00e1tsn\u00e9 Marics Katalin fog.- sz\u00e1jhig. asszisztens<\/em><\/figcaption><\/figure>\n\n\n\n<p><\/p>\n<\/div>\n\n\n\n<div class=\"wp-block-column is-layout-flow wp-block-column-is-layout-flow\">\n<figure class=\"wp-block-gallery columns-1 is-cropped wp-block-gallery-18 is-layout-flex wp-block-gallery-is-layout-flex\"><ul class=\"blocks-gallery-grid\"><li class=\"blocks-gallery-item\"><figure><img loading=\"lazy\" decoding=\"async\" width=\"768\" height=\"1024\" src=\"https:\/\/moikk.hu\/wp-content\/uploads\/2021\/10\/19.-Dr.-Tihanyi-Agnes-reumat.-radiol.-768x1024.jpg\" alt=\"\" data-id=\"937\" data-full-url=\"https:\/\/moikk.hu\/wp-content\/uploads\/2021\/10\/19.-Dr.-Tihanyi-Agnes-reumat.-radiol.-scaled.jpg\" data-link=\"https:\/\/moikk.hu\/index.php\/koszontes\/19-dr-tihanyi-agnes-reumat-radiol\/\" class=\"wp-image-937\" srcset=\"https:\/\/moikk.hu\/wp-content\/uploads\/2021\/10\/19.-Dr.-Tihanyi-Agnes-reumat.-radiol.-768x1024.jpg 768w, https:\/\/moikk.hu\/wp-content\/uploads\/2021\/10\/19.-Dr.-Tihanyi-Agnes-reumat.-radiol.-225x300.jpg 225w, https:\/\/moikk.hu\/wp-content\/uploads\/2021\/10\/19.-Dr.-Tihanyi-Agnes-reumat.-radiol.-1152x1536.jpg 1152w, https:\/\/moikk.hu\/wp-content\/uploads\/2021\/10\/19.-Dr.-Tihanyi-Agnes-reumat.-radiol.-1536x2048.jpg 1536w, https:\/\/moikk.hu\/wp-content\/uploads\/2021\/10\/19.-Dr.-Tihanyi-Agnes-reumat.-radiol.-300x400.jpg 300w, https:\/\/moikk.hu\/wp-content\/uploads\/2021\/10\/19.-Dr.-Tihanyi-Agnes-reumat.-radiol.-850x1133.jpg 850w, https:\/\/moikk.hu\/wp-content\/uploads\/2021\/10\/19.-Dr.-Tihanyi-Agnes-reumat.-radiol.-scaled.jpg 1921w\" sizes=\"auto, (max-width: 768px) 100vw, 768px\" \/><\/figure><\/li><\/ul><figcaption class=\"blocks-gallery-caption\"><em>Dr. Tihanyi \u00c1gnes reumat. radiol.<\/em><\/figcaption><\/figure>\n<\/div>\n<\/div>\n\n\n\n<div class=\"wp-block-columns is-layout-flex wp-container-core-columns-is-layout-9d6595d7 wp-block-columns-is-layout-flex\">\n<div class=\"wp-block-column is-layout-flow wp-block-column-is-layout-flow\">\n<figure class=\"wp-block-gallery columns-1 is-cropped wp-block-gallery-19 is-layout-flex wp-block-gallery-is-layout-flex\"><ul class=\"blocks-gallery-grid\"><li class=\"blocks-gallery-item\"><figure><img loading=\"lazy\" decoding=\"async\" width=\"300\" height=\"274\" src=\"https:\/\/moikk.hu\/wp-content\/uploads\/2021\/10\/19b.-Dr.-Wagner-Erzsebet-neurologus-300x274.jpg\" alt=\"\" data-id=\"941\" data-full-url=\"https:\/\/moikk.hu\/wp-content\/uploads\/2021\/10\/19b.-Dr.-Wagner-Erzsebet-neurologus.jpg\" data-link=\"https:\/\/moikk.hu\/index.php\/koszontes\/19b-dr-wagner-erzsebet-neurologus\/\" class=\"wp-image-941\" srcset=\"https:\/\/moikk.hu\/wp-content\/uploads\/2021\/10\/19b.-Dr.-Wagner-Erzsebet-neurologus-300x274.jpg 300w, https:\/\/moikk.hu\/wp-content\/uploads\/2021\/10\/19b.-Dr.-Wagner-Erzsebet-neurologus-1024x935.jpg 1024w, https:\/\/moikk.hu\/wp-content\/uploads\/2021\/10\/19b.-Dr.-Wagner-Erzsebet-neurologus-768x701.jpg 768w, https:\/\/moikk.hu\/wp-content\/uploads\/2021\/10\/19b.-Dr.-Wagner-Erzsebet-neurologus-850x776.jpg 850w, https:\/\/moikk.hu\/wp-content\/uploads\/2021\/10\/19b.-Dr.-Wagner-Erzsebet-neurologus.jpg 1478w\" sizes=\"auto, (max-width: 300px) 100vw, 300px\" \/><\/figure><\/li><\/ul><figcaption class=\"blocks-gallery-caption\"><em>Dr. Wagner Erzs\u00e9bet neorol\u00f3gus<\/em><\/figcaption><\/figure>\n<\/div>\n\n\n\n<div class=\"wp-block-column is-layout-flow wp-block-column-is-layout-flow\">\n<figure class=\"wp-block-gallery columns-1 is-cropped wp-block-gallery-20 is-layout-flex wp-block-gallery-is-layout-flex\"><ul class=\"blocks-gallery-grid\"><li class=\"blocks-gallery-item\"><figure><img loading=\"lazy\" decoding=\"async\" width=\"130\" height=\"300\" src=\"https:\/\/moikk.hu\/wp-content\/uploads\/2021\/10\/19a.-Kopocsy-Judit-festomuvesz-130x300.jpg\" alt=\"\" data-id=\"942\" data-full-url=\"https:\/\/moikk.hu\/wp-content\/uploads\/2021\/10\/19a.-Kopocsy-Judit-festomuvesz.jpg\" data-link=\"https:\/\/moikk.hu\/index.php\/koszontes\/19a-kopocsy-judit-festomuvesz\/\" class=\"wp-image-942\" srcset=\"https:\/\/moikk.hu\/wp-content\/uploads\/2021\/10\/19a.-Kopocsy-Judit-festomuvesz-130x300.jpg 130w, https:\/\/moikk.hu\/wp-content\/uploads\/2021\/10\/19a.-Kopocsy-Judit-festomuvesz-445x1024.jpg 445w, https:\/\/moikk.hu\/wp-content\/uploads\/2021\/10\/19a.-Kopocsy-Judit-festomuvesz-768x1767.jpg 768w, https:\/\/moikk.hu\/wp-content\/uploads\/2021\/10\/19a.-Kopocsy-Judit-festomuvesz-668x1536.jpg 668w, https:\/\/moikk.hu\/wp-content\/uploads\/2021\/10\/19a.-Kopocsy-Judit-festomuvesz-890x2048.jpg 890w, https:\/\/moikk.hu\/wp-content\/uploads\/2021\/10\/19a.-Kopocsy-Judit-festomuvesz-300x690.jpg 300w, https:\/\/moikk.hu\/wp-content\/uploads\/2021\/10\/19a.-Kopocsy-Judit-festomuvesz-850x1956.jpg 850w, https:\/\/moikk.hu\/wp-content\/uploads\/2021\/10\/19a.-Kopocsy-Judit-festomuvesz.jpg 1021w\" sizes=\"auto, (max-width: 130px) 100vw, 130px\" \/><\/figure><\/li><\/ul><figcaption class=\"blocks-gallery-caption\"><em>Kop\u00f3csy Judit fest\u0151m\u0171v\u00e9sz<\/em>, m\u0171v\u00e9szettherapeuta<\/figcaption><\/figure>\n<\/div>\n<\/div>\n\n\n\n<div class=\"wp-block-columns alignwide is-layout-flex wp-container-core-columns-is-layout-9d6595d7 wp-block-columns-is-layout-flex\">\n<div class=\"wp-block-column is-layout-flow wp-block-column-is-layout-flow\">\n<figure class=\"wp-block-gallery columns-1 is-cropped wp-block-gallery-21 is-layout-flex wp-block-gallery-is-layout-flex\"><ul class=\"blocks-gallery-grid\"><li class=\"blocks-gallery-item\"><figure><img loading=\"lazy\" decoding=\"async\" width=\"768\" height=\"1024\" src=\"https:\/\/moikk.hu\/wp-content\/uploads\/2021\/10\/20a.-Szitas-dr.-768x1024.jpg\" alt=\"\" data-id=\"943\" data-full-url=\"https:\/\/moikk.hu\/wp-content\/uploads\/2021\/10\/20a.-Szitas-dr.-scaled.jpg\" data-link=\"https:\/\/moikk.hu\/index.php\/koszontes\/20a-szitas-dr\/\" class=\"wp-image-943\" srcset=\"https:\/\/moikk.hu\/wp-content\/uploads\/2021\/10\/20a.-Szitas-dr.-768x1024.jpg 768w, https:\/\/moikk.hu\/wp-content\/uploads\/2021\/10\/20a.-Szitas-dr.-225x300.jpg 225w, https:\/\/moikk.hu\/wp-content\/uploads\/2021\/10\/20a.-Szitas-dr.-1152x1536.jpg 1152w, https:\/\/moikk.hu\/wp-content\/uploads\/2021\/10\/20a.-Szitas-dr.-1536x2048.jpg 1536w, https:\/\/moikk.hu\/wp-content\/uploads\/2021\/10\/20a.-Szitas-dr.-300x400.jpg 300w, https:\/\/moikk.hu\/wp-content\/uploads\/2021\/10\/20a.-Szitas-dr.-850x1133.jpg 850w, https:\/\/moikk.hu\/wp-content\/uploads\/2021\/10\/20a.-Szitas-dr.-scaled.jpg 1920w\" sizes=\"auto, (max-width: 768px) 100vw, 768px\" \/><\/figure><\/li><\/ul><figcaption class=\"blocks-gallery-caption\"><em>Dr. Szit\u00e1s J\u00f3zsef k\u00f6zgazd\u00e1sz, tiszteletbeli tag<\/em><\/figcaption><\/figure>\n<\/div>\n\n\n\n<div class=\"wp-block-column is-layout-flow wp-block-column-is-layout-flow\"><\/div>\n<\/div>\n<\/div><\/div>\n","protected":false},"excerpt":{"rendered":"","protected":false},"author":1,"featured_media":0,"parent":0,"menu_order":0,"comment_status":"closed","ping_status":"closed","template":"","meta":{"footnotes":""},"class_list":["post-908","page","type-page","status-publish","hentry"],"_links":{"self":[{"href":"https:\/\/moikk.hu\/index.php\/wp-json\/wp\/v2\/pages\/908","targetHints":{"allow":["GET"]}}],"collection":[{"href":"https:\/\/moikk.hu\/index.php\/wp-json\/wp\/v2\/pages"}],"about":[{"href":"https:\/\/moikk.hu\/index.php\/wp-json\/wp\/v2\/types\/page"}],"author":[{"embeddable":true,"href":"https:\/\/moikk.hu\/index.php\/wp-json\/wp\/v2\/users\/1"}],"replies":[{"embeddable":true,"href":"https:\/\/moikk.hu\/index.php\/wp-json\/wp\/v2\/comments?post=908"}],"version-history":[{"count":11,"href":"https:\/\/moikk.hu\/index.php\/wp-json\/wp\/v2\/pages\/908\/revisions"}],"predecessor-version":[{"id":1180,"href":"https:\/\/moikk.hu\/index.php\/wp-json\/wp\/v2\/pages\/908\/revisions\/1180"}],"wp:attachment":[{"href":"https:\/\/moikk.hu\/index.php\/wp-json\/wp\/v2\/media?parent=908"}],"curies":[{"name":"wp","href":"https:\/\/api.w.org\/{rel}","templated":true}]}}