{"id":652,"date":"2021-05-30T13:40:58","date_gmt":"2021-05-30T13:40:58","guid":{"rendered":"https:\/\/moikk.hu\/?page_id=652"},"modified":"2021-05-30T13:45:01","modified_gmt":"2021-05-30T13:45:01","slug":"dr-sarhegyi-jozsef-a-mokk-rovid-tortenete","status":"publish","type":"page","link":"https:\/\/moikk.hu\/index.php\/dr-sarhegyi-jozsef-a-mokk-rovid-tortenete\/","title":{"rendered":"Dr. S\u00e1rhegyi J\u00f3zsef: A MOKK r\u00f6vid t\u00f6rt\u00e9nete (1975 &#8211; 2020)"},"content":{"rendered":"\n<p>M\u00e1r az 1950-es \u00e9vek elej\u00e9n Debrecenben f\u00f6lvet\u0151d\u00f6tt a gondolat, hogy j\u00f3 lenne \u00f6sszefogni a m\u0171v\u00e9szetek ir\u00e1nt \u00e9rdekl\u0151d\u0151 orvosokat \u00e9s orvostanhallgat\u00f3kat. Err\u0151l <em>dr. Hankiss<\/em> <em>J\u00e1nos<\/em> sz\u00e1molt be a <em>Magyar Orvos\u00edr\u00f3k \u00e9s \u2013k\u00e9pz\u0151m\u0171v\u00e9szek K\u00f6re<\/em> (MOKK) 2001-ben megjelent XXV. \u00e9ves jubileumi antol\u00f3gi\u00e1j\u00e1ban. Ez abban a politikai rendszerben nem volt \u2013 nem lett volna \u2013 egyszer\u0171. A kezdeti l\u00f6k\u00e9st v\u00e9g\u00fcl is az adta meg, hogy dr. Hankiss J\u00e1nos az 1950-es \u00e9vek v\u00e9g\u00e9n az Orvosi Hetilapban r\u00e1bukkant <em>dr. Raffy \u00c1d\u00e1m<\/em> f\u0151orvos besz\u00e1mol\u00f3j\u00e1ra egy Franciaorsz\u00e1gban tartott orvos\u00edr\u00f3 \u00f6sszej\u00f6vetelr\u0151l.<\/p>\n\n\n\n<p>Azonnal megpr\u00f3b\u00e1lt kapcsolatba ker\u00fclni a f\u0151orvossal, de annak s\u00falyos betegs\u00e9ge miatt ez nem volt lehets\u00e9ges. Ezut\u00e1n Hankiss doktor f\u00f6lvette a kapcsolatot a francia orvos\u00edr\u00f3 sz\u00f6vets\u00e9ggel, illetve annak titk\u00e1r\u00e1val, <em>dr. Paul Noellel<\/em>. Megh\u00edvt\u00e1k \u0151t a k\u00f6vetkez\u0151 kongresszusukra. Ott megismerkedett sok k\u00fclf\u00f6ldi orvos m\u0171v\u00e9sszel, akik bar\u00e1tian fogadt\u00e1k a franci\u00e1ul j\u00f3l besz\u00e9l\u0151 koll\u00e9g\u00e1t. A kiutaz\u00e1s csak mag\u00e1n\u00fatk\u00e9nt volt lehets\u00e9ges, annak minden akkori neh\u00e9zs\u00e9g\u00e9vel. Ennek ellen\u00e9re m\u00e9g k\u00e9t-h\u00e1rom kongresszuson siker\u00fclt r\u00e9szt vennie. A k\u00fclf\u00f6ldi koll\u00e9g\u00e1k biztatt\u00e1k, hogy a magyar orvosok is hozzanak l\u00e9tre orvos\u00edr\u00f3 t\u00e1rsas\u00e1got. Ez azonban komoly akad\u00e1lyokba \u00fctk\u00f6z\u00f6tt az akkori felettes hat\u00f3s\u00e1gok r\u00e9sz\u00e9r\u0151l.<\/p>\n\n\n\n<p>1966-ban Debrecenben az Orvosi Ny\u00e1ri Egyetem keretein bel\u00fcl siker\u00fclt megrendezni az els\u0151 magyarorsz\u00e1gi nemzetk\u00f6zi orvos \u00edr\u00f3 kongresszust, mely nagy sikert aratott a r\u00e9sztvev\u0151k k\u00f6r\u00e9ben. A t\u00e9m\u00e1ja <em>Albert Schweizer<\/em> \u00e9lete \u00e9s munk\u00e1ss\u00e1ga volt. Az el\u0151ad\u00e1sok k\u00f6nyv alakban is megjelentek, mely szint\u00e9n nemzetk\u00f6zi siker lett.<\/p>\n\n\n\n<p>Ennek az elismer\u00e9snek is szerepe lett abban, hogy k\u00e9s\u0151bb m\u00e9g n\u00e9gy nemzetk\u00f6zi kongresszust tartottak Magyarorsz\u00e1gon, mint ahogy abban is, hogy <em>1970-ben dr. Hankiss J\u00e1nost a nemzetk\u00f6zi t\u00e1rsas\u00e1g a vezet\u0151s\u00e9g\u00e9nek tagjai sor\u00e1ba v\u00e1lasztotta.<\/em><\/p>\n\n\n\n<p>A debreceni kongresszuson vet\u0151d\u00f6tt fel az orvos\u00edr\u00f3 vil\u00e1gsz\u00f6vets\u00e9g alap\u00edt\u00e1s\u00e1nak gondolata. Egy \u00e9ven bel\u00fcl meg is alakult az Orvos\u00edr\u00f3k Vil\u00e1gsz\u00f6vets\u00e9ge (UNEM).<\/p>\n\n\n\n<p>A sikeres debreceni nemzetk\u00f6zi kongresszus ut\u00e1n dr. Hankiss J\u00e1nos folytatta k\u00eds\u00e9rleteit a magyar orvos\u00edr\u00f3 k\u00f6r megalak\u00edt\u00e1s\u00e1ra. Az itthoni hat\u00f3s\u00e1gok azonban rendre megakad\u00e1lyozt\u00e1k ezt.<\/p>\n\n\n\n<p><em>Dr. Kapronczay K\u00e1roly<\/em>, a Magyar Orvost\u00f6rt\u00e9nelmi T\u00e1rsas\u00e1g aleln\u00f6ke eml\u00e9kezete szerint a MOTESZ sem tudta felvenni a t\u00e1rsas\u00e1gai k\u00f6z\u00e9 azt orvos\u00edr\u00f3kat, mert az akkor \u00e9rv\u00e9nyes jogszab\u00e1ly erre nem adott lehet\u0151s\u00e9get. V\u00e9g\u00fcl a Magyar Orvost\u00f6rt\u00e9nelmi T\u00e1rsas\u00e1g akkori titk\u00e1r\u00e1val, <em>dr. Antall J\u00f3zseffel<\/em> val\u00f3 el\u0151zetes egyeztet\u00e9s ut\u00e1n a MOT k\u00f6zgy\u0171l\u00e9s\u00e9n <em><strong>1975. janu\u00e1r 31-\u00e9n <\/strong><\/em><em>dr.<\/em> <em>Hankiss J\u00e1nos<\/em> ism\u00e9t el\u0151vezette magyar orvos\u00edr\u00f3 t\u00e1rsas\u00e1g alap\u00edt\u00e1s\u00e1nak lehet\u0151s\u00e9g\u00e9t, arra is hivatkozva, hogy dr. Raffy f\u0151orvos magyar reprezent\u00e1nsk\u00e9nt el\u0151z\u0151leg m\u00e1r r\u00e9szt vett k\u00fclf\u00f6ldi orvos\u00edr\u00f3 kongresszusokon. A javaslatot szimp\u00e1ti\u00e1val fogadt\u00e1k \u00e9s felkarolt\u00e1k. <em>Dr. Schultheisz Emil<\/em> professzor, a MOT eln\u00f6ke \u00e9s <em>dr. Antall J\u00f3zsef f\u0151titk\u00e1r<\/em> azt javasolt\u00e1k, hogy ne \u00f6n\u00e1ll\u00f3 szervezetk\u00e9nt alakuljon meg az orvos\u00edr\u00f3 t\u00e1rsas\u00e1g, hanem a MOT egy \u00faj szekci\u00f3jak\u00e9nt. Ezt a m\u00f3dos\u00edt\u00e1st Hankiss doktor elfogadta, \u00e9s a k\u00f6zgy\u0171l\u00e9s megalap\u00edtotta a Magyar Orvost\u00f6rt\u00e9nelmi T\u00e1rsas\u00e1g IX. szekci\u00f3j\u00e1t, melyet <em>Magyar Orvos\u00edr\u00f3k K\u00f6r\u00e9nek<\/em> (MOK) neveztek.<\/p>\n\n\n\n<p>Dr. Hankiss J\u00e1nos szerint ezt az id\u0151pontot kell tekinteni a T\u00e1rsas\u00e1gunk megalap\u00edt\u00e1sa id\u0151pontj\u00e1nak, mely azonban gyakorlatilag a K\u00f6r els\u0151 kongresszus\u00e1n t\u00f6rt\u00e9nt meg. Ezt az \u00f6sszej\u00f6vetelt <em>1975. m\u00e1jus 31.- j\u00fanius 1.<\/em> k\u00f6z\u00f6tt tartott\u00e1k meg, Szombathelyen. Itt v\u00e1lasztottak vezet\u0151s\u00e9get \u00e9s dr. Hankiss J\u00e1nos szem\u00e9ly\u00e9ben eln\u00f6k\u00f6t, a jelenl\u00e9v\u0151k.<\/p>\n\n\n\n<p>Az alap\u00edt\u00f3lev\u00e9l val\u00f3sz\u00edn\u0171leg tiszt\u00e1zn\u00e1 ezt az ellentmond\u00e1st, de a Magyar Orvos\u00edr\u00f3k \u00e9s \u2013k\u00e9pz\u0151m\u0171v\u00e9szek K\u00f6re iratai k\u00f6z\u00f6tt nem tal\u00e1lhat\u00f3, az id\u0151k sor\u00e1n elkall\u00f3dott.<\/p>\n\n\n\n<p>A Magyar Orvos\u00edr\u00f3k K\u00f6re a megalap\u00edt\u00e1sa ut\u00e1n el\u00e9g hamar, a vil\u00e1g orvos\u00edr\u00f3i k\u00f6z\u00fcl els\u0151nek, befogadta \u2013 a Magyar Orvost\u00f6rt\u00e9nelmi T\u00e1rsas\u00e1g vezet\u0151s\u00e9g\u00e9nek \u00e9rtes\u00edt\u00e9se \u00e9s hozz\u00e1j\u00e1rul\u00e1sa n\u00e9lk\u00fcl \u2013 a k\u00e9pz\u0151m\u0171v\u00e9szeket. A hozz\u00e1j\u00e1rul\u00e1s ut\u00f3lagosan meg\u00e9rkezett <em>dr. Antall J\u00f3zseft\u0151l<\/em>, aki szemreh\u00e1ny\u00f3 level\u00e9ben meghat\u00e1rozta a K\u00f6r nev\u00e9t is:<\/p>\n\n\n\n<p><em>Magyar Orvos\u00edr\u00f3k \u00e9s -k\u00e9pz\u0151m\u0171v\u00e9szek K\u00f6re<\/em>, r\u00f6vid\u00edtve <em>MOKK<\/em>.<\/p>\n\n\n\n<p>Az alap\u00edt\u00e1s ut\u00e1n a tal\u00e1lkoz\u00f3k sorra k\u00f6vett\u00e9k egym\u00e1st Budapesten, Gy\u0151rben, Kisk\u00f6r\u00f6s\u00f6n, Kaposv\u00e1ron. Ezekr\u0151l <em>dr. Veress S\u00e1ndor<\/em> aleln\u00f6knek a XX. tal\u00e1lkoz\u00f3 anyag\u00e1b\u00f3l szerkesztett jubileumi antol\u00f3gi\u00e1ban megjelent \u00edr\u00e1s\u00e1ban olvashatunk. Sikeres \u00e9s v\u00e1ls\u00e1gos \u00e9vek v\u00e1ltakoztak. Volt olyan \u00e9v, amikor k\u00e9tszer is volt tal\u00e1lkoz\u00f3, de volt olyan tal\u00e1lkoz\u00f3 is, melynek csak 8 r\u00e9sztvev\u0151je volt. A 80-as \u00e9vek elej\u00e9n ism\u00e9t hull\u00e1mv\u00f6lgybe ker\u00fclt a K\u00f6r.<\/p>\n\n\n\n<p>Ekkor, 1982. k\u00f6r\u00fcl vette \u00e1t a tal\u00e1lkoz\u00f3k szervez\u00e9s\u00e9t <em>dr. Csapl\u00e1ros Zsuzsa,<\/em> titk\u00e1ri min\u0151s\u00e9gben. Nagy energi\u00e1val l\u00e1tott a szervez\u00e9snek. \u00daj, fiatal tagokat szervezett be, s biztatta \u0151ket is tagok toborz\u00e1s\u00e1ra. Nemzetk\u00f6zi kongresszust is rendezett, ahov\u00e1 megh\u00edvott k\u00fclf\u00f6ld\u00f6n \u00e9l\u0151 magyarokat is. A tal\u00e1lkoz\u00f3 remek\u00fcl siker\u00fclt, a k\u00fclf\u00f6ldiek (erd\u00e9lyiek, d\u00e9lvid\u00e9kiek, k\u00e1rp\u00e1taljaiak, Nyugat-N\u00e9metorsz\u00e1gban, Sv\u00e1jcban \u00e9l\u0151k) k\u00f6z\u00f6tt\u00fcnk maradtak, tov\u00e1bbra is elj\u00e1rtak a tal\u00e1lkoz\u00f3inkra. Az\u00f3ta is folyamatos volt a kapcsolat a 2010-es \u00e9vek elej\u00e9ig az UNEM \u00e9s a MOKK k\u00f6z\u00f6tt is, melyben d\u00f6nt\u0151 szerepe volt <em>dr. Pint\u00e9r Emil<\/em> Sv\u00e1jcban \u00e9l\u0151 tagt\u00e1rsunknak, aki a visszavonul\u00e1sa el\u0151tt m\u00e9g rendezett egy nemzetk\u00f6zi tal\u00e1lkoz\u00f3t is Budapesten.<\/p>\n\n\n\n<p><em>Csapl\u00e1ros Zsuzsa ir\u00e1ny\u00edt\u00e1sa alatt volt a K\u00f6r\u00fcnk<\/em> <em>\u201earanykora\u201d.<\/em> A tags\u00e1g l\u00e9tsz\u00e1ma felduzzadt, az \u00f6sszej\u00f6vetelek egynaposr\u00f3l m\u00e1sf\u00e9l naposakra (4 szekci\u00f3r\u00f3l 6-ra) b\u0151v\u00fcltek. A tal\u00e1lkoz\u00f3kat Somogy megy\u00e9ben (Kaposv\u00e1ron \u00e9s Balatonsz\u00e1rsz\u00f3n) rendezte meg Csapl\u00e1ros f\u0151orvos asszony, v\u00e9g\u00fcl Balatonlelle lett az \u00e1lland\u00f3 helysz\u00edn. A munk\u00e1j\u00e1t <em>dr. Konkoly-Thege Alad\u00e1r<\/em> eln\u00f6k hal\u00e1la ut\u00e1n,1996-t\u00f3l a MOKK eln\u00f6kek\u00e9nt folytatta. T\u00f6bb mint 20 \u00e9ves szervez\u0151 munk\u00e1ja ut\u00e1n a 2008-ban bek\u00f6vetkezett v\u00e1ratlan hal\u00e1la megd\u00f6bbentett mindny\u00e1junkat. Szerencs\u00e9re j\u00f3 szervez\u0151k\u00e9pess\u00e9g\u0171 \u00faj eln\u00f6k\u00f6t siker\u00fclt v\u00e1lasztanunk <em>dr. Fodor Etelka<\/em> szem\u00e9ly\u00e9ben.<\/p>\n\n\n\n<p>Sajnos, a vezet\u0151s\u00e9g soraiban ekkoriban visz\u00e1ly t\u00e1madt, emiatt a vezet\u0151s\u00e9g gyakorlatilag fel is oszlott. Azonban Fodor Etelk\u00e1t az eln\u00f6ki poz\u00edci\u00f3j\u00e1ban meger\u0151s\u00edtve, siker\u00fclt a k\u00f6zgy\u0171l\u00e9s\u00fcnknek h\u00e1romtag\u00fa \u00faj eln\u00f6ks\u00e9get v\u00e1lasztani, mely felel\u0151ss\u00e9ggel v\u00e9gezte a munk\u00e1j\u00e1t.<\/p>\n\n\n\n<p>Ebben az id\u0151ben vet\u0151d\u00f6tt fel a Magyar Orvos\u00edr\u00f3k \u00e9s \u2013k\u00e9pz\u0151m\u0171v\u00e9szek K\u00f6re (MOKK) \u00e9s a Magyar Orvost\u00f6rt\u00e9nelmi T\u00e1rsas\u00e1g (MOT) kapcsolat\u00e1nak a probl\u00e9m\u00e1ja is. Mivel semmif\u00e9le hivatalos dokumentum nem volt a kapcsolatr\u00f3l a MOKK iratai k\u00f6z\u00f6tt, dr. Fodor Etelka eln\u00f6k asszony lev\u00e9lben fordult ez \u00fcgyben a Magyar Orvost\u00f6rt\u00e9nelmi T\u00e1rsas\u00e1g vezet\u00e9s\u00e9hez.<\/p>\n\n\n\n<p>A level\u00e9re <em>dr. Kapronczay K\u00e1roly<\/em>, a MOT aleln\u00f6ke v\u00e1laszolt a <em>2010. okt\u00f3ber 26-\u00e1n<\/em> kelt level\u00e9ben. Ebben t\u00f6bb hasznos inform\u00e1ci\u00f3 is van a MOKK megalakul\u00e1s\u00e1r\u00f3l \u00e9s a MOT-tal val\u00f3 kapcsolat\u00e1r\u00f3l. A k\u00e9t szervezet k\u00f6z\u00f6tti kapcsolatot \u00fagy hat\u00e1rozza meg a level\u00e9ben, hogy a Magyar Orvost\u00f6rt\u00e9nelmi T\u00e1rsas\u00e1g (MOT) szervezet\u00e9n bel\u00fcl a Magyar Orvos\u00edr\u00f3k \u00e9s \u2013k\u00e9pz\u0151m\u0171v\u00e9szek K\u00f6re (MOKK) \u201eteljes auton\u00f3mi\u00e1val \u00e9s \u00f6n\u00e1ll\u00f3 tags\u00e1ggal rendelkezik, nem sz\u00f3lnak bele a m\u00e1sik dolgaiba, stb.\u201d Ez a kapcsolat &#8211; a fenn\u00e1ll\u00e1s\u00e1ig &#8211; j\u00f3l m\u0171k\u00f6d\u00f6tt, \u201elegfeljebb a rendezv\u00e9nyeken k\u00e9pviseltette mag\u00e1t mindk\u00e9t t\u00e1rsas\u00e1g.\u201d<\/p>\n\n\n\n<p>A lev\u00e9lv\u00e1lt\u00e1s idej\u00e9n fenn\u00e1ll\u00f3 jogi helyzetre vonatkoz\u00f3 v\u00e1lasz l\u00e9nyege az, hogy a Magyar Orvost\u00f6rt\u00e9nelmi T\u00e1rsas\u00e1g 1977-es alapszab\u00e1ly\u00e1ban val\u00f3ban szerepel a MOKK a MOT szervezetei, szakoszt\u00e1lyai k\u00f6z\u00f6tt, de a 2002-ben kelt &#8211; a v\u00e1laszlev\u00e9l \u00edr\u00e1sakor &#8211; 2010-ben m\u00e9g \u00e9rv\u00e9nyben l\u00e9v\u0151ben, m\u00e1r nem. Kapronczay professzor azt \u00edrta, hogy a k\u00f6vetkez\u0151 k\u00f6zgy\u0171l\u00e9s fogja rendezni a hossz\u00fa \u00e9vek alatt felgy\u00fclemlett probl\u00e9m\u00e1kat, <em>az \u00faj szab\u00e1lyzatban \u201eminden benne lesz\u201d.<\/em><\/p>\n\n\n\n<p>A levele mell\u00e9kletek\u00e9nt m\u00e1solatban elk\u00fcldte a MOT \u00faj Alapszab\u00e1ly\u00e1t. Ennek a III.\/2. pontja foglalkozik azzal, kik lehetnek a Magyar Orvost\u00f6rt\u00e9nelmi T\u00e1rsas\u00e1g tagjai (t\u00f6bbek k\u00f6z\u00f6tt, akik tagd\u00edjat fizetnek), a III.\/9e. pontja, pedig kimondja:<\/p>\n\n\n\n<p>\u201e9\/e. A tag k\u00f6teles a meg\u00e1llap\u00edtott tagd\u00edjat rendszeresen fizetni.\u201d<\/p>\n\n\n\n<p>A MOKK k\u00f6zgy\u0171l\u00e9se, a <em>2010-ben<\/em> rendezett \u00f6sszej\u00f6vetelen foglalkozott az <em>\u00faj t\u00e1rsas\u00e1gi t\u00f6rv\u00e9ny<\/em> kapcs\u00e1n f\u00f6lmer\u00fclt tagd\u00edjfizet\u00e9s k\u00e9rd\u00e9s\u00e9vel. R\u00f6vid vita ut\u00e1n a tags\u00e1g egyhang\u00faan megszavazta, hogy nem akar tagd\u00edjat fizetni, hiszen bev\u00e9telek sincsenek, amib\u0151l fizethetne a MOKK. A k\u00f6zgy\u0171l\u00e9sr\u0151l jegyz\u0151k\u00f6nyv is k\u00e9sz\u00fclt, hiteles\u00edtve.<\/p>\n\n\n\n<p>A fenti k\u00f6zgy\u0171l\u00e9si hat\u00e1rozat alapj\u00e1n <em>dr. Fodor Etelka<\/em> eln\u00f6k a MOT Alapszab\u00e1ly\u00e1nak a tags\u00e1gi viszony megsz\u0171n\u00e9s\u00e9re, a kil\u00e9p\u00e9sre vonatkoz\u00f3 III\/10. \u00e9s III\/11. pontja szerinti szab\u00e1lyoknak megfelel\u0151en a MOT eln\u00f6k\u00e9nek \u00edrt, <em>2010. okt\u00f3ber 27-\u00e9n kelt<\/em> level\u00e9ben <em>bejelentette a Magyar Orvos\u00edr\u00f3k \u00e9s \u2013k\u00e9pz\u0151m\u0171v\u00e9szek K\u00f6r\u00e9nek kil\u00e9p\u00e9s\u00e9t a Magyar Orvost\u00f6rt\u00e9nelmi T\u00e1rsas\u00e1gb\u00f3l <\/em>(a MOKK tags\u00e1g\u00e1nak a tagd\u00edjfizet\u00e9sre vonatkoz\u00f3 hat\u00e1rozat\u00e1ra hivatkozva).<\/p>\n\n\n\n<p>Ett\u0151l kezdve a MOKK nem tekinthet\u0151 a Magyar Orvost\u00f6rt\u00e9nelmi T\u00e1rsas\u00e1g szakoszt\u00e1ly\u00e1nak, k\u00fcl\u00f6nv\u00e1lt att\u00f3l. M\u00e1r <em>nem hivatalos t\u00e1rsas\u00e1gk\u00e9nt,<\/em> de a m\u0171k\u00f6d\u00e9s\u00e9t az addigiak szerint folytatta tov\u00e1bb.<\/p>\n\n\n\n<p>Ekkoriban m\u00e1s komoly neh\u00e9zs\u00e9g is ad\u00f3dott a K\u00f6r \u00e9let\u00e9ben. A tal\u00e1lkoz\u00f3knak helyet biztos\u00edt\u00f3 balatonlellei sz\u00e1lloda \u00e1talak\u00edt\u00e1s miatt bez\u00e1rt, \u00faj helysz\u00ednt kellett keresni.<\/p>\n\n\n\n<p>Ezt <em>Duna\u00fajv\u00e1rosban<\/em> tal\u00e1ltuk meg, az ott \u00e9l\u0151 \u00e9s dolgoz\u00f3 tagt\u00e1rsaink seg\u00edts\u00e9g\u00e9vel. 2015-ig itt rendezt\u00fck meg az \u00f6sszej\u00f6veteleinket.<\/p>\n\n\n\n<p>2016-t\u00f3l ism\u00e9t a Balaton partj\u00e1n, <em>Balatonfenyvesen<\/em> zajlottak az \u00e9ves konferenci\u00e1k. A tal\u00e1lkoz\u00f3k anyag\u00e1b\u00f3l <em>antol\u00f3gi\u00e1t jelentett\u00fcnk meg; <\/em>eleinte n\u00e9h\u00e1ny \u00e9venk\u00e9nt, majd \u00e9ves rendszeress\u00e9ggel.<\/p>\n\n\n\n<p>1998. \u00f3ta \u2013 kihagy\u00e1s n\u00e9lk\u00fcl &#8211; \u00e9vente jelenik meg antol\u00f3gia az el\u0151z\u0151 \u00e9vben elhangzott, bemutatott m\u0171vekb\u0151l. Ez <em>dr. Fodor Etelka<\/em> \u00e9rdeme, aki az els\u0151 ilyen antol\u00f3gi\u00e1t a saj\u00e1t k\u00f6lts\u00e9g\u00e9n adatta ki. Ebbeli \u00e9rdemei elismer\u00e9s\u00e9\u00fcl 1998-ban az eln\u00f6ks\u00e9g javaslat\u00e1ra megv\u00e1lasztotta aleln\u00f6knek a K\u00f6r tags\u00e1ga.<\/p>\n\n\n\n<p>A MOKK alapszab\u00e1ly\u00e1nak alapelveit <em>dr. Hankiss J\u00e1nos<\/em> fogalmazta meg a K\u00f6r megalakul\u00e1sakor. Annak ellen\u00e9re, hogy a hivatalos le\u00edr\u00e1sa nem tal\u00e1lhat\u00f3, a leveleib\u0151l ismerhetj\u00fck ezek l\u00e9nyeg\u00e9t. A K\u00f6r\u00fcnk mindig ennek szellem\u00e9hez tartotta mag\u00e1t. Az 1978-as tal\u00e1lkoz\u00f3n, Kaposv\u00e1ron fogalmaz\u00f3dott meg a K\u00f6r alapelve:\u201eA Magyar Orvos\u00edr\u00f3 K\u00f6r a tagok bar\u00e1ti kapcsolat\u00e1n alapul.\u201d<\/p>\n\n\n\n<p>Mint \u00edrtam, a vil\u00e1g orvos\u00edr\u00f3 k\u00f6rei k\u00f6z\u00fcl a mienk, a magyar volt az els\u0151, mely a k\u00e9pz\u0151m\u0171v\u00e9sz orvosokat is soraiba fogadta; \u00f6sszej\u00f6veteleink r\u00e9sze lett k\u00e9pz\u0151m\u0171v\u00e9sz tagt\u00e1rsaink ki\u00e1ll\u00edt\u00e1sa. Az is az alapszab\u00e1ly fontos r\u00e9sze, hogy seg\u00edt\u0151 munkat\u00e1rsainkat \u2013 az eg\u00e9szs\u00e9g\u00fcgyi t\u00e1rsszakm\u00e1t k\u00e9pvisel\u0151ket is &#8211; befogadjuk, hiszen az \u0151 munk\u00e1juk, seg\u00edts\u00e9g\u00fck n\u00e9lk\u00fcl elk\u00e9pzelhetetlen az orvos munk\u00e1ja.<\/p>\n\n\n\n<p>Mindig siker\u00fclt betartani azt az alapelvet, hogy nem v\u00e1laszthatja el a tagokat sem politikai n\u00e9zet, sem sz\u00e1rmaz\u00e1si vagy vall\u00e1si k\u00fcl\u00f6nbs\u00e9g. Tagk\u00e9nt nincs k\u00fcl\u00f6nbs\u00e9g, foglalkoz\u00e1s szerint sem.<\/p>\n\n\n\n<p>A tagjaink k\u00f6z\u00f6tt voltak \u00e9s vannak hivat\u00e1sos m\u0171v\u00e9szek, de a t\u00e1rsas\u00e1gunk nem csak hivat\u00e1sos alkot\u00f3k k\u00f6z\u00f6ss\u00e9ge. <em>Dr.<\/em> <em>Csapl\u00e1ros Zsuzsa<\/em> \u00edrta az 1996-ban megjelent jubileumi antol\u00f3gia bevezet\u0151j\u00e9ben: \u201eMiut\u00e1n [a tagoknak] nem meg\u00e9lhet\u00e9s\u00fck f\u00fcgg alkot\u00e1saik elismertet\u00e9s\u00e9t\u0151l, \u00edgy k\u00f6zt\u00fck irigys\u00e9g, f\u00e9lt\u00e9kenys\u00e9g nem l\u00e9tezik, \u00f6r\u00fclnek egym\u00e1s sikereinek, s annak, hogy egy \u00e9vben egyszer hasonl\u00f3 gondolkod\u00e1s\u00fa koll\u00e9g\u00e1kkal tal\u00e1lkozhatnak a rendezv\u00e9nyeken.\u201d<\/p>\n\n\n\n<p>A bejelentett m\u0171vek szerepeltet\u00e9s\u00e9t soha nem utas\u00edtottuk vissza. A szerepl\u00e9seket az egym\u00e1s ir\u00e1nti tisztelet kell, jellemezze. \u00dagy tapasztaltam, mindenkinek vannak kedvel\u0151i, s mindenkit meg is tapsolunk. A bar\u00e1ti hangulat a jellemz\u0151.<\/p>\n\n\n\n<p>A 2019-es rendezv\u00e9ny k\u00f6zgy\u0171l\u00e9s\u00e9n <em>dr. Fodor Etelka<\/em> lemondott az eln\u00f6ki poz\u00edci\u00f3j\u00e1r\u00f3l. Az \u00faj eln\u00f6knek <em>dr. Misz \u00cdrisz <\/em>tagunkat javasolta, akinek a k\u00e9r\u00e9s\u00e9re egy \u00e9vig t\u00e1rseln\u00f6kk\u00e9nt ketten vezett\u00e9k a Magyar Orvos\u00edr\u00f3k \u00e9s \u2013k\u00e9pz\u0151m\u0171v\u00e9szek K\u00f6r\u00e9t.<\/p>\n\n\n\n<p>2020-ban a Coronav\u00edrus pand\u00e9mia miatt elmaradt az \u00e9ves \u00f6sszej\u00f6vetel\u00fcnk \u00e9s a k\u00f6zgy\u0171l\u00e9s is. &nbsp;Ez\u00e9rt a tags\u00e1g internetes \u00edr\u00e1sbeli ny\u00edlt szavaz\u00e1ssal v\u00e1lasztotta meg <em>dr. Misz \u00cdrisz<\/em> t\u00e1rseln\u00f6k\u00f6t, <em>a t\u00e1rsas\u00e1g \u00faj, 5. eln\u00f6k\u00e9v\u00e9<\/em>. A K\u00f6r meg\u00faj\u00edt\u00e1s\u00e1t, friss\u00edt\u00e9s\u00e9t, moderniz\u00e1l\u00e1s\u00e1t t\u0171zve ki c\u00e9lul, nagy lend\u00fclettel l\u00e1tott munk\u00e1hoz.<\/p>\n\n\n\n<p>A Magyar Orvos\u00edr\u00f3k K\u00f6re 45 \u00e9ve megalakult \u00e9s most is l\u00e9tezik, ha nem is ugyanolyan form\u00e1ban \u00e9s n\u00e9vvel. Rendszeresen \u2013 \u00e9vente \u2013 rendez \u00f6ssze-j\u00f6veteleket.<\/p>\n\n\n\n<p>Ezen \u00edr\u00e1s elk\u00e9sz\u00edt\u00e9s\u00e9hez f\u00f6lhaszn\u00e1ltam a <em>dr. Hankiss J\u00e1nos<\/em> \u00e9s <em>dr. Boga B\u00e1lint<\/em> alap\u00edt\u00f3 tagokkal folytatott levelez\u00e9semet, Hankiss doktor n\u00e9h\u00e1ny r\u00f6vid megfogalmaz\u00e1s\u00e1t is alkalmazva; a r\u00e9gebbi, XX. \u00e9s XXIII. antol\u00f3gi\u00e1kban tal\u00e1lt, <em>dr. Csapl\u00e1ros Zsuzsa, dr. Hankiss J\u00e1nos \u00e9s dr. Veres S\u00e1ndor<\/em> \u00e1ltal \u00edrt vissza-eml\u00e9kez\u00e9seket; valamint a <em>dr. Fodor Etelka<\/em> eln\u00f6k asszony \u00e1ltal a rendelkez\u00e9semre bocs\u00e1tott iratokat, levelez\u00e9seket.<\/p>\n","protected":false},"excerpt":{"rendered":"<p>M\u00e1r az 1950-es \u00e9vek elej\u00e9n Debrecenben f\u00f6lvet\u0151d\u00f6tt a gondolat, hogy j\u00f3 lenne \u00f6sszefogni a m\u0171v\u00e9szetek ir\u00e1nt \u00e9rdekl\u0151d\u0151 orvosokat \u00e9s orvostanhallgat\u00f3kat. Err\u0151l dr. Hankiss J\u00e1nos sz\u00e1molt be a Magyar Orvos\u00edr\u00f3k \u00e9s \u2013k\u00e9pz\u0151m\u0171v\u00e9szek K\u00f6re&#8230;<\/p>\n","protected":false},"author":1,"featured_media":0,"parent":0,"menu_order":0,"comment_status":"closed","ping_status":"closed","template":"","meta":{"footnotes":""},"class_list":["post-652","page","type-page","status-publish","hentry"],"_links":{"self":[{"href":"https:\/\/moikk.hu\/index.php\/wp-json\/wp\/v2\/pages\/652","targetHints":{"allow":["GET"]}}],"collection":[{"href":"https:\/\/moikk.hu\/index.php\/wp-json\/wp\/v2\/pages"}],"about":[{"href":"https:\/\/moikk.hu\/index.php\/wp-json\/wp\/v2\/types\/page"}],"author":[{"embeddable":true,"href":"https:\/\/moikk.hu\/index.php\/wp-json\/wp\/v2\/users\/1"}],"replies":[{"embeddable":true,"href":"https:\/\/moikk.hu\/index.php\/wp-json\/wp\/v2\/comments?post=652"}],"version-history":[{"count":2,"href":"https:\/\/moikk.hu\/index.php\/wp-json\/wp\/v2\/pages\/652\/revisions"}],"predecessor-version":[{"id":655,"href":"https:\/\/moikk.hu\/index.php\/wp-json\/wp\/v2\/pages\/652\/revisions\/655"}],"wp:attachment":[{"href":"https:\/\/moikk.hu\/index.php\/wp-json\/wp\/v2\/media?parent=652"}],"curies":[{"name":"wp","href":"https:\/\/api.w.org\/{rel}","templated":true}]}}