{"id":1244,"date":"2021-11-28T08:39:07","date_gmt":"2021-11-28T08:39:07","guid":{"rendered":"https:\/\/moikk.hu\/?page_id=1244"},"modified":"2021-11-28T08:39:07","modified_gmt":"2021-11-28T08:39:07","slug":"tragor-ignac-muzeum-vaci-mumiak","status":"publish","type":"page","link":"https:\/\/moikk.hu\/index.php\/tragor-ignac-muzeum-vaci-mumiak\/","title":{"rendered":"Tragor Ign\u00e1c M\u00fazeum &#8211; V\u00e1ci M\u00fami\u00e1k"},"content":{"rendered":"\n<div class=\"wp-block-columns is-layout-flex wp-container-core-columns-is-layout-9d6595d7 wp-block-columns-is-layout-flex\">\n<div class=\"wp-block-column is-layout-flow wp-block-column-is-layout-flow\">\n<figure class=\"wp-block-gallery columns-1 is-cropped wp-block-gallery-1 is-layout-flex wp-block-gallery-is-layout-flex\"><ul class=\"blocks-gallery-grid\"><li class=\"blocks-gallery-item\"><figure><img loading=\"lazy\" decoding=\"async\" width=\"1024\" height=\"768\" src=\"https:\/\/moikk.hu\/wp-content\/uploads\/2021\/11\/1.-Tragor-Ignac-Muzeum-1024x768.jpg\" alt=\"\" data-id=\"1245\" data-full-url=\"https:\/\/moikk.hu\/wp-content\/uploads\/2021\/11\/1.-Tragor-Ignac-Muzeum-scaled.jpg\" data-link=\"https:\/\/moikk.hu\/?attachment_id=1245\" class=\"wp-image-1245\" srcset=\"https:\/\/moikk.hu\/wp-content\/uploads\/2021\/11\/1.-Tragor-Ignac-Muzeum-1024x768.jpg 1024w, https:\/\/moikk.hu\/wp-content\/uploads\/2021\/11\/1.-Tragor-Ignac-Muzeum-300x225.jpg 300w, https:\/\/moikk.hu\/wp-content\/uploads\/2021\/11\/1.-Tragor-Ignac-Muzeum-768x576.jpg 768w, https:\/\/moikk.hu\/wp-content\/uploads\/2021\/11\/1.-Tragor-Ignac-Muzeum-1536x1152.jpg 1536w, https:\/\/moikk.hu\/wp-content\/uploads\/2021\/11\/1.-Tragor-Ignac-Muzeum-2048x1536.jpg 2048w, https:\/\/moikk.hu\/wp-content\/uploads\/2021\/11\/1.-Tragor-Ignac-Muzeum-850x638.jpg 850w\" sizes=\"auto, (max-width: 1024px) 100vw, 1024px\" \/><\/figure><\/li><\/ul><figcaption class=\"blocks-gallery-caption\">Tragor Ign\u00e1c M\u00fazeum<\/figcaption><\/figure>\n<\/div>\n\n\n\n<div class=\"wp-block-column is-layout-flow wp-block-column-is-layout-flow\">\n<figure class=\"wp-block-gallery columns-1 is-cropped wp-block-gallery-2 is-layout-flex wp-block-gallery-is-layout-flex\"><ul class=\"blocks-gallery-grid\"><li class=\"blocks-gallery-item\"><figure><img loading=\"lazy\" decoding=\"async\" width=\"1024\" height=\"768\" src=\"https:\/\/moikk.hu\/wp-content\/uploads\/2021\/11\/2.-Menjunk-be-1024x768.jpg\" alt=\"\" data-id=\"1246\" data-full-url=\"https:\/\/moikk.hu\/wp-content\/uploads\/2021\/11\/2.-Menjunk-be-scaled.jpg\" data-link=\"https:\/\/moikk.hu\/?attachment_id=1246\" class=\"wp-image-1246\" srcset=\"https:\/\/moikk.hu\/wp-content\/uploads\/2021\/11\/2.-Menjunk-be-1024x768.jpg 1024w, https:\/\/moikk.hu\/wp-content\/uploads\/2021\/11\/2.-Menjunk-be-300x225.jpg 300w, https:\/\/moikk.hu\/wp-content\/uploads\/2021\/11\/2.-Menjunk-be-768x576.jpg 768w, https:\/\/moikk.hu\/wp-content\/uploads\/2021\/11\/2.-Menjunk-be-1536x1152.jpg 1536w, https:\/\/moikk.hu\/wp-content\/uploads\/2021\/11\/2.-Menjunk-be-2048x1536.jpg 2048w, https:\/\/moikk.hu\/wp-content\/uploads\/2021\/11\/2.-Menjunk-be-850x638.jpg 850w\" sizes=\"auto, (max-width: 1024px) 100vw, 1024px\" \/><\/figure><\/li><\/ul><figcaption class=\"blocks-gallery-caption\">Menj\u00fcnk be!<\/figcaption><\/figure>\n<\/div>\n<\/div>\n\n\n\n<div class=\"wp-block-columns is-layout-flex wp-container-core-columns-is-layout-9d6595d7 wp-block-columns-is-layout-flex\">\n<div class=\"wp-block-column is-layout-flow wp-block-column-is-layout-flow\">\n<figure class=\"wp-block-gallery columns-1 is-cropped wp-block-gallery-3 is-layout-flex wp-block-gallery-is-layout-flex\"><ul class=\"blocks-gallery-grid\"><li class=\"blocks-gallery-item\"><figure><img loading=\"lazy\" decoding=\"async\" width=\"768\" height=\"1024\" src=\"https:\/\/moikk.hu\/wp-content\/uploads\/2021\/11\/3.-A-tarlatvezeto-megmutatja...-768x1024.jpg\" alt=\"\" data-id=\"1247\" data-full-url=\"https:\/\/moikk.hu\/wp-content\/uploads\/2021\/11\/3.-A-tarlatvezeto-megmutatja...-scaled.jpg\" data-link=\"https:\/\/moikk.hu\/?attachment_id=1247\" class=\"wp-image-1247\" srcset=\"https:\/\/moikk.hu\/wp-content\/uploads\/2021\/11\/3.-A-tarlatvezeto-megmutatja...-768x1024.jpg 768w, https:\/\/moikk.hu\/wp-content\/uploads\/2021\/11\/3.-A-tarlatvezeto-megmutatja...-225x300.jpg 225w, https:\/\/moikk.hu\/wp-content\/uploads\/2021\/11\/3.-A-tarlatvezeto-megmutatja...-1152x1536.jpg 1152w, https:\/\/moikk.hu\/wp-content\/uploads\/2021\/11\/3.-A-tarlatvezeto-megmutatja...-1536x2048.jpg 1536w, https:\/\/moikk.hu\/wp-content\/uploads\/2021\/11\/3.-A-tarlatvezeto-megmutatja...-300x400.jpg 300w, https:\/\/moikk.hu\/wp-content\/uploads\/2021\/11\/3.-A-tarlatvezeto-megmutatja...-850x1133.jpg 850w, https:\/\/moikk.hu\/wp-content\/uploads\/2021\/11\/3.-A-tarlatvezeto-megmutatja...-scaled.jpg 1920w\" sizes=\"auto, (max-width: 768px) 100vw, 768px\" \/><\/figure><\/li><\/ul><figcaption class=\"blocks-gallery-caption\">A t\u00e1rlatvezet\u0151 bemutatja<\/figcaption><\/figure>\n<\/div>\n\n\n\n<div class=\"wp-block-column is-layout-flow wp-block-column-is-layout-flow\">\n<figure class=\"wp-block-gallery columns-1 is-cropped wp-block-gallery-4 is-layout-flex wp-block-gallery-is-layout-flex\"><ul class=\"blocks-gallery-grid\"><li class=\"blocks-gallery-item\"><figure><img loading=\"lazy\" decoding=\"async\" width=\"768\" height=\"1024\" src=\"https:\/\/moikk.hu\/wp-content\/uploads\/2021\/11\/4.-Sok-ertekes-lelet-3-768x1024.jpg\" alt=\"\" data-id=\"1248\" data-full-url=\"https:\/\/moikk.hu\/wp-content\/uploads\/2021\/11\/4.-Sok-ertekes-lelet-3-scaled.jpg\" data-link=\"https:\/\/moikk.hu\/?attachment_id=1248\" class=\"wp-image-1248\" srcset=\"https:\/\/moikk.hu\/wp-content\/uploads\/2021\/11\/4.-Sok-ertekes-lelet-3-768x1024.jpg 768w, https:\/\/moikk.hu\/wp-content\/uploads\/2021\/11\/4.-Sok-ertekes-lelet-3-225x300.jpg 225w, https:\/\/moikk.hu\/wp-content\/uploads\/2021\/11\/4.-Sok-ertekes-lelet-3-1152x1536.jpg 1152w, https:\/\/moikk.hu\/wp-content\/uploads\/2021\/11\/4.-Sok-ertekes-lelet-3-1536x2048.jpg 1536w, https:\/\/moikk.hu\/wp-content\/uploads\/2021\/11\/4.-Sok-ertekes-lelet-3-300x400.jpg 300w, https:\/\/moikk.hu\/wp-content\/uploads\/2021\/11\/4.-Sok-ertekes-lelet-3-850x1133.jpg 850w, https:\/\/moikk.hu\/wp-content\/uploads\/2021\/11\/4.-Sok-ertekes-lelet-3-scaled.jpg 1920w\" sizes=\"auto, (max-width: 768px) 100vw, 768px\" \/><\/figure><\/li><\/ul><figcaption class=\"blocks-gallery-caption\">Sok \u00e9rt\u00e9kes lelet<\/figcaption><\/figure>\n<\/div>\n<\/div>\n\n\n\n<div class=\"wp-block-columns is-layout-flex wp-container-core-columns-is-layout-9d6595d7 wp-block-columns-is-layout-flex\">\n<div class=\"wp-block-column is-layout-flow wp-block-column-is-layout-flow\">\n<figure class=\"wp-block-gallery columns-1 is-cropped wp-block-gallery-5 is-layout-flex wp-block-gallery-is-layout-flex\"><ul class=\"blocks-gallery-grid\"><li class=\"blocks-gallery-item\"><figure><img loading=\"lazy\" decoding=\"async\" width=\"1024\" height=\"768\" src=\"https:\/\/moikk.hu\/wp-content\/uploads\/2021\/11\/5.-Szines-diszes-fakoporsok-a-18.-szazad-1024x768.jpg\" alt=\"\" data-id=\"1249\" data-full-url=\"https:\/\/moikk.hu\/wp-content\/uploads\/2021\/11\/5.-Szines-diszes-fakoporsok-a-18.-szazad-scaled.jpg\" data-link=\"https:\/\/moikk.hu\/?attachment_id=1249\" class=\"wp-image-1249\" srcset=\"https:\/\/moikk.hu\/wp-content\/uploads\/2021\/11\/5.-Szines-diszes-fakoporsok-a-18.-szazad-1024x768.jpg 1024w, https:\/\/moikk.hu\/wp-content\/uploads\/2021\/11\/5.-Szines-diszes-fakoporsok-a-18.-szazad-300x225.jpg 300w, https:\/\/moikk.hu\/wp-content\/uploads\/2021\/11\/5.-Szines-diszes-fakoporsok-a-18.-szazad-768x576.jpg 768w, https:\/\/moikk.hu\/wp-content\/uploads\/2021\/11\/5.-Szines-diszes-fakoporsok-a-18.-szazad-1536x1152.jpg 1536w, https:\/\/moikk.hu\/wp-content\/uploads\/2021\/11\/5.-Szines-diszes-fakoporsok-a-18.-szazad-2048x1536.jpg 2048w, https:\/\/moikk.hu\/wp-content\/uploads\/2021\/11\/5.-Szines-diszes-fakoporsok-a-18.-szazad-850x638.jpg 850w\" sizes=\"auto, (max-width: 1024px) 100vw, 1024px\" \/><\/figure><\/li><\/ul><figcaption class=\"blocks-gallery-caption\">Sz\u00ednes, d\u00edszes fakopors\u00f3k &#8211; 18. sz\u00e1zad<\/figcaption><\/figure>\n<\/div>\n\n\n\n<div class=\"wp-block-column is-layout-flow wp-block-column-is-layout-flow\">\n<figure class=\"wp-block-gallery columns-1 is-cropped wp-block-gallery-6 is-layout-flex wp-block-gallery-is-layout-flex\"><ul class=\"blocks-gallery-grid\"><li class=\"blocks-gallery-item\"><figure><img loading=\"lazy\" decoding=\"async\" width=\"1024\" height=\"639\" src=\"https:\/\/moikk.hu\/wp-content\/uploads\/2021\/11\/6.-Festett-faragott-koporsok-1024x639.jpg\" alt=\"\" data-id=\"1250\" data-full-url=\"https:\/\/moikk.hu\/wp-content\/uploads\/2021\/11\/6.-Festett-faragott-koporsok-scaled.jpg\" data-link=\"https:\/\/moikk.hu\/?attachment_id=1250\" class=\"wp-image-1250\" srcset=\"https:\/\/moikk.hu\/wp-content\/uploads\/2021\/11\/6.-Festett-faragott-koporsok-1024x639.jpg 1024w, https:\/\/moikk.hu\/wp-content\/uploads\/2021\/11\/6.-Festett-faragott-koporsok-300x187.jpg 300w, https:\/\/moikk.hu\/wp-content\/uploads\/2021\/11\/6.-Festett-faragott-koporsok-768x479.jpg 768w, https:\/\/moikk.hu\/wp-content\/uploads\/2021\/11\/6.-Festett-faragott-koporsok-1536x959.jpg 1536w, https:\/\/moikk.hu\/wp-content\/uploads\/2021\/11\/6.-Festett-faragott-koporsok-2048x1278.jpg 2048w, https:\/\/moikk.hu\/wp-content\/uploads\/2021\/11\/6.-Festett-faragott-koporsok-850x530.jpg 850w\" sizes=\"auto, (max-width: 1024px) 100vw, 1024px\" \/><\/figure><\/li><\/ul><figcaption class=\"blocks-gallery-caption\">Festett, faragott kopors\u00f3k<\/figcaption><\/figure>\n<\/div>\n<\/div>\n\n\n\n<div class=\"wp-block-columns is-layout-flex wp-container-core-columns-is-layout-9d6595d7 wp-block-columns-is-layout-flex\">\n<div class=\"wp-block-column is-layout-flow wp-block-column-is-layout-flow\">\n<figure class=\"wp-block-gallery columns-1 is-cropped wp-block-gallery-7 is-layout-flex wp-block-gallery-is-layout-flex\"><ul class=\"blocks-gallery-grid\"><li class=\"blocks-gallery-item\"><figure><img loading=\"lazy\" decoding=\"async\" width=\"1024\" height=\"768\" src=\"https:\/\/moikk.hu\/wp-content\/uploads\/2021\/11\/6a.-Muveszi-koporso-festmenyek-1024x768.jpg\" alt=\"\" data-id=\"1251\" data-full-url=\"https:\/\/moikk.hu\/wp-content\/uploads\/2021\/11\/6a.-Muveszi-koporso-festmenyek-scaled.jpg\" data-link=\"https:\/\/moikk.hu\/?attachment_id=1251\" class=\"wp-image-1251\" srcset=\"https:\/\/moikk.hu\/wp-content\/uploads\/2021\/11\/6a.-Muveszi-koporso-festmenyek-1024x768.jpg 1024w, https:\/\/moikk.hu\/wp-content\/uploads\/2021\/11\/6a.-Muveszi-koporso-festmenyek-300x225.jpg 300w, https:\/\/moikk.hu\/wp-content\/uploads\/2021\/11\/6a.-Muveszi-koporso-festmenyek-768x576.jpg 768w, https:\/\/moikk.hu\/wp-content\/uploads\/2021\/11\/6a.-Muveszi-koporso-festmenyek-1536x1152.jpg 1536w, https:\/\/moikk.hu\/wp-content\/uploads\/2021\/11\/6a.-Muveszi-koporso-festmenyek-2048x1536.jpg 2048w, https:\/\/moikk.hu\/wp-content\/uploads\/2021\/11\/6a.-Muveszi-koporso-festmenyek-850x638.jpg 850w\" sizes=\"auto, (max-width: 1024px) 100vw, 1024px\" \/><\/figure><\/li><\/ul><figcaption class=\"blocks-gallery-caption\">M\u0171v\u00e9szi kopors\u00f3 festm\u00e9nyek<\/figcaption><\/figure>\n<\/div>\n\n\n\n<div class=\"wp-block-column is-layout-flow wp-block-column-is-layout-flow\">\n<figure class=\"wp-block-gallery columns-1 is-cropped wp-block-gallery-8 is-layout-flex wp-block-gallery-is-layout-flex\"><ul class=\"blocks-gallery-grid\"><li class=\"blocks-gallery-item\"><figure><img loading=\"lazy\" decoding=\"async\" width=\"1024\" height=\"576\" src=\"https:\/\/moikk.hu\/wp-content\/uploads\/2021\/11\/14.-Memento-mori-1024x576.jpg\" alt=\"\" data-id=\"1254\" data-full-url=\"https:\/\/moikk.hu\/wp-content\/uploads\/2021\/11\/14.-Memento-mori-scaled.jpg\" data-link=\"https:\/\/moikk.hu\/?attachment_id=1254\" class=\"wp-image-1254\" srcset=\"https:\/\/moikk.hu\/wp-content\/uploads\/2021\/11\/14.-Memento-mori-1024x576.jpg 1024w, https:\/\/moikk.hu\/wp-content\/uploads\/2021\/11\/14.-Memento-mori-300x169.jpg 300w, https:\/\/moikk.hu\/wp-content\/uploads\/2021\/11\/14.-Memento-mori-768x432.jpg 768w, https:\/\/moikk.hu\/wp-content\/uploads\/2021\/11\/14.-Memento-mori-1536x864.jpg 1536w, https:\/\/moikk.hu\/wp-content\/uploads\/2021\/11\/14.-Memento-mori-2048x1152.jpg 2048w, https:\/\/moikk.hu\/wp-content\/uploads\/2021\/11\/14.-Memento-mori-850x478.jpg 850w\" sizes=\"auto, (max-width: 1024px) 100vw, 1024px\" \/><\/figure><\/li><\/ul><figcaption class=\"blocks-gallery-caption\">Memento mori!<\/figcaption><\/figure>\n<\/div>\n<\/div>\n\n\n\n<div class=\"wp-block-columns is-layout-flex wp-container-core-columns-is-layout-9d6595d7 wp-block-columns-is-layout-flex\">\n<div class=\"wp-block-column is-layout-flow wp-block-column-is-layout-flow\">\n<figure class=\"wp-block-gallery columns-1 is-cropped wp-block-gallery-9 is-layout-flex wp-block-gallery-is-layout-flex\"><ul class=\"blocks-gallery-grid\"><li class=\"blocks-gallery-item\"><figure><img loading=\"lazy\" decoding=\"async\" width=\"768\" height=\"1024\" src=\"https:\/\/moikk.hu\/wp-content\/uploads\/2021\/11\/7.-Vilaghiru-vaci-mumiak-egyike-1-768x1024.jpg\" alt=\"\" data-id=\"1255\" data-full-url=\"https:\/\/moikk.hu\/wp-content\/uploads\/2021\/11\/7.-Vilaghiru-vaci-mumiak-egyike-1-scaled.jpg\" data-link=\"https:\/\/moikk.hu\/?attachment_id=1255\" class=\"wp-image-1255\" srcset=\"https:\/\/moikk.hu\/wp-content\/uploads\/2021\/11\/7.-Vilaghiru-vaci-mumiak-egyike-1-768x1024.jpg 768w, https:\/\/moikk.hu\/wp-content\/uploads\/2021\/11\/7.-Vilaghiru-vaci-mumiak-egyike-1-225x300.jpg 225w, https:\/\/moikk.hu\/wp-content\/uploads\/2021\/11\/7.-Vilaghiru-vaci-mumiak-egyike-1-1152x1536.jpg 1152w, https:\/\/moikk.hu\/wp-content\/uploads\/2021\/11\/7.-Vilaghiru-vaci-mumiak-egyike-1-1536x2048.jpg 1536w, https:\/\/moikk.hu\/wp-content\/uploads\/2021\/11\/7.-Vilaghiru-vaci-mumiak-egyike-1-300x400.jpg 300w, https:\/\/moikk.hu\/wp-content\/uploads\/2021\/11\/7.-Vilaghiru-vaci-mumiak-egyike-1-850x1133.jpg 850w, https:\/\/moikk.hu\/wp-content\/uploads\/2021\/11\/7.-Vilaghiru-vaci-mumiak-egyike-1-scaled.jpg 1920w\" sizes=\"auto, (max-width: 768px) 100vw, 768px\" \/><\/figure><\/li><\/ul><figcaption class=\"blocks-gallery-caption\">A vil\u00e1gh\u00edr\u0171 v\u00e1ci m\u00fami\u00e1k egyike<\/figcaption><\/figure>\n<\/div>\n\n\n\n<div class=\"wp-block-column is-layout-flow wp-block-column-is-layout-flow\">\n<figure class=\"wp-block-gallery columns-1 is-cropped wp-block-gallery-10 is-layout-flex wp-block-gallery-is-layout-flex\"><ul class=\"blocks-gallery-grid\"><li class=\"blocks-gallery-item\"><figure><img loading=\"lazy\" decoding=\"async\" width=\"768\" height=\"1024\" src=\"https:\/\/moikk.hu\/wp-content\/uploads\/2021\/11\/8.-Valamikor-kislany-volt...-1-768x1024.jpg\" alt=\"\" data-id=\"1256\" data-full-url=\"https:\/\/moikk.hu\/wp-content\/uploads\/2021\/11\/8.-Valamikor-kislany-volt...-1-scaled.jpg\" data-link=\"https:\/\/moikk.hu\/?attachment_id=1256\" class=\"wp-image-1256\" srcset=\"https:\/\/moikk.hu\/wp-content\/uploads\/2021\/11\/8.-Valamikor-kislany-volt...-1-768x1024.jpg 768w, https:\/\/moikk.hu\/wp-content\/uploads\/2021\/11\/8.-Valamikor-kislany-volt...-1-225x300.jpg 225w, https:\/\/moikk.hu\/wp-content\/uploads\/2021\/11\/8.-Valamikor-kislany-volt...-1-1152x1536.jpg 1152w, https:\/\/moikk.hu\/wp-content\/uploads\/2021\/11\/8.-Valamikor-kislany-volt...-1-1536x2048.jpg 1536w, https:\/\/moikk.hu\/wp-content\/uploads\/2021\/11\/8.-Valamikor-kislany-volt...-1-300x400.jpg 300w, https:\/\/moikk.hu\/wp-content\/uploads\/2021\/11\/8.-Valamikor-kislany-volt...-1-850x1133.jpg 850w, https:\/\/moikk.hu\/wp-content\/uploads\/2021\/11\/8.-Valamikor-kislany-volt...-1-scaled.jpg 1920w\" sizes=\"auto, (max-width: 768px) 100vw, 768px\" \/><\/figure><\/li><\/ul><figcaption class=\"blocks-gallery-caption\">Valamikor kisl\u00e1ny volt<\/figcaption><\/figure>\n<\/div>\n<\/div>\n\n\n\n<div class=\"wp-block-columns is-layout-flex wp-container-core-columns-is-layout-9d6595d7 wp-block-columns-is-layout-flex\">\n<div class=\"wp-block-column is-layout-flow wp-block-column-is-layout-flow\">\n<figure class=\"wp-block-gallery columns-1 is-cropped wp-block-gallery-11 is-layout-flex wp-block-gallery-is-layout-flex\"><ul class=\"blocks-gallery-grid\"><li class=\"blocks-gallery-item\"><figure><img loading=\"lazy\" decoding=\"async\" width=\"1024\" height=\"366\" src=\"https:\/\/moikk.hu\/wp-content\/uploads\/2021\/11\/9.-Minden-szerve-epsegben-1024x366.jpg\" alt=\"\" data-id=\"1257\" data-full-url=\"https:\/\/moikk.hu\/wp-content\/uploads\/2021\/11\/9.-Minden-szerve-epsegben-scaled.jpg\" data-link=\"https:\/\/moikk.hu\/?attachment_id=1257\" class=\"wp-image-1257\" srcset=\"https:\/\/moikk.hu\/wp-content\/uploads\/2021\/11\/9.-Minden-szerve-epsegben-1024x366.jpg 1024w, https:\/\/moikk.hu\/wp-content\/uploads\/2021\/11\/9.-Minden-szerve-epsegben-300x107.jpg 300w, https:\/\/moikk.hu\/wp-content\/uploads\/2021\/11\/9.-Minden-szerve-epsegben-768x274.jpg 768w, https:\/\/moikk.hu\/wp-content\/uploads\/2021\/11\/9.-Minden-szerve-epsegben-1536x548.jpg 1536w, https:\/\/moikk.hu\/wp-content\/uploads\/2021\/11\/9.-Minden-szerve-epsegben-2048x731.jpg 2048w, https:\/\/moikk.hu\/wp-content\/uploads\/2021\/11\/9.-Minden-szerve-epsegben-850x304.jpg 850w\" sizes=\"auto, (max-width: 1024px) 100vw, 1024px\" \/><\/figure><\/li><\/ul><figcaption class=\"blocks-gallery-caption\">Minden szerve \u00e9ps\u00e9gben<\/figcaption><\/figure>\n<\/div>\n\n\n\n<div class=\"wp-block-column is-layout-flow wp-block-column-is-layout-flow\">\n<figure class=\"wp-block-gallery columns-1 is-cropped wp-block-gallery-12 is-layout-flex wp-block-gallery-is-layout-flex\"><ul class=\"blocks-gallery-grid\"><li class=\"blocks-gallery-item\"><figure><img loading=\"lazy\" decoding=\"async\" width=\"1024\" height=\"576\" src=\"https:\/\/moikk.hu\/wp-content\/uploads\/2021\/11\/10.-Kozti-allapot...-1024x576.jpg\" alt=\"\" data-id=\"1258\" data-full-url=\"https:\/\/moikk.hu\/wp-content\/uploads\/2021\/11\/10.-Kozti-allapot...-scaled.jpg\" data-link=\"https:\/\/moikk.hu\/?attachment_id=1258\" class=\"wp-image-1258\" srcset=\"https:\/\/moikk.hu\/wp-content\/uploads\/2021\/11\/10.-Kozti-allapot...-1024x576.jpg 1024w, https:\/\/moikk.hu\/wp-content\/uploads\/2021\/11\/10.-Kozti-allapot...-300x169.jpg 300w, https:\/\/moikk.hu\/wp-content\/uploads\/2021\/11\/10.-Kozti-allapot...-768x432.jpg 768w, https:\/\/moikk.hu\/wp-content\/uploads\/2021\/11\/10.-Kozti-allapot...-1536x864.jpg 1536w, https:\/\/moikk.hu\/wp-content\/uploads\/2021\/11\/10.-Kozti-allapot...-2048x1152.jpg 2048w, https:\/\/moikk.hu\/wp-content\/uploads\/2021\/11\/10.-Kozti-allapot...-850x478.jpg 850w\" sizes=\"auto, (max-width: 1024px) 100vw, 1024px\" \/><\/figure><\/li><\/ul><figcaption class=\"blocks-gallery-caption\">K\u00f6zti \u00e1llapot &#8230;<\/figcaption><\/figure>\n<\/div>\n<\/div>\n\n\n\n<div class=\"wp-block-columns is-layout-flex wp-container-core-columns-is-layout-9d6595d7 wp-block-columns-is-layout-flex\">\n<div class=\"wp-block-column is-layout-flow wp-block-column-is-layout-flow\">\n<figure class=\"wp-block-gallery columns-1 is-cropped wp-block-gallery-13 is-layout-flex wp-block-gallery-is-layout-flex\"><ul class=\"blocks-gallery-grid\"><li class=\"blocks-gallery-item\"><figure><img loading=\"lazy\" decoding=\"async\" width=\"576\" height=\"1024\" src=\"https:\/\/moikk.hu\/wp-content\/uploads\/2021\/11\/12.-Aki-viselte-is-muzeumi-darab...-576x1024.jpg\" alt=\"\" data-id=\"1259\" data-full-url=\"https:\/\/moikk.hu\/wp-content\/uploads\/2021\/11\/12.-Aki-viselte-is-muzeumi-darab...-scaled.jpg\" data-link=\"https:\/\/moikk.hu\/?attachment_id=1259\" class=\"wp-image-1259\" srcset=\"https:\/\/moikk.hu\/wp-content\/uploads\/2021\/11\/12.-Aki-viselte-is-muzeumi-darab...-576x1024.jpg 576w, https:\/\/moikk.hu\/wp-content\/uploads\/2021\/11\/12.-Aki-viselte-is-muzeumi-darab...-169x300.jpg 169w, https:\/\/moikk.hu\/wp-content\/uploads\/2021\/11\/12.-Aki-viselte-is-muzeumi-darab...-768x1365.jpg 768w, https:\/\/moikk.hu\/wp-content\/uploads\/2021\/11\/12.-Aki-viselte-is-muzeumi-darab...-864x1536.jpg 864w, https:\/\/moikk.hu\/wp-content\/uploads\/2021\/11\/12.-Aki-viselte-is-muzeumi-darab...-1152x2048.jpg 1152w, https:\/\/moikk.hu\/wp-content\/uploads\/2021\/11\/12.-Aki-viselte-is-muzeumi-darab...-300x533.jpg 300w, https:\/\/moikk.hu\/wp-content\/uploads\/2021\/11\/12.-Aki-viselte-is-muzeumi-darab...-850x1511.jpg 850w, https:\/\/moikk.hu\/wp-content\/uploads\/2021\/11\/12.-Aki-viselte-is-muzeumi-darab...-scaled.jpg 1440w\" sizes=\"auto, (max-width: 576px) 100vw, 576px\" \/><\/figure><\/li><\/ul><figcaption class=\"blocks-gallery-caption\">Aki viselte, \u0151 is m\u00fazeumi &#8222;darab&#8221;<\/figcaption><\/figure>\n<\/div>\n\n\n\n<div class=\"wp-block-column is-layout-flow wp-block-column-is-layout-flow\">\n<figure class=\"wp-block-gallery columns-1 is-cropped wp-block-gallery-14 is-layout-flex wp-block-gallery-is-layout-flex\"><ul class=\"blocks-gallery-grid\"><li class=\"blocks-gallery-item\"><figure><img loading=\"lazy\" decoding=\"async\" width=\"576\" height=\"1024\" src=\"https:\/\/moikk.hu\/wp-content\/uploads\/2021\/11\/13.-Valamikor-buszken-viseltek...-576x1024.jpg\" alt=\"\" data-id=\"1260\" data-full-url=\"https:\/\/moikk.hu\/wp-content\/uploads\/2021\/11\/13.-Valamikor-buszken-viseltek...-scaled.jpg\" data-link=\"https:\/\/moikk.hu\/?attachment_id=1260\" class=\"wp-image-1260\" srcset=\"https:\/\/moikk.hu\/wp-content\/uploads\/2021\/11\/13.-Valamikor-buszken-viseltek...-576x1024.jpg 576w, https:\/\/moikk.hu\/wp-content\/uploads\/2021\/11\/13.-Valamikor-buszken-viseltek...-169x300.jpg 169w, https:\/\/moikk.hu\/wp-content\/uploads\/2021\/11\/13.-Valamikor-buszken-viseltek...-768x1365.jpg 768w, https:\/\/moikk.hu\/wp-content\/uploads\/2021\/11\/13.-Valamikor-buszken-viseltek...-864x1536.jpg 864w, https:\/\/moikk.hu\/wp-content\/uploads\/2021\/11\/13.-Valamikor-buszken-viseltek...-1152x2048.jpg 1152w, https:\/\/moikk.hu\/wp-content\/uploads\/2021\/11\/13.-Valamikor-buszken-viseltek...-300x533.jpg 300w, https:\/\/moikk.hu\/wp-content\/uploads\/2021\/11\/13.-Valamikor-buszken-viseltek...-850x1511.jpg 850w, https:\/\/moikk.hu\/wp-content\/uploads\/2021\/11\/13.-Valamikor-buszken-viseltek...-scaled.jpg 1440w\" sizes=\"auto, (max-width: 576px) 100vw, 576px\" \/><\/figure><\/li><\/ul><figcaption class=\"blocks-gallery-caption\">Valamikor b\u00fcszk\u00e9n viselt\u00e9k<\/figcaption><\/figure>\n<\/div>\n<\/div>\n\n\n\n<div class=\"wp-block-columns is-layout-flex wp-container-core-columns-is-layout-9d6595d7 wp-block-columns-is-layout-flex\">\n<div class=\"wp-block-column is-layout-flow wp-block-column-is-layout-flow\">\n<figure class=\"wp-block-gallery columns-1 is-cropped wp-block-gallery-15 is-layout-flex wp-block-gallery-is-layout-flex\"><ul class=\"blocks-gallery-grid\"><li class=\"blocks-gallery-item\"><figure><img loading=\"lazy\" decoding=\"async\" width=\"1024\" height=\"576\" src=\"https:\/\/moikk.hu\/wp-content\/uploads\/2021\/11\/11.-A-test-3-fazisa-1024x576.jpg\" alt=\"\" data-id=\"1261\" data-full-url=\"https:\/\/moikk.hu\/wp-content\/uploads\/2021\/11\/11.-A-test-3-fazisa-scaled.jpg\" data-link=\"https:\/\/moikk.hu\/?attachment_id=1261\" class=\"wp-image-1261\" srcset=\"https:\/\/moikk.hu\/wp-content\/uploads\/2021\/11\/11.-A-test-3-fazisa-1024x576.jpg 1024w, https:\/\/moikk.hu\/wp-content\/uploads\/2021\/11\/11.-A-test-3-fazisa-300x169.jpg 300w, https:\/\/moikk.hu\/wp-content\/uploads\/2021\/11\/11.-A-test-3-fazisa-768x432.jpg 768w, https:\/\/moikk.hu\/wp-content\/uploads\/2021\/11\/11.-A-test-3-fazisa-1536x864.jpg 1536w, https:\/\/moikk.hu\/wp-content\/uploads\/2021\/11\/11.-A-test-3-fazisa-2048x1152.jpg 2048w, https:\/\/moikk.hu\/wp-content\/uploads\/2021\/11\/11.-A-test-3-fazisa-850x478.jpg 850w\" sizes=\"auto, (max-width: 1024px) 100vw, 1024px\" \/><\/figure><\/li><\/ul><figcaption class=\"blocks-gallery-caption\">A test h\u00e1rom f\u00e1zisa<\/figcaption><\/figure>\n<\/div>\n\n\n\n<div class=\"wp-block-column is-layout-flow wp-block-column-is-layout-flow\">\n<figure class=\"wp-block-gallery columns-1 is-cropped wp-block-gallery-16 is-layout-flex wp-block-gallery-is-layout-flex\"><ul class=\"blocks-gallery-grid\"><li class=\"blocks-gallery-item\"><figure><img loading=\"lazy\" decoding=\"async\" width=\"1024\" height=\"768\" src=\"https:\/\/moikk.hu\/wp-content\/uploads\/2021\/11\/15.-A-latvany-elgondolkodtato-1024x768.jpg\" alt=\"\" data-id=\"1262\" data-full-url=\"https:\/\/moikk.hu\/wp-content\/uploads\/2021\/11\/15.-A-latvany-elgondolkodtato-scaled.jpg\" data-link=\"https:\/\/moikk.hu\/?attachment_id=1262\" class=\"wp-image-1262\" srcset=\"https:\/\/moikk.hu\/wp-content\/uploads\/2021\/11\/15.-A-latvany-elgondolkodtato-1024x768.jpg 1024w, https:\/\/moikk.hu\/wp-content\/uploads\/2021\/11\/15.-A-latvany-elgondolkodtato-300x225.jpg 300w, https:\/\/moikk.hu\/wp-content\/uploads\/2021\/11\/15.-A-latvany-elgondolkodtato-768x576.jpg 768w, https:\/\/moikk.hu\/wp-content\/uploads\/2021\/11\/15.-A-latvany-elgondolkodtato-1536x1152.jpg 1536w, https:\/\/moikk.hu\/wp-content\/uploads\/2021\/11\/15.-A-latvany-elgondolkodtato-2048x1536.jpg 2048w, https:\/\/moikk.hu\/wp-content\/uploads\/2021\/11\/15.-A-latvany-elgondolkodtato-850x638.jpg 850w\" sizes=\"auto, (max-width: 1024px) 100vw, 1024px\" \/><\/figure><\/li><\/ul><figcaption class=\"blocks-gallery-caption\">A l\u00e1tv\u00e1ny elgondolkodtat\u00f3<\/figcaption><\/figure>\n<\/div>\n<\/div>\n\n\n\n<div class=\"wp-block-columns is-layout-flex wp-container-core-columns-is-layout-9d6595d7 wp-block-columns-is-layout-flex\">\n<div class=\"wp-block-column is-layout-flow wp-block-column-is-layout-flow\">\n<figure class=\"wp-block-gallery columns-1 is-cropped wp-block-gallery-17 is-layout-flex wp-block-gallery-is-layout-flex\"><ul class=\"blocks-gallery-grid\"><li class=\"blocks-gallery-item\"><figure><img loading=\"lazy\" decoding=\"async\" width=\"1024\" height=\"576\" src=\"https:\/\/moikk.hu\/wp-content\/uploads\/2021\/11\/16.-Kivallo-ertekes-kiallitas-1024x576.jpg\" alt=\"\" data-id=\"1263\" data-full-url=\"https:\/\/moikk.hu\/wp-content\/uploads\/2021\/11\/16.-Kivallo-ertekes-kiallitas-scaled.jpg\" data-link=\"https:\/\/moikk.hu\/?attachment_id=1263\" class=\"wp-image-1263\" srcset=\"https:\/\/moikk.hu\/wp-content\/uploads\/2021\/11\/16.-Kivallo-ertekes-kiallitas-1024x576.jpg 1024w, https:\/\/moikk.hu\/wp-content\/uploads\/2021\/11\/16.-Kivallo-ertekes-kiallitas-300x169.jpg 300w, https:\/\/moikk.hu\/wp-content\/uploads\/2021\/11\/16.-Kivallo-ertekes-kiallitas-768x432.jpg 768w, https:\/\/moikk.hu\/wp-content\/uploads\/2021\/11\/16.-Kivallo-ertekes-kiallitas-1536x864.jpg 1536w, https:\/\/moikk.hu\/wp-content\/uploads\/2021\/11\/16.-Kivallo-ertekes-kiallitas-2048x1152.jpg 2048w, https:\/\/moikk.hu\/wp-content\/uploads\/2021\/11\/16.-Kivallo-ertekes-kiallitas-850x478.jpg 850w\" sizes=\"auto, (max-width: 1024px) 100vw, 1024px\" \/><\/figure><\/li><\/ul><figcaption class=\"blocks-gallery-caption\">Kiv\u00e1l\u00f3, \u00e9rt\u00e9kes ki\u00e1ll\u00edt\u00e1s<\/figcaption><\/figure>\n<\/div>\n\n\n\n<div class=\"wp-block-column is-layout-flow wp-block-column-is-layout-flow\">\n<figure class=\"wp-block-gallery columns-1 is-cropped wp-block-gallery-18 is-layout-flex wp-block-gallery-is-layout-flex\"><ul class=\"blocks-gallery-grid\"><li class=\"blocks-gallery-item\"><figure><img loading=\"lazy\" decoding=\"async\" width=\"768\" height=\"1024\" src=\"https:\/\/moikk.hu\/wp-content\/uploads\/2021\/11\/17.-Ezt-is-lathattuk...-768x1024.jpg\" alt=\"\" data-id=\"1264\" data-full-url=\"https:\/\/moikk.hu\/wp-content\/uploads\/2021\/11\/17.-Ezt-is-lathattuk...-scaled.jpg\" data-link=\"https:\/\/moikk.hu\/?attachment_id=1264\" class=\"wp-image-1264\" srcset=\"https:\/\/moikk.hu\/wp-content\/uploads\/2021\/11\/17.-Ezt-is-lathattuk...-768x1024.jpg 768w, https:\/\/moikk.hu\/wp-content\/uploads\/2021\/11\/17.-Ezt-is-lathattuk...-225x300.jpg 225w, https:\/\/moikk.hu\/wp-content\/uploads\/2021\/11\/17.-Ezt-is-lathattuk...-1152x1536.jpg 1152w, https:\/\/moikk.hu\/wp-content\/uploads\/2021\/11\/17.-Ezt-is-lathattuk...-1536x2048.jpg 1536w, https:\/\/moikk.hu\/wp-content\/uploads\/2021\/11\/17.-Ezt-is-lathattuk...-300x400.jpg 300w, https:\/\/moikk.hu\/wp-content\/uploads\/2021\/11\/17.-Ezt-is-lathattuk...-850x1133.jpg 850w, https:\/\/moikk.hu\/wp-content\/uploads\/2021\/11\/17.-Ezt-is-lathattuk...-scaled.jpg 1920w\" sizes=\"auto, (max-width: 768px) 100vw, 768px\" \/><\/figure><\/li><\/ul><figcaption class=\"blocks-gallery-caption\">Ezt is l\u00e1thattuk &#8230;<\/figcaption><\/figure>\n<\/div>\n<\/div>\n","protected":false},"excerpt":{"rendered":"","protected":false},"author":1,"featured_media":0,"parent":0,"menu_order":0,"comment_status":"closed","ping_status":"closed","template":"","meta":{"footnotes":""},"class_list":["post-1244","page","type-page","status-publish","hentry"],"_links":{"self":[{"href":"https:\/\/moikk.hu\/index.php\/wp-json\/wp\/v2\/pages\/1244","targetHints":{"allow":["GET"]}}],"collection":[{"href":"https:\/\/moikk.hu\/index.php\/wp-json\/wp\/v2\/pages"}],"about":[{"href":"https:\/\/moikk.hu\/index.php\/wp-json\/wp\/v2\/types\/page"}],"author":[{"embeddable":true,"href":"https:\/\/moikk.hu\/index.php\/wp-json\/wp\/v2\/users\/1"}],"replies":[{"embeddable":true,"href":"https:\/\/moikk.hu\/index.php\/wp-json\/wp\/v2\/comments?post=1244"}],"version-history":[{"count":1,"href":"https:\/\/moikk.hu\/index.php\/wp-json\/wp\/v2\/pages\/1244\/revisions"}],"predecessor-version":[{"id":1266,"href":"https:\/\/moikk.hu\/index.php\/wp-json\/wp\/v2\/pages\/1244\/revisions\/1266"}],"wp:attachment":[{"href":"https:\/\/moikk.hu\/index.php\/wp-json\/wp\/v2\/media?parent=1244"}],"curies":[{"name":"wp","href":"https:\/\/api.w.org\/{rel}","templated":true}]}}