{"id":1192,"date":"2021-11-27T19:10:18","date_gmt":"2021-11-27T19:10:18","guid":{"rendered":"https:\/\/moikk.hu\/?page_id=1192"},"modified":"2021-11-28T08:03:26","modified_gmt":"2021-11-28T08:03:26","slug":"leanyfalui-hitel-muzeum-meglatogatasa","status":"publish","type":"page","link":"https:\/\/moikk.hu\/index.php\/leanyfalui-hitel-muzeum-meglatogatasa\/","title":{"rendered":"Le\u00e1nyfalui Hitel M\u00fazeum megl\u00e1togat\u00e1sa"},"content":{"rendered":"\n<div class=\"wp-block-columns is-layout-flex wp-container-core-columns-is-layout-9d6595d7 wp-block-columns-is-layout-flex\">\n<div class=\"wp-block-column is-layout-flow wp-block-column-is-layout-flow\">\n<figure class=\"wp-block-gallery columns-1 is-cropped wp-block-gallery-1 is-layout-flex wp-block-gallery-is-layout-flex\"><ul class=\"blocks-gallery-grid\"><li class=\"blocks-gallery-item\"><figure><img loading=\"lazy\" decoding=\"async\" width=\"1024\" height=\"768\" src=\"https:\/\/moikk.hu\/wp-content\/uploads\/2021\/11\/1.-A-vaci-REV-vel-at-a-tulpartra-min-1024x768.jpg\" alt=\"\" data-id=\"1193\" data-full-url=\"https:\/\/moikk.hu\/wp-content\/uploads\/2021\/11\/1.-A-vaci-REV-vel-at-a-tulpartra-min-scaled.jpg\" data-link=\"https:\/\/moikk.hu\/?attachment_id=1193\" class=\"wp-image-1193\" srcset=\"https:\/\/moikk.hu\/wp-content\/uploads\/2021\/11\/1.-A-vaci-REV-vel-at-a-tulpartra-min-1024x768.jpg 1024w, https:\/\/moikk.hu\/wp-content\/uploads\/2021\/11\/1.-A-vaci-REV-vel-at-a-tulpartra-min-300x225.jpg 300w, https:\/\/moikk.hu\/wp-content\/uploads\/2021\/11\/1.-A-vaci-REV-vel-at-a-tulpartra-min-768x576.jpg 768w, https:\/\/moikk.hu\/wp-content\/uploads\/2021\/11\/1.-A-vaci-REV-vel-at-a-tulpartra-min-1536x1152.jpg 1536w, https:\/\/moikk.hu\/wp-content\/uploads\/2021\/11\/1.-A-vaci-REV-vel-at-a-tulpartra-min-2048x1536.jpg 2048w, https:\/\/moikk.hu\/wp-content\/uploads\/2021\/11\/1.-A-vaci-REV-vel-at-a-tulpartra-min-850x638.jpg 850w\" sizes=\"auto, (max-width: 1024px) 100vw, 1024px\" \/><\/figure><\/li><\/ul><figcaption class=\"blocks-gallery-caption\">A v\u00e1ci r\u00e9vvel \u00e1t a t\u00falpartra<\/figcaption><\/figure>\n<\/div>\n\n\n\n<div class=\"wp-block-column is-layout-flow wp-block-column-is-layout-flow\">\n<figure class=\"wp-block-gallery columns-1 is-cropped wp-block-gallery-2 is-layout-flex wp-block-gallery-is-layout-flex\"><ul class=\"blocks-gallery-grid\"><li class=\"blocks-gallery-item\"><figure><img loading=\"lazy\" decoding=\"async\" width=\"1024\" height=\"768\" src=\"https:\/\/moikk.hu\/wp-content\/uploads\/2021\/11\/2.-Behajozunk-min-1024x768.jpg\" alt=\"\" data-id=\"1194\" data-full-url=\"https:\/\/moikk.hu\/wp-content\/uploads\/2021\/11\/2.-Behajozunk-min-scaled.jpg\" data-link=\"https:\/\/moikk.hu\/?attachment_id=1194\" class=\"wp-image-1194\" srcset=\"https:\/\/moikk.hu\/wp-content\/uploads\/2021\/11\/2.-Behajozunk-min-1024x768.jpg 1024w, https:\/\/moikk.hu\/wp-content\/uploads\/2021\/11\/2.-Behajozunk-min-300x225.jpg 300w, https:\/\/moikk.hu\/wp-content\/uploads\/2021\/11\/2.-Behajozunk-min-768x576.jpg 768w, https:\/\/moikk.hu\/wp-content\/uploads\/2021\/11\/2.-Behajozunk-min-1536x1152.jpg 1536w, https:\/\/moikk.hu\/wp-content\/uploads\/2021\/11\/2.-Behajozunk-min-2048x1536.jpg 2048w, https:\/\/moikk.hu\/wp-content\/uploads\/2021\/11\/2.-Behajozunk-min-850x638.jpg 850w\" sizes=\"auto, (max-width: 1024px) 100vw, 1024px\" \/><\/figure><\/li><\/ul><figcaption class=\"blocks-gallery-caption\">Behaj\u00f3zunk<\/figcaption><\/figure>\n<\/div>\n<\/div>\n\n\n\n<div class=\"wp-block-columns is-layout-flex wp-container-core-columns-is-layout-9d6595d7 wp-block-columns-is-layout-flex\">\n<div class=\"wp-block-column is-layout-flow wp-block-column-is-layout-flow\">\n<figure class=\"wp-block-gallery columns-1 is-cropped wp-block-gallery-3 is-layout-flex wp-block-gallery-is-layout-flex\"><ul class=\"blocks-gallery-grid\"><li class=\"blocks-gallery-item\"><figure><img loading=\"lazy\" decoding=\"async\" width=\"1024\" height=\"768\" src=\"https:\/\/moikk.hu\/wp-content\/uploads\/2021\/11\/3.-Az-ido-gyonyoru-hajozni-jo-min-1024x768.jpg\" alt=\"\" data-id=\"1195\" data-full-url=\"https:\/\/moikk.hu\/wp-content\/uploads\/2021\/11\/3.-Az-ido-gyonyoru-hajozni-jo-min-scaled.jpg\" data-link=\"https:\/\/moikk.hu\/?attachment_id=1195\" class=\"wp-image-1195\" srcset=\"https:\/\/moikk.hu\/wp-content\/uploads\/2021\/11\/3.-Az-ido-gyonyoru-hajozni-jo-min-1024x768.jpg 1024w, https:\/\/moikk.hu\/wp-content\/uploads\/2021\/11\/3.-Az-ido-gyonyoru-hajozni-jo-min-300x225.jpg 300w, https:\/\/moikk.hu\/wp-content\/uploads\/2021\/11\/3.-Az-ido-gyonyoru-hajozni-jo-min-768x576.jpg 768w, https:\/\/moikk.hu\/wp-content\/uploads\/2021\/11\/3.-Az-ido-gyonyoru-hajozni-jo-min-1536x1152.jpg 1536w, https:\/\/moikk.hu\/wp-content\/uploads\/2021\/11\/3.-Az-ido-gyonyoru-hajozni-jo-min-2048x1536.jpg 2048w, https:\/\/moikk.hu\/wp-content\/uploads\/2021\/11\/3.-Az-ido-gyonyoru-hajozni-jo-min-850x638.jpg 850w\" sizes=\"auto, (max-width: 1024px) 100vw, 1024px\" \/><\/figure><\/li><\/ul><figcaption class=\"blocks-gallery-caption\">Az id\u0151 gy\u00f6ny\u00f6r\u0171, haj\u00f3zni j\u00f3!<\/figcaption><\/figure>\n<\/div>\n\n\n\n<div class=\"wp-block-column is-layout-flow wp-block-column-is-layout-flow\">\n<figure class=\"wp-block-gallery columns-1 is-cropped wp-block-gallery-4 is-layout-flex wp-block-gallery-is-layout-flex\"><ul class=\"blocks-gallery-grid\"><li class=\"blocks-gallery-item\"><figure><img loading=\"lazy\" decoding=\"async\" width=\"1024\" height=\"768\" src=\"https:\/\/moikk.hu\/wp-content\/uploads\/2021\/11\/4.-Vac-latkepe-a-Dunarol-1024x768.jpg\" alt=\"\" data-id=\"1196\" data-full-url=\"https:\/\/moikk.hu\/wp-content\/uploads\/2021\/11\/4.-Vac-latkepe-a-Dunarol.jpg\" data-link=\"https:\/\/moikk.hu\/?attachment_id=1196\" class=\"wp-image-1196\" srcset=\"https:\/\/moikk.hu\/wp-content\/uploads\/2021\/11\/4.-Vac-latkepe-a-Dunarol-1024x768.jpg 1024w, https:\/\/moikk.hu\/wp-content\/uploads\/2021\/11\/4.-Vac-latkepe-a-Dunarol-300x225.jpg 300w, https:\/\/moikk.hu\/wp-content\/uploads\/2021\/11\/4.-Vac-latkepe-a-Dunarol-768x576.jpg 768w, https:\/\/moikk.hu\/wp-content\/uploads\/2021\/11\/4.-Vac-latkepe-a-Dunarol-1536x1152.jpg 1536w, https:\/\/moikk.hu\/wp-content\/uploads\/2021\/11\/4.-Vac-latkepe-a-Dunarol-2048x1536.jpg 2048w, https:\/\/moikk.hu\/wp-content\/uploads\/2021\/11\/4.-Vac-latkepe-a-Dunarol-850x638.jpg 850w\" sizes=\"auto, (max-width: 1024px) 100vw, 1024px\" \/><\/figure><\/li><\/ul><figcaption class=\"blocks-gallery-caption\">V\u00e1c l\u00e1tk\u00e9pe a Dun\u00e1r\u00f3l<\/figcaption><\/figure>\n\n\n\n<p><\/p>\n<\/div>\n<\/div>\n\n\n\n<div class=\"wp-block-columns is-layout-flex wp-container-core-columns-is-layout-9d6595d7 wp-block-columns-is-layout-flex\">\n<div class=\"wp-block-column is-layout-flow wp-block-column-is-layout-flow\">\n<figure class=\"wp-block-gallery columns-1 is-cropped wp-block-gallery-5 is-layout-flex wp-block-gallery-is-layout-flex\"><ul class=\"blocks-gallery-grid\"><li class=\"blocks-gallery-item\"><figure><img loading=\"lazy\" decoding=\"async\" width=\"1024\" height=\"768\" src=\"https:\/\/moikk.hu\/wp-content\/uploads\/2021\/11\/4a.-Napfeny-Duna-Vac-1024x768.jpg\" alt=\"\" data-id=\"1197\" data-full-url=\"https:\/\/moikk.hu\/wp-content\/uploads\/2021\/11\/4a.-Napfeny-Duna-Vac.jpg\" data-link=\"https:\/\/moikk.hu\/?attachment_id=1197\" class=\"wp-image-1197\" srcset=\"https:\/\/moikk.hu\/wp-content\/uploads\/2021\/11\/4a.-Napfeny-Duna-Vac-1024x768.jpg 1024w, https:\/\/moikk.hu\/wp-content\/uploads\/2021\/11\/4a.-Napfeny-Duna-Vac-300x225.jpg 300w, https:\/\/moikk.hu\/wp-content\/uploads\/2021\/11\/4a.-Napfeny-Duna-Vac-768x576.jpg 768w, https:\/\/moikk.hu\/wp-content\/uploads\/2021\/11\/4a.-Napfeny-Duna-Vac-1536x1152.jpg 1536w, https:\/\/moikk.hu\/wp-content\/uploads\/2021\/11\/4a.-Napfeny-Duna-Vac-2048x1536.jpg 2048w, https:\/\/moikk.hu\/wp-content\/uploads\/2021\/11\/4a.-Napfeny-Duna-Vac-850x638.jpg 850w\" sizes=\"auto, (max-width: 1024px) 100vw, 1024px\" \/><\/figure><\/li><\/ul><figcaption class=\"blocks-gallery-caption\">Napf\u00e9ny, Duna, V\u00e1c<\/figcaption><\/figure>\n\n\n\n<p><\/p>\n<\/div>\n\n\n\n<div class=\"wp-block-column is-layout-flow wp-block-column-is-layout-flow\">\n<figure class=\"wp-block-gallery columns-1 is-cropped wp-block-gallery-6 is-layout-flex wp-block-gallery-is-layout-flex\"><ul class=\"blocks-gallery-grid\"><li class=\"blocks-gallery-item\"><figure><img loading=\"lazy\" decoding=\"async\" width=\"1024\" height=\"768\" src=\"https:\/\/moikk.hu\/wp-content\/uploads\/2021\/11\/4b.-Dunai-latkep-1024x768.jpg\" alt=\"\" data-id=\"1199\" data-full-url=\"https:\/\/moikk.hu\/wp-content\/uploads\/2021\/11\/4b.-Dunai-latkep.jpg\" data-link=\"https:\/\/moikk.hu\/?attachment_id=1199\" class=\"wp-image-1199\" srcset=\"https:\/\/moikk.hu\/wp-content\/uploads\/2021\/11\/4b.-Dunai-latkep-1024x768.jpg 1024w, https:\/\/moikk.hu\/wp-content\/uploads\/2021\/11\/4b.-Dunai-latkep-300x225.jpg 300w, https:\/\/moikk.hu\/wp-content\/uploads\/2021\/11\/4b.-Dunai-latkep-768x576.jpg 768w, https:\/\/moikk.hu\/wp-content\/uploads\/2021\/11\/4b.-Dunai-latkep-1536x1152.jpg 1536w, https:\/\/moikk.hu\/wp-content\/uploads\/2021\/11\/4b.-Dunai-latkep-2048x1536.jpg 2048w, https:\/\/moikk.hu\/wp-content\/uploads\/2021\/11\/4b.-Dunai-latkep-850x638.jpg 850w\" sizes=\"auto, (max-width: 1024px) 100vw, 1024px\" \/><\/figure><\/li><\/ul><figcaption class=\"blocks-gallery-caption\">Dunai l\u00e1tk\u00e9p<\/figcaption><\/figure>\n<\/div>\n<\/div>\n\n\n\n<div class=\"wp-block-columns is-layout-flex wp-container-core-columns-is-layout-9d6595d7 wp-block-columns-is-layout-flex\">\n<div class=\"wp-block-column is-layout-flow wp-block-column-is-layout-flow\">\n<figure class=\"wp-block-gallery columns-1 is-cropped wp-block-gallery-7 is-layout-flex wp-block-gallery-is-layout-flex\"><ul class=\"blocks-gallery-grid\"><li class=\"blocks-gallery-item\"><figure><img loading=\"lazy\" decoding=\"async\" width=\"1024\" height=\"768\" src=\"https:\/\/moikk.hu\/wp-content\/uploads\/2021\/11\/4d.-Sajnos-rovid-az-ut-kozel-a-tulpart...-min-1024x768.jpg\" alt=\"\" data-id=\"1200\" data-full-url=\"https:\/\/moikk.hu\/wp-content\/uploads\/2021\/11\/4d.-Sajnos-rovid-az-ut-kozel-a-tulpart...-min-scaled.jpg\" data-link=\"https:\/\/moikk.hu\/?attachment_id=1200\" class=\"wp-image-1200\" srcset=\"https:\/\/moikk.hu\/wp-content\/uploads\/2021\/11\/4d.-Sajnos-rovid-az-ut-kozel-a-tulpart...-min-1024x768.jpg 1024w, https:\/\/moikk.hu\/wp-content\/uploads\/2021\/11\/4d.-Sajnos-rovid-az-ut-kozel-a-tulpart...-min-300x225.jpg 300w, https:\/\/moikk.hu\/wp-content\/uploads\/2021\/11\/4d.-Sajnos-rovid-az-ut-kozel-a-tulpart...-min-768x576.jpg 768w, https:\/\/moikk.hu\/wp-content\/uploads\/2021\/11\/4d.-Sajnos-rovid-az-ut-kozel-a-tulpart...-min-1536x1152.jpg 1536w, https:\/\/moikk.hu\/wp-content\/uploads\/2021\/11\/4d.-Sajnos-rovid-az-ut-kozel-a-tulpart...-min-2048x1536.jpg 2048w, https:\/\/moikk.hu\/wp-content\/uploads\/2021\/11\/4d.-Sajnos-rovid-az-ut-kozel-a-tulpart...-min-850x638.jpg 850w\" sizes=\"auto, (max-width: 1024px) 100vw, 1024px\" \/><\/figure><\/li><\/ul><figcaption class=\"blocks-gallery-caption\">Sajnos r\u00f6vid az \u00fat, k\u00f6zel a t\u00falpart &#8230;<\/figcaption><\/figure>\n<\/div>\n\n\n\n<div class=\"wp-block-column is-layout-flow wp-block-column-is-layout-flow\">\n<figure class=\"wp-block-gallery columns-1 is-cropped wp-block-gallery-8 is-layout-flex wp-block-gallery-is-layout-flex\"><ul class=\"blocks-gallery-grid\"><li class=\"blocks-gallery-item\"><figure><img loading=\"lazy\" decoding=\"async\" width=\"1024\" height=\"768\" src=\"https:\/\/moikk.hu\/wp-content\/uploads\/2021\/11\/5.-Partra-szallunk-min-1024x768.jpg\" alt=\"\" data-id=\"1201\" data-full-url=\"https:\/\/moikk.hu\/wp-content\/uploads\/2021\/11\/5.-Partra-szallunk-min-scaled.jpg\" data-link=\"https:\/\/moikk.hu\/?attachment_id=1201\" class=\"wp-image-1201\" srcset=\"https:\/\/moikk.hu\/wp-content\/uploads\/2021\/11\/5.-Partra-szallunk-min-1024x768.jpg 1024w, https:\/\/moikk.hu\/wp-content\/uploads\/2021\/11\/5.-Partra-szallunk-min-300x225.jpg 300w, https:\/\/moikk.hu\/wp-content\/uploads\/2021\/11\/5.-Partra-szallunk-min-768x576.jpg 768w, https:\/\/moikk.hu\/wp-content\/uploads\/2021\/11\/5.-Partra-szallunk-min-1536x1152.jpg 1536w, https:\/\/moikk.hu\/wp-content\/uploads\/2021\/11\/5.-Partra-szallunk-min-2048x1536.jpg 2048w, https:\/\/moikk.hu\/wp-content\/uploads\/2021\/11\/5.-Partra-szallunk-min-850x638.jpg 850w\" sizes=\"auto, (max-width: 1024px) 100vw, 1024px\" \/><\/figure><\/li><\/ul><figcaption class=\"blocks-gallery-caption\">Partra sz\u00e1llunk<\/figcaption><\/figure>\n<\/div>\n<\/div>\n\n\n\n<div class=\"wp-block-columns is-layout-flex wp-container-core-columns-is-layout-9d6595d7 wp-block-columns-is-layout-flex\">\n<div class=\"wp-block-column is-layout-flow wp-block-column-is-layout-flow\">\n<figure class=\"wp-block-gallery columns-1 is-cropped wp-block-gallery-9 is-layout-flex wp-block-gallery-is-layout-flex\"><ul class=\"blocks-gallery-grid\"><li class=\"blocks-gallery-item\"><figure><img loading=\"lazy\" decoding=\"async\" width=\"1024\" height=\"768\" src=\"https:\/\/moikk.hu\/wp-content\/uploads\/2021\/11\/6.-Busszal-tovabb-Leanyfalura-min-1024x768.jpg\" alt=\"\" data-id=\"1202\" data-full-url=\"https:\/\/moikk.hu\/wp-content\/uploads\/2021\/11\/6.-Busszal-tovabb-Leanyfalura-min-scaled.jpg\" data-link=\"https:\/\/moikk.hu\/?attachment_id=1202\" class=\"wp-image-1202\" srcset=\"https:\/\/moikk.hu\/wp-content\/uploads\/2021\/11\/6.-Busszal-tovabb-Leanyfalura-min-1024x768.jpg 1024w, https:\/\/moikk.hu\/wp-content\/uploads\/2021\/11\/6.-Busszal-tovabb-Leanyfalura-min-300x225.jpg 300w, https:\/\/moikk.hu\/wp-content\/uploads\/2021\/11\/6.-Busszal-tovabb-Leanyfalura-min-768x576.jpg 768w, https:\/\/moikk.hu\/wp-content\/uploads\/2021\/11\/6.-Busszal-tovabb-Leanyfalura-min-1536x1152.jpg 1536w, https:\/\/moikk.hu\/wp-content\/uploads\/2021\/11\/6.-Busszal-tovabb-Leanyfalura-min-2048x1536.jpg 2048w, https:\/\/moikk.hu\/wp-content\/uploads\/2021\/11\/6.-Busszal-tovabb-Leanyfalura-min-850x638.jpg 850w\" sizes=\"auto, (max-width: 1024px) 100vw, 1024px\" \/><\/figure><\/li><\/ul><figcaption class=\"blocks-gallery-caption\">Busszal tov\u00e1bb; Le\u00e1nyfalura<\/figcaption><\/figure>\n<\/div>\n\n\n\n<div class=\"wp-block-column is-layout-flow wp-block-column-is-layout-flow\">\n<figure class=\"wp-block-gallery columns-1 is-cropped wp-block-gallery-10 is-layout-flex wp-block-gallery-is-layout-flex\"><ul class=\"blocks-gallery-grid\"><li class=\"blocks-gallery-item\"><figure><img loading=\"lazy\" decoding=\"async\" width=\"1024\" height=\"768\" src=\"https:\/\/moikk.hu\/wp-content\/uploads\/2021\/11\/7.-A-Muzeum-tulajdonosa-Szasz-Tas-dr.-a-kapuban-var-min-1024x768.jpg\" alt=\"\" data-id=\"1203\" data-full-url=\"https:\/\/moikk.hu\/wp-content\/uploads\/2021\/11\/7.-A-Muzeum-tulajdonosa-Szasz-Tas-dr.-a-kapuban-var-min-scaled.jpg\" data-link=\"https:\/\/moikk.hu\/?attachment_id=1203\" class=\"wp-image-1203\" srcset=\"https:\/\/moikk.hu\/wp-content\/uploads\/2021\/11\/7.-A-Muzeum-tulajdonosa-Szasz-Tas-dr.-a-kapuban-var-min-1024x768.jpg 1024w, https:\/\/moikk.hu\/wp-content\/uploads\/2021\/11\/7.-A-Muzeum-tulajdonosa-Szasz-Tas-dr.-a-kapuban-var-min-300x225.jpg 300w, https:\/\/moikk.hu\/wp-content\/uploads\/2021\/11\/7.-A-Muzeum-tulajdonosa-Szasz-Tas-dr.-a-kapuban-var-min-768x576.jpg 768w, https:\/\/moikk.hu\/wp-content\/uploads\/2021\/11\/7.-A-Muzeum-tulajdonosa-Szasz-Tas-dr.-a-kapuban-var-min-1536x1152.jpg 1536w, https:\/\/moikk.hu\/wp-content\/uploads\/2021\/11\/7.-A-Muzeum-tulajdonosa-Szasz-Tas-dr.-a-kapuban-var-min-2048x1536.jpg 2048w, https:\/\/moikk.hu\/wp-content\/uploads\/2021\/11\/7.-A-Muzeum-tulajdonosa-Szasz-Tas-dr.-a-kapuban-var-min-850x638.jpg 850w\" sizes=\"auto, (max-width: 1024px) 100vw, 1024px\" \/><\/figure><\/li><\/ul><figcaption class=\"blocks-gallery-caption\">A M\u00fazeum tulajdonosa, Sz\u00e1sz Tas dr. a kapuban v\u00e1r<\/figcaption><\/figure>\n<\/div>\n<\/div>\n\n\n\n<div class=\"wp-block-columns is-layout-flex wp-container-core-columns-is-layout-9d6595d7 wp-block-columns-is-layout-flex\">\n<div class=\"wp-block-column is-layout-flow wp-block-column-is-layout-flow\">\n<figure class=\"wp-block-gallery columns-1 is-cropped wp-block-gallery-11 is-layout-flex wp-block-gallery-is-layout-flex\"><ul class=\"blocks-gallery-grid\"><li class=\"blocks-gallery-item\"><figure><img loading=\"lazy\" decoding=\"async\" width=\"1024\" height=\"768\" src=\"https:\/\/moikk.hu\/wp-content\/uploads\/2021\/11\/8.-Csoportkepek-a-szep-kertben-min-1024x768.jpg\" alt=\"\" data-id=\"1204\" data-full-url=\"https:\/\/moikk.hu\/wp-content\/uploads\/2021\/11\/8.-Csoportkepek-a-szep-kertben-min-scaled.jpg\" data-link=\"https:\/\/moikk.hu\/?attachment_id=1204\" class=\"wp-image-1204\" srcset=\"https:\/\/moikk.hu\/wp-content\/uploads\/2021\/11\/8.-Csoportkepek-a-szep-kertben-min-1024x768.jpg 1024w, https:\/\/moikk.hu\/wp-content\/uploads\/2021\/11\/8.-Csoportkepek-a-szep-kertben-min-300x225.jpg 300w, https:\/\/moikk.hu\/wp-content\/uploads\/2021\/11\/8.-Csoportkepek-a-szep-kertben-min-768x576.jpg 768w, https:\/\/moikk.hu\/wp-content\/uploads\/2021\/11\/8.-Csoportkepek-a-szep-kertben-min-1536x1152.jpg 1536w, https:\/\/moikk.hu\/wp-content\/uploads\/2021\/11\/8.-Csoportkepek-a-szep-kertben-min-2048x1536.jpg 2048w, https:\/\/moikk.hu\/wp-content\/uploads\/2021\/11\/8.-Csoportkepek-a-szep-kertben-min-850x638.jpg 850w\" sizes=\"auto, (max-width: 1024px) 100vw, 1024px\" \/><\/figure><\/li><\/ul><figcaption class=\"blocks-gallery-caption\">Csoportk\u00e9pek a sz\u00e9p kertben<\/figcaption><\/figure>\n<\/div>\n\n\n\n<div class=\"wp-block-column is-layout-flow wp-block-column-is-layout-flow\">\n<figure class=\"wp-block-gallery columns-1 is-cropped wp-block-gallery-12 is-layout-flex wp-block-gallery-is-layout-flex\"><ul class=\"blocks-gallery-grid\"><li class=\"blocks-gallery-item\"><figure><img loading=\"lazy\" decoding=\"async\" width=\"1024\" height=\"768\" src=\"https:\/\/moikk.hu\/wp-content\/uploads\/2021\/11\/9.-MOIKK-sokasag-min-1024x768.jpg\" alt=\"\" data-id=\"1205\" data-full-url=\"https:\/\/moikk.hu\/wp-content\/uploads\/2021\/11\/9.-MOIKK-sokasag-min-scaled.jpg\" data-link=\"https:\/\/moikk.hu\/?attachment_id=1205\" class=\"wp-image-1205\" srcset=\"https:\/\/moikk.hu\/wp-content\/uploads\/2021\/11\/9.-MOIKK-sokasag-min-1024x768.jpg 1024w, https:\/\/moikk.hu\/wp-content\/uploads\/2021\/11\/9.-MOIKK-sokasag-min-300x225.jpg 300w, https:\/\/moikk.hu\/wp-content\/uploads\/2021\/11\/9.-MOIKK-sokasag-min-768x576.jpg 768w, https:\/\/moikk.hu\/wp-content\/uploads\/2021\/11\/9.-MOIKK-sokasag-min-1536x1152.jpg 1536w, https:\/\/moikk.hu\/wp-content\/uploads\/2021\/11\/9.-MOIKK-sokasag-min-2048x1536.jpg 2048w, https:\/\/moikk.hu\/wp-content\/uploads\/2021\/11\/9.-MOIKK-sokasag-min-850x638.jpg 850w\" sizes=\"auto, (max-width: 1024px) 100vw, 1024px\" \/><\/figure><\/li><\/ul><figcaption class=\"blocks-gallery-caption\">MO\u00cdKK sokas\u00e1g<\/figcaption><\/figure>\n<\/div>\n<\/div>\n\n\n\n<div class=\"wp-block-columns is-layout-flex wp-container-core-columns-is-layout-9d6595d7 wp-block-columns-is-layout-flex\">\n<div class=\"wp-block-column is-layout-flow wp-block-column-is-layout-flow\">\n<figure class=\"wp-block-gallery columns-1 is-cropped wp-block-gallery-13 is-layout-flex wp-block-gallery-is-layout-flex\"><ul class=\"blocks-gallery-grid\"><li class=\"blocks-gallery-item\"><figure><img loading=\"lazy\" decoding=\"async\" width=\"1024\" height=\"768\" src=\"https:\/\/moikk.hu\/wp-content\/uploads\/2021\/11\/10...csak-ugy-hogy-mindenki-lathato-legyen-min-1024x768.jpg\" alt=\"\" data-id=\"1206\" data-full-url=\"https:\/\/moikk.hu\/wp-content\/uploads\/2021\/11\/10...csak-ugy-hogy-mindenki-lathato-legyen-min-scaled.jpg\" data-link=\"https:\/\/moikk.hu\/?attachment_id=1206\" class=\"wp-image-1206\" srcset=\"https:\/\/moikk.hu\/wp-content\/uploads\/2021\/11\/10...csak-ugy-hogy-mindenki-lathato-legyen-min-1024x768.jpg 1024w, https:\/\/moikk.hu\/wp-content\/uploads\/2021\/11\/10...csak-ugy-hogy-mindenki-lathato-legyen-min-300x225.jpg 300w, https:\/\/moikk.hu\/wp-content\/uploads\/2021\/11\/10...csak-ugy-hogy-mindenki-lathato-legyen-min-768x576.jpg 768w, https:\/\/moikk.hu\/wp-content\/uploads\/2021\/11\/10...csak-ugy-hogy-mindenki-lathato-legyen-min-1536x1152.jpg 1536w, https:\/\/moikk.hu\/wp-content\/uploads\/2021\/11\/10...csak-ugy-hogy-mindenki-lathato-legyen-min-2048x1536.jpg 2048w, https:\/\/moikk.hu\/wp-content\/uploads\/2021\/11\/10...csak-ugy-hogy-mindenki-lathato-legyen-min-850x638.jpg 850w\" sizes=\"auto, (max-width: 1024px) 100vw, 1024px\" \/><\/figure><\/li><\/ul><figcaption class=\"blocks-gallery-caption\">&#8230; csak \u00fagy, hogy mindenkil\u00e1that\u00f3 legyen!<\/figcaption><\/figure>\n<\/div>\n\n\n\n<div class=\"wp-block-column is-layout-flow wp-block-column-is-layout-flow\">\n<figure class=\"wp-block-gallery columns-1 is-cropped wp-block-gallery-14 is-layout-flex wp-block-gallery-is-layout-flex\"><ul class=\"blocks-gallery-grid\"><li class=\"blocks-gallery-item\"><figure><img loading=\"lazy\" decoding=\"async\" width=\"1024\" height=\"768\" src=\"https:\/\/moikk.hu\/wp-content\/uploads\/2021\/11\/10a....-a-kedvunk-jo-1024x768.jpg\" alt=\"\" data-id=\"1207\" data-full-url=\"https:\/\/moikk.hu\/wp-content\/uploads\/2021\/11\/10a....-a-kedvunk-jo-scaled.jpg\" data-link=\"https:\/\/moikk.hu\/?attachment_id=1207\" class=\"wp-image-1207\" srcset=\"https:\/\/moikk.hu\/wp-content\/uploads\/2021\/11\/10a....-a-kedvunk-jo-1024x768.jpg 1024w, https:\/\/moikk.hu\/wp-content\/uploads\/2021\/11\/10a....-a-kedvunk-jo-300x225.jpg 300w, https:\/\/moikk.hu\/wp-content\/uploads\/2021\/11\/10a....-a-kedvunk-jo-768x576.jpg 768w, https:\/\/moikk.hu\/wp-content\/uploads\/2021\/11\/10a....-a-kedvunk-jo-1536x1152.jpg 1536w, https:\/\/moikk.hu\/wp-content\/uploads\/2021\/11\/10a....-a-kedvunk-jo-2048x1536.jpg 2048w, https:\/\/moikk.hu\/wp-content\/uploads\/2021\/11\/10a....-a-kedvunk-jo-850x638.jpg 850w\" sizes=\"auto, (max-width: 1024px) 100vw, 1024px\" \/><figcaption class=\"blocks-gallery-item__caption\">dav<\/figcaption><\/figure><\/li><\/ul><figcaption class=\"blocks-gallery-caption\">&#8230; a kedv\u00fcnk j\u00f3!<\/figcaption><\/figure>\n<\/div>\n<\/div>\n\n\n\n<div class=\"wp-block-columns is-layout-flex wp-container-core-columns-is-layout-9d6595d7 wp-block-columns-is-layout-flex\">\n<div class=\"wp-block-column is-layout-flow wp-block-column-is-layout-flow\">\n<figure class=\"wp-block-gallery columns-1 is-cropped wp-block-gallery-15 is-layout-flex wp-block-gallery-is-layout-flex\"><ul class=\"blocks-gallery-grid\"><li class=\"blocks-gallery-item\"><figure><img loading=\"lazy\" decoding=\"async\" width=\"768\" height=\"1024\" src=\"https:\/\/moikk.hu\/wp-content\/uploads\/2021\/11\/10b.Csoportkep-reszlet-min-768x1024.jpg\" alt=\"\" data-id=\"1208\" data-full-url=\"https:\/\/moikk.hu\/wp-content\/uploads\/2021\/11\/10b.Csoportkep-reszlet-min-scaled.jpg\" data-link=\"https:\/\/moikk.hu\/?attachment_id=1208\" class=\"wp-image-1208\" srcset=\"https:\/\/moikk.hu\/wp-content\/uploads\/2021\/11\/10b.Csoportkep-reszlet-min-768x1024.jpg 768w, https:\/\/moikk.hu\/wp-content\/uploads\/2021\/11\/10b.Csoportkep-reszlet-min-225x300.jpg 225w, https:\/\/moikk.hu\/wp-content\/uploads\/2021\/11\/10b.Csoportkep-reszlet-min-1152x1536.jpg 1152w, https:\/\/moikk.hu\/wp-content\/uploads\/2021\/11\/10b.Csoportkep-reszlet-min-1536x2048.jpg 1536w, https:\/\/moikk.hu\/wp-content\/uploads\/2021\/11\/10b.Csoportkep-reszlet-min-300x400.jpg 300w, https:\/\/moikk.hu\/wp-content\/uploads\/2021\/11\/10b.Csoportkep-reszlet-min-850x1133.jpg 850w, https:\/\/moikk.hu\/wp-content\/uploads\/2021\/11\/10b.Csoportkep-reszlet-min-scaled.jpg 1920w\" sizes=\"auto, (max-width: 768px) 100vw, 768px\" \/><\/figure><\/li><\/ul><figcaption class=\"blocks-gallery-caption\">Csoportk\u00e9p r\u00e9szlet<\/figcaption><\/figure>\n<\/div>\n\n\n\n<div class=\"wp-block-column is-layout-flow wp-block-column-is-layout-flow\">\n<figure class=\"wp-block-gallery columns-1 is-cropped wp-block-gallery-16 is-layout-flex wp-block-gallery-is-layout-flex\"><ul class=\"blocks-gallery-grid\"><li class=\"blocks-gallery-item\"><figure><img loading=\"lazy\" decoding=\"async\" width=\"768\" height=\"1024\" src=\"https:\/\/moikk.hu\/wp-content\/uploads\/2021\/11\/10c.-A-csoport-szele...-768x1024.jpg\" alt=\"\" data-id=\"1209\" data-full-url=\"https:\/\/moikk.hu\/wp-content\/uploads\/2021\/11\/10c.-A-csoport-szele...-scaled.jpg\" data-link=\"https:\/\/moikk.hu\/?attachment_id=1209\" class=\"wp-image-1209\" srcset=\"https:\/\/moikk.hu\/wp-content\/uploads\/2021\/11\/10c.-A-csoport-szele...-768x1024.jpg 768w, https:\/\/moikk.hu\/wp-content\/uploads\/2021\/11\/10c.-A-csoport-szele...-225x300.jpg 225w, https:\/\/moikk.hu\/wp-content\/uploads\/2021\/11\/10c.-A-csoport-szele...-1152x1536.jpg 1152w, https:\/\/moikk.hu\/wp-content\/uploads\/2021\/11\/10c.-A-csoport-szele...-1536x2048.jpg 1536w, https:\/\/moikk.hu\/wp-content\/uploads\/2021\/11\/10c.-A-csoport-szele...-300x400.jpg 300w, https:\/\/moikk.hu\/wp-content\/uploads\/2021\/11\/10c.-A-csoport-szele...-850x1133.jpg 850w, https:\/\/moikk.hu\/wp-content\/uploads\/2021\/11\/10c.-A-csoport-szele...-scaled.jpg 1920w\" sizes=\"auto, (max-width: 768px) 100vw, 768px\" \/><figcaption class=\"blocks-gallery-item__caption\">dav<\/figcaption><\/figure><\/li><\/ul><figcaption class=\"blocks-gallery-caption\">A csoport sz\u00e9le<\/figcaption><\/figure>\n<\/div>\n<\/div>\n\n\n\n<div class=\"wp-block-columns is-layout-flex wp-container-core-columns-is-layout-9d6595d7 wp-block-columns-is-layout-flex\">\n<div class=\"wp-block-column is-layout-flow wp-block-column-is-layout-flow\">\n<figure class=\"wp-block-gallery columns-1 is-cropped wp-block-gallery-17 is-layout-flex wp-block-gallery-is-layout-flex\"><ul class=\"blocks-gallery-grid\"><li class=\"blocks-gallery-item\"><figure><img loading=\"lazy\" decoding=\"async\" width=\"1024\" height=\"768\" src=\"https:\/\/moikk.hu\/wp-content\/uploads\/2021\/11\/11.-A-hazigazda-bemutatja-a-Hitel-Muzeumot-min-1024x768.jpg\" alt=\"\" data-id=\"1210\" data-full-url=\"https:\/\/moikk.hu\/wp-content\/uploads\/2021\/11\/11.-A-hazigazda-bemutatja-a-Hitel-Muzeumot-min-scaled.jpg\" data-link=\"https:\/\/moikk.hu\/?attachment_id=1210\" class=\"wp-image-1210\" srcset=\"https:\/\/moikk.hu\/wp-content\/uploads\/2021\/11\/11.-A-hazigazda-bemutatja-a-Hitel-Muzeumot-min-1024x768.jpg 1024w, https:\/\/moikk.hu\/wp-content\/uploads\/2021\/11\/11.-A-hazigazda-bemutatja-a-Hitel-Muzeumot-min-300x225.jpg 300w, https:\/\/moikk.hu\/wp-content\/uploads\/2021\/11\/11.-A-hazigazda-bemutatja-a-Hitel-Muzeumot-min-768x576.jpg 768w, https:\/\/moikk.hu\/wp-content\/uploads\/2021\/11\/11.-A-hazigazda-bemutatja-a-Hitel-Muzeumot-min-1536x1152.jpg 1536w, https:\/\/moikk.hu\/wp-content\/uploads\/2021\/11\/11.-A-hazigazda-bemutatja-a-Hitel-Muzeumot-min-2048x1536.jpg 2048w, https:\/\/moikk.hu\/wp-content\/uploads\/2021\/11\/11.-A-hazigazda-bemutatja-a-Hitel-Muzeumot-min-850x638.jpg 850w\" sizes=\"auto, (max-width: 1024px) 100vw, 1024px\" \/><\/figure><\/li><\/ul><figcaption class=\"blocks-gallery-caption\">A h\u00e1zigazda bemutatja a Hitel M\u00fazeumot<\/figcaption><\/figure>\n<\/div>\n\n\n\n<div class=\"wp-block-column is-layout-flow wp-block-column-is-layout-flow\">\n<figure class=\"wp-block-gallery columns-1 is-cropped wp-block-gallery-18 is-layout-flex wp-block-gallery-is-layout-flex\"><ul class=\"blocks-gallery-grid\"><li class=\"blocks-gallery-item\"><figure><img loading=\"lazy\" decoding=\"async\" width=\"1024\" height=\"768\" src=\"https:\/\/moikk.hu\/wp-content\/uploads\/2021\/11\/12.-Megtudjuk-a-Makovecz-haz-titkait-min-1024x768.jpg\" alt=\"\" data-id=\"1211\" data-full-url=\"https:\/\/moikk.hu\/wp-content\/uploads\/2021\/11\/12.-Megtudjuk-a-Makovecz-haz-titkait-min-scaled.jpg\" data-link=\"https:\/\/moikk.hu\/?attachment_id=1211\" class=\"wp-image-1211\" srcset=\"https:\/\/moikk.hu\/wp-content\/uploads\/2021\/11\/12.-Megtudjuk-a-Makovecz-haz-titkait-min-1024x768.jpg 1024w, https:\/\/moikk.hu\/wp-content\/uploads\/2021\/11\/12.-Megtudjuk-a-Makovecz-haz-titkait-min-300x225.jpg 300w, https:\/\/moikk.hu\/wp-content\/uploads\/2021\/11\/12.-Megtudjuk-a-Makovecz-haz-titkait-min-768x576.jpg 768w, https:\/\/moikk.hu\/wp-content\/uploads\/2021\/11\/12.-Megtudjuk-a-Makovecz-haz-titkait-min-1536x1152.jpg 1536w, https:\/\/moikk.hu\/wp-content\/uploads\/2021\/11\/12.-Megtudjuk-a-Makovecz-haz-titkait-min-2048x1536.jpg 2048w, https:\/\/moikk.hu\/wp-content\/uploads\/2021\/11\/12.-Megtudjuk-a-Makovecz-haz-titkait-min-850x638.jpg 850w\" sizes=\"auto, (max-width: 1024px) 100vw, 1024px\" \/><\/figure><\/li><\/ul><figcaption class=\"blocks-gallery-caption\">Megtudjuk a Makovecz-h\u00e1z titkait<\/figcaption><\/figure>\n<\/div>\n<\/div>\n\n\n\n<div class=\"wp-block-columns is-layout-flex wp-container-core-columns-is-layout-9d6595d7 wp-block-columns-is-layout-flex\">\n<div class=\"wp-block-column is-layout-flow wp-block-column-is-layout-flow\">\n<figure class=\"wp-block-gallery columns-1 is-cropped wp-block-gallery-19 is-layout-flex wp-block-gallery-is-layout-flex\"><ul class=\"blocks-gallery-grid\"><li class=\"blocks-gallery-item\"><figure><img loading=\"lazy\" decoding=\"async\" width=\"1024\" height=\"768\" src=\"https:\/\/moikk.hu\/wp-content\/uploads\/2021\/11\/13.-...es-a-csoda-min-1024x768.jpg\" alt=\"\" data-id=\"1212\" data-full-url=\"https:\/\/moikk.hu\/wp-content\/uploads\/2021\/11\/13.-...es-a-csoda-min-scaled.jpg\" data-link=\"https:\/\/moikk.hu\/?attachment_id=1212\" class=\"wp-image-1212\" srcset=\"https:\/\/moikk.hu\/wp-content\/uploads\/2021\/11\/13.-...es-a-csoda-min-1024x768.jpg 1024w, https:\/\/moikk.hu\/wp-content\/uploads\/2021\/11\/13.-...es-a-csoda-min-300x225.jpg 300w, https:\/\/moikk.hu\/wp-content\/uploads\/2021\/11\/13.-...es-a-csoda-min-768x576.jpg 768w, https:\/\/moikk.hu\/wp-content\/uploads\/2021\/11\/13.-...es-a-csoda-min-1536x1152.jpg 1536w, https:\/\/moikk.hu\/wp-content\/uploads\/2021\/11\/13.-...es-a-csoda-min-2048x1536.jpg 2048w, https:\/\/moikk.hu\/wp-content\/uploads\/2021\/11\/13.-...es-a-csoda-min-850x638.jpg 850w\" sizes=\"auto, (max-width: 1024px) 100vw, 1024px\" \/><\/figure><\/li><\/ul><figcaption class=\"blocks-gallery-caption\">&#8230; \u00e9s a csoda!<\/figcaption><\/figure>\n<\/div>\n\n\n\n<div class=\"wp-block-column is-layout-flow wp-block-column-is-layout-flow\">\n<figure class=\"wp-block-gallery columns-1 is-cropped wp-block-gallery-20 is-layout-flex wp-block-gallery-is-layout-flex\"><ul class=\"blocks-gallery-grid\"><li class=\"blocks-gallery-item\"><figure><img loading=\"lazy\" decoding=\"async\" width=\"1024\" height=\"768\" src=\"https:\/\/moikk.hu\/wp-content\/uploads\/2021\/11\/16.-Makovecz-fele-mestergerendak-min-1024x768.jpg\" alt=\"\" data-id=\"1215\" data-full-url=\"https:\/\/moikk.hu\/wp-content\/uploads\/2021\/11\/16.-Makovecz-fele-mestergerendak-min-scaled.jpg\" data-link=\"https:\/\/moikk.hu\/?attachment_id=1215\" class=\"wp-image-1215\" srcset=\"https:\/\/moikk.hu\/wp-content\/uploads\/2021\/11\/16.-Makovecz-fele-mestergerendak-min-1024x768.jpg 1024w, https:\/\/moikk.hu\/wp-content\/uploads\/2021\/11\/16.-Makovecz-fele-mestergerendak-min-300x225.jpg 300w, https:\/\/moikk.hu\/wp-content\/uploads\/2021\/11\/16.-Makovecz-fele-mestergerendak-min-768x576.jpg 768w, https:\/\/moikk.hu\/wp-content\/uploads\/2021\/11\/16.-Makovecz-fele-mestergerendak-min-1536x1152.jpg 1536w, https:\/\/moikk.hu\/wp-content\/uploads\/2021\/11\/16.-Makovecz-fele-mestergerendak-min-2048x1536.jpg 2048w, https:\/\/moikk.hu\/wp-content\/uploads\/2021\/11\/16.-Makovecz-fele-mestergerendak-min-850x638.jpg 850w\" sizes=\"auto, (max-width: 1024px) 100vw, 1024px\" \/><\/figure><\/li><\/ul><figcaption class=\"blocks-gallery-caption\">Makovecz f\u00e9le mestergerend\u00e1k<\/figcaption><\/figure>\n<\/div>\n<\/div>\n\n\n\n<div class=\"wp-block-columns is-layout-flex wp-container-core-columns-is-layout-9d6595d7 wp-block-columns-is-layout-flex\">\n<div class=\"wp-block-column is-layout-flow wp-block-column-is-layout-flow\">\n<figure class=\"wp-block-gallery columns-1 is-cropped wp-block-gallery-21 is-layout-flex wp-block-gallery-is-layout-flex\"><ul class=\"blocks-gallery-grid\"><li class=\"blocks-gallery-item\"><figure><img loading=\"lazy\" decoding=\"async\" width=\"900\" height=\"1024\" src=\"https:\/\/moikk.hu\/wp-content\/uploads\/2021\/11\/13a.-Szasz-Istvanne-Horn-Ida-a-Hitel-haziasszonyanak-szobra-2-900x1024.jpg\" alt=\"\" data-id=\"1216\" data-full-url=\"https:\/\/moikk.hu\/wp-content\/uploads\/2021\/11\/13a.-Szasz-Istvanne-Horn-Ida-a-Hitel-haziasszonyanak-szobra-2-scaled.jpg\" data-link=\"https:\/\/moikk.hu\/?attachment_id=1216\" class=\"wp-image-1216\" srcset=\"https:\/\/moikk.hu\/wp-content\/uploads\/2021\/11\/13a.-Szasz-Istvanne-Horn-Ida-a-Hitel-haziasszonyanak-szobra-2-900x1024.jpg 900w, https:\/\/moikk.hu\/wp-content\/uploads\/2021\/11\/13a.-Szasz-Istvanne-Horn-Ida-a-Hitel-haziasszonyanak-szobra-2-264x300.jpg 264w, https:\/\/moikk.hu\/wp-content\/uploads\/2021\/11\/13a.-Szasz-Istvanne-Horn-Ida-a-Hitel-haziasszonyanak-szobra-2-768x874.jpg 768w, https:\/\/moikk.hu\/wp-content\/uploads\/2021\/11\/13a.-Szasz-Istvanne-Horn-Ida-a-Hitel-haziasszonyanak-szobra-2-1350x1536.jpg 1350w, https:\/\/moikk.hu\/wp-content\/uploads\/2021\/11\/13a.-Szasz-Istvanne-Horn-Ida-a-Hitel-haziasszonyanak-szobra-2-1801x2048.jpg 1801w, https:\/\/moikk.hu\/wp-content\/uploads\/2021\/11\/13a.-Szasz-Istvanne-Horn-Ida-a-Hitel-haziasszonyanak-szobra-2-300x341.jpg 300w, https:\/\/moikk.hu\/wp-content\/uploads\/2021\/11\/13a.-Szasz-Istvanne-Horn-Ida-a-Hitel-haziasszonyanak-szobra-2-850x967.jpg 850w\" sizes=\"auto, (max-width: 900px) 100vw, 900px\" \/><figcaption class=\"blocks-gallery-item__caption\">smart<\/figcaption><\/figure><\/li><\/ul><figcaption class=\"blocks-gallery-caption\">Sz\u00e1sz Istv\u00e1nn\u00e9 Hort Ida, a Hitel h\u00e1ziasszony\u00e1nak szobra<\/figcaption><\/figure>\n<\/div>\n\n\n\n<div class=\"wp-block-column is-layout-flow wp-block-column-is-layout-flow\">\n<figure class=\"wp-block-gallery columns-1 is-cropped wp-block-gallery-22 is-layout-flex wp-block-gallery-is-layout-flex\"><ul class=\"blocks-gallery-grid\"><li class=\"blocks-gallery-item\"><figure><img loading=\"lazy\" decoding=\"async\" width=\"768\" height=\"1024\" src=\"https:\/\/moikk.hu\/wp-content\/uploads\/2021\/11\/13b.-a-Hitelmuzeum-elotte-tiszteleg-768x1024.jpg\" alt=\"\" data-id=\"1217\" data-full-url=\"https:\/\/moikk.hu\/wp-content\/uploads\/2021\/11\/13b.-a-Hitelmuzeum-elotte-tiszteleg-scaled.jpg\" data-link=\"https:\/\/moikk.hu\/?attachment_id=1217\" class=\"wp-image-1217\" srcset=\"https:\/\/moikk.hu\/wp-content\/uploads\/2021\/11\/13b.-a-Hitelmuzeum-elotte-tiszteleg-768x1024.jpg 768w, https:\/\/moikk.hu\/wp-content\/uploads\/2021\/11\/13b.-a-Hitelmuzeum-elotte-tiszteleg-225x300.jpg 225w, https:\/\/moikk.hu\/wp-content\/uploads\/2021\/11\/13b.-a-Hitelmuzeum-elotte-tiszteleg-1152x1536.jpg 1152w, https:\/\/moikk.hu\/wp-content\/uploads\/2021\/11\/13b.-a-Hitelmuzeum-elotte-tiszteleg-1536x2048.jpg 1536w, https:\/\/moikk.hu\/wp-content\/uploads\/2021\/11\/13b.-a-Hitelmuzeum-elotte-tiszteleg-300x400.jpg 300w, https:\/\/moikk.hu\/wp-content\/uploads\/2021\/11\/13b.-a-Hitelmuzeum-elotte-tiszteleg-850x1133.jpg 850w, https:\/\/moikk.hu\/wp-content\/uploads\/2021\/11\/13b.-a-Hitelmuzeum-elotte-tiszteleg-scaled.jpg 1920w\" sizes=\"auto, (max-width: 768px) 100vw, 768px\" \/><figcaption class=\"blocks-gallery-item__caption\">smart<\/figcaption><\/figure><\/li><\/ul><figcaption class=\"blocks-gallery-caption\">A Hitel M\u00fazeum el\u0151tte tiszteleg<\/figcaption><\/figure>\n<\/div>\n<\/div>\n\n\n\n<div class=\"wp-block-columns is-layout-flex wp-container-core-columns-is-layout-9d6595d7 wp-block-columns-is-layout-flex\">\n<div class=\"wp-block-column is-layout-flow wp-block-column-is-layout-flow\">\n<figure class=\"wp-block-gallery columns-1 is-cropped wp-block-gallery-23 is-layout-flex wp-block-gallery-is-layout-flex\"><ul class=\"blocks-gallery-grid\"><li class=\"blocks-gallery-item\"><figure><img loading=\"lazy\" decoding=\"async\" width=\"970\" height=\"1024\" src=\"https:\/\/moikk.hu\/wp-content\/uploads\/2021\/11\/13c.-Hitel-Asztala-ulesrenddel-min-970x1024.jpg\" alt=\"\" data-id=\"1218\" data-full-url=\"https:\/\/moikk.hu\/wp-content\/uploads\/2021\/11\/13c.-Hitel-Asztala-ulesrenddel-min-scaled.jpg\" data-link=\"https:\/\/moikk.hu\/?attachment_id=1218\" class=\"wp-image-1218\" srcset=\"https:\/\/moikk.hu\/wp-content\/uploads\/2021\/11\/13c.-Hitel-Asztala-ulesrenddel-min-970x1024.jpg 970w, https:\/\/moikk.hu\/wp-content\/uploads\/2021\/11\/13c.-Hitel-Asztala-ulesrenddel-min-284x300.jpg 284w, https:\/\/moikk.hu\/wp-content\/uploads\/2021\/11\/13c.-Hitel-Asztala-ulesrenddel-min-768x810.jpg 768w, https:\/\/moikk.hu\/wp-content\/uploads\/2021\/11\/13c.-Hitel-Asztala-ulesrenddel-min-1456x1536.jpg 1456w, https:\/\/moikk.hu\/wp-content\/uploads\/2021\/11\/13c.-Hitel-Asztala-ulesrenddel-min-1941x2048.jpg 1941w, https:\/\/moikk.hu\/wp-content\/uploads\/2021\/11\/13c.-Hitel-Asztala-ulesrenddel-min-300x317.jpg 300w, https:\/\/moikk.hu\/wp-content\/uploads\/2021\/11\/13c.-Hitel-Asztala-ulesrenddel-min-850x897.jpg 850w\" sizes=\"auto, (max-width: 970px) 100vw, 970px\" \/><\/figure><\/li><\/ul><figcaption class=\"blocks-gallery-caption\">A Hitel asztala, \u00fcl\u00e9srenddel<\/figcaption><\/figure>\n<\/div>\n\n\n\n<div class=\"wp-block-column is-layout-flow wp-block-column-is-layout-flow\">\n<figure class=\"wp-block-gallery columns-1 is-cropped wp-block-gallery-24 is-layout-flex wp-block-gallery-is-layout-flex\"><ul class=\"blocks-gallery-grid\"><li class=\"blocks-gallery-item\"><figure><img loading=\"lazy\" decoding=\"async\" width=\"768\" height=\"1024\" src=\"https:\/\/moikk.hu\/wp-content\/uploads\/2021\/11\/14a.-Mint-Aliz-csodaorszagban-768x1024.jpg\" alt=\"\" data-id=\"1219\" data-full-url=\"https:\/\/moikk.hu\/wp-content\/uploads\/2021\/11\/14a.-Mint-Aliz-csodaorszagban-scaled.jpg\" data-link=\"https:\/\/moikk.hu\/?attachment_id=1219\" class=\"wp-image-1219\" srcset=\"https:\/\/moikk.hu\/wp-content\/uploads\/2021\/11\/14a.-Mint-Aliz-csodaorszagban-768x1024.jpg 768w, https:\/\/moikk.hu\/wp-content\/uploads\/2021\/11\/14a.-Mint-Aliz-csodaorszagban-225x300.jpg 225w, https:\/\/moikk.hu\/wp-content\/uploads\/2021\/11\/14a.-Mint-Aliz-csodaorszagban-1152x1536.jpg 1152w, https:\/\/moikk.hu\/wp-content\/uploads\/2021\/11\/14a.-Mint-Aliz-csodaorszagban-1536x2048.jpg 1536w, https:\/\/moikk.hu\/wp-content\/uploads\/2021\/11\/14a.-Mint-Aliz-csodaorszagban-300x400.jpg 300w, https:\/\/moikk.hu\/wp-content\/uploads\/2021\/11\/14a.-Mint-Aliz-csodaorszagban-850x1133.jpg 850w, https:\/\/moikk.hu\/wp-content\/uploads\/2021\/11\/14a.-Mint-Aliz-csodaorszagban-scaled.jpg 1920w\" sizes=\"auto, (max-width: 768px) 100vw, 768px\" \/><figcaption class=\"blocks-gallery-item__caption\">dav<\/figcaption><\/figure><\/li><\/ul><figcaption class=\"blocks-gallery-caption\">Mint Al\u00edz csodaorsz\u00e1gban<\/figcaption><\/figure>\n<\/div>\n<\/div>\n\n\n\n<div class=\"wp-block-columns is-layout-flex wp-container-core-columns-is-layout-9d6595d7 wp-block-columns-is-layout-flex\">\n<div class=\"wp-block-column is-layout-flow wp-block-column-is-layout-flow\">\n<figure class=\"wp-block-gallery columns-1 is-cropped wp-block-gallery-25 is-layout-flex wp-block-gallery-is-layout-flex\"><ul class=\"blocks-gallery-grid\"><li class=\"blocks-gallery-item\"><figure><img loading=\"lazy\" decoding=\"async\" width=\"768\" height=\"1024\" src=\"https:\/\/moikk.hu\/wp-content\/uploads\/2021\/11\/14b.-Minden-db.-ertek-768x1024.jpg\" alt=\"\" data-id=\"1220\" data-full-url=\"https:\/\/moikk.hu\/wp-content\/uploads\/2021\/11\/14b.-Minden-db.-ertek-scaled.jpg\" data-link=\"https:\/\/moikk.hu\/?attachment_id=1220\" class=\"wp-image-1220\" srcset=\"https:\/\/moikk.hu\/wp-content\/uploads\/2021\/11\/14b.-Minden-db.-ertek-768x1024.jpg 768w, https:\/\/moikk.hu\/wp-content\/uploads\/2021\/11\/14b.-Minden-db.-ertek-225x300.jpg 225w, https:\/\/moikk.hu\/wp-content\/uploads\/2021\/11\/14b.-Minden-db.-ertek-1152x1536.jpg 1152w, https:\/\/moikk.hu\/wp-content\/uploads\/2021\/11\/14b.-Minden-db.-ertek-1536x2048.jpg 1536w, https:\/\/moikk.hu\/wp-content\/uploads\/2021\/11\/14b.-Minden-db.-ertek-300x400.jpg 300w, https:\/\/moikk.hu\/wp-content\/uploads\/2021\/11\/14b.-Minden-db.-ertek-850x1133.jpg 850w, https:\/\/moikk.hu\/wp-content\/uploads\/2021\/11\/14b.-Minden-db.-ertek-scaled.jpg 1920w\" sizes=\"auto, (max-width: 768px) 100vw, 768px\" \/><figcaption class=\"blocks-gallery-item__caption\">dav<\/figcaption><\/figure><\/li><\/ul><figcaption class=\"blocks-gallery-caption\">Minden darab \u00e9rt\u00e9k<\/figcaption><\/figure>\n<\/div>\n\n\n\n<div class=\"wp-block-column is-layout-flow wp-block-column-is-layout-flow\">\n<figure class=\"wp-block-gallery columns-1 is-cropped wp-block-gallery-26 is-layout-flex wp-block-gallery-is-layout-flex\"><ul class=\"blocks-gallery-grid\"><li class=\"blocks-gallery-item\"><figure><img loading=\"lazy\" decoding=\"async\" width=\"768\" height=\"1024\" src=\"https:\/\/moikk.hu\/wp-content\/uploads\/2021\/11\/14c.-Amerre-a-szem-ellat...-768x1024.jpg\" alt=\"\" data-id=\"1221\" data-full-url=\"https:\/\/moikk.hu\/wp-content\/uploads\/2021\/11\/14c.-Amerre-a-szem-ellat...-scaled.jpg\" data-link=\"https:\/\/moikk.hu\/?attachment_id=1221\" class=\"wp-image-1221\" srcset=\"https:\/\/moikk.hu\/wp-content\/uploads\/2021\/11\/14c.-Amerre-a-szem-ellat...-768x1024.jpg 768w, https:\/\/moikk.hu\/wp-content\/uploads\/2021\/11\/14c.-Amerre-a-szem-ellat...-225x300.jpg 225w, https:\/\/moikk.hu\/wp-content\/uploads\/2021\/11\/14c.-Amerre-a-szem-ellat...-1152x1536.jpg 1152w, https:\/\/moikk.hu\/wp-content\/uploads\/2021\/11\/14c.-Amerre-a-szem-ellat...-1536x2048.jpg 1536w, https:\/\/moikk.hu\/wp-content\/uploads\/2021\/11\/14c.-Amerre-a-szem-ellat...-300x400.jpg 300w, https:\/\/moikk.hu\/wp-content\/uploads\/2021\/11\/14c.-Amerre-a-szem-ellat...-850x1133.jpg 850w, https:\/\/moikk.hu\/wp-content\/uploads\/2021\/11\/14c.-Amerre-a-szem-ellat...-scaled.jpg 1920w\" sizes=\"auto, (max-width: 768px) 100vw, 768px\" \/><figcaption class=\"blocks-gallery-item__caption\">dav<\/figcaption><\/figure><\/li><\/ul><figcaption class=\"blocks-gallery-caption\">Amerre a szem ell\u00e1t &#8230;<\/figcaption><\/figure>\n<\/div>\n<\/div>\n\n\n\n<div class=\"wp-block-columns is-layout-flex wp-container-core-columns-is-layout-9d6595d7 wp-block-columns-is-layout-flex\">\n<div class=\"wp-block-column is-layout-flow wp-block-column-is-layout-flow\">\n<figure class=\"wp-block-gallery columns-1 is-cropped wp-block-gallery-27 is-layout-flex wp-block-gallery-is-layout-flex\"><ul class=\"blocks-gallery-grid\"><li class=\"blocks-gallery-item\"><figure><img loading=\"lazy\" decoding=\"async\" width=\"768\" height=\"1024\" src=\"https:\/\/moikk.hu\/wp-content\/uploads\/2021\/11\/15.-Amulat...-768x1024.jpg\" alt=\"\" data-id=\"1222\" data-full-url=\"https:\/\/moikk.hu\/wp-content\/uploads\/2021\/11\/15.-Amulat....jpg\" data-link=\"https:\/\/moikk.hu\/?attachment_id=1222\" class=\"wp-image-1222\" srcset=\"https:\/\/moikk.hu\/wp-content\/uploads\/2021\/11\/15.-Amulat...-768x1024.jpg 768w, https:\/\/moikk.hu\/wp-content\/uploads\/2021\/11\/15.-Amulat...-225x300.jpg 225w, https:\/\/moikk.hu\/wp-content\/uploads\/2021\/11\/15.-Amulat...-1152x1536.jpg 1152w, https:\/\/moikk.hu\/wp-content\/uploads\/2021\/11\/15.-Amulat...-1536x2048.jpg 1536w, https:\/\/moikk.hu\/wp-content\/uploads\/2021\/11\/15.-Amulat...-300x400.jpg 300w, https:\/\/moikk.hu\/wp-content\/uploads\/2021\/11\/15.-Amulat...-850x1133.jpg 850w, https:\/\/moikk.hu\/wp-content\/uploads\/2021\/11\/15.-Amulat....jpg 1704w\" sizes=\"auto, (max-width: 768px) 100vw, 768px\" \/><\/figure><\/li><\/ul><figcaption class=\"blocks-gallery-caption\">\u00c1mulat<\/figcaption><\/figure>\n<\/div>\n\n\n\n<div class=\"wp-block-column is-layout-flow wp-block-column-is-layout-flow\">\n<figure class=\"wp-block-gallery columns-1 is-cropped wp-block-gallery-28 is-layout-flex wp-block-gallery-is-layout-flex\"><ul class=\"blocks-gallery-grid\"><li class=\"blocks-gallery-item\"><figure><img loading=\"lazy\" decoding=\"async\" width=\"1024\" height=\"768\" src=\"https:\/\/moikk.hu\/wp-content\/uploads\/2021\/11\/17.-Az-alkotas-es-alvas-helye-min-1024x768.jpg\" alt=\"\" data-id=\"1223\" data-full-url=\"https:\/\/moikk.hu\/wp-content\/uploads\/2021\/11\/17.-Az-alkotas-es-alvas-helye-min-scaled.jpg\" data-link=\"https:\/\/moikk.hu\/?attachment_id=1223\" class=\"wp-image-1223\" srcset=\"https:\/\/moikk.hu\/wp-content\/uploads\/2021\/11\/17.-Az-alkotas-es-alvas-helye-min-1024x768.jpg 1024w, https:\/\/moikk.hu\/wp-content\/uploads\/2021\/11\/17.-Az-alkotas-es-alvas-helye-min-300x225.jpg 300w, https:\/\/moikk.hu\/wp-content\/uploads\/2021\/11\/17.-Az-alkotas-es-alvas-helye-min-768x576.jpg 768w, https:\/\/moikk.hu\/wp-content\/uploads\/2021\/11\/17.-Az-alkotas-es-alvas-helye-min-1536x1152.jpg 1536w, https:\/\/moikk.hu\/wp-content\/uploads\/2021\/11\/17.-Az-alkotas-es-alvas-helye-min-2048x1536.jpg 2048w, https:\/\/moikk.hu\/wp-content\/uploads\/2021\/11\/17.-Az-alkotas-es-alvas-helye-min-850x638.jpg 850w\" sizes=\"auto, (max-width: 1024px) 100vw, 1024px\" \/><\/figure><\/li><\/ul><figcaption class=\"blocks-gallery-caption\">Az alkot\u00e1s \u00e9s az alv\u00e1s helye<\/figcaption><\/figure>\n<\/div>\n<\/div>\n\n\n\n<div class=\"wp-block-columns is-layout-flex wp-container-core-columns-is-layout-9d6595d7 wp-block-columns-is-layout-flex\">\n<div class=\"wp-block-column is-layout-flow wp-block-column-is-layout-flow\">\n<figure class=\"wp-block-gallery columns-1 is-cropped wp-block-gallery-29 is-layout-flex wp-block-gallery-is-layout-flex\"><ul class=\"blocks-gallery-grid\"><li class=\"blocks-gallery-item\"><figure><img loading=\"lazy\" decoding=\"async\" width=\"1024\" height=\"768\" src=\"https:\/\/moikk.hu\/wp-content\/uploads\/2021\/11\/14.-Tortenelmi-csodak-es-teritett-asztal-min-1024x768.jpg\" alt=\"\" data-id=\"1224\" data-full-url=\"https:\/\/moikk.hu\/wp-content\/uploads\/2021\/11\/14.-Tortenelmi-csodak-es-teritett-asztal-min-scaled.jpg\" data-link=\"https:\/\/moikk.hu\/?attachment_id=1224\" class=\"wp-image-1224\" srcset=\"https:\/\/moikk.hu\/wp-content\/uploads\/2021\/11\/14.-Tortenelmi-csodak-es-teritett-asztal-min-1024x768.jpg 1024w, https:\/\/moikk.hu\/wp-content\/uploads\/2021\/11\/14.-Tortenelmi-csodak-es-teritett-asztal-min-300x225.jpg 300w, https:\/\/moikk.hu\/wp-content\/uploads\/2021\/11\/14.-Tortenelmi-csodak-es-teritett-asztal-min-768x576.jpg 768w, https:\/\/moikk.hu\/wp-content\/uploads\/2021\/11\/14.-Tortenelmi-csodak-es-teritett-asztal-min-1536x1152.jpg 1536w, https:\/\/moikk.hu\/wp-content\/uploads\/2021\/11\/14.-Tortenelmi-csodak-es-teritett-asztal-min-2048x1536.jpg 2048w, https:\/\/moikk.hu\/wp-content\/uploads\/2021\/11\/14.-Tortenelmi-csodak-es-teritett-asztal-min-850x638.jpg 850w\" sizes=\"auto, (max-width: 1024px) 100vw, 1024px\" \/><\/figure><\/li><\/ul><figcaption class=\"blocks-gallery-caption\">T\u00f6rt\u00e9nelmi csod\u00e1k \u00e9s ter\u00edtett asztal<\/figcaption><\/figure>\n<\/div>\n\n\n\n<div class=\"wp-block-column is-layout-flow wp-block-column-is-layout-flow\">\n<figure class=\"wp-block-gallery columns-1 is-cropped wp-block-gallery-30 is-layout-flex wp-block-gallery-is-layout-flex\"><ul class=\"blocks-gallery-grid\"><li class=\"blocks-gallery-item\"><figure><img loading=\"lazy\" decoding=\"async\" width=\"768\" height=\"1024\" src=\"https:\/\/moikk.hu\/wp-content\/uploads\/2021\/11\/18.-Nezzuk-mi-van-az-uvegben-768x1024.jpg\" alt=\"\" data-id=\"1225\" data-full-url=\"https:\/\/moikk.hu\/wp-content\/uploads\/2021\/11\/18.-Nezzuk-mi-van-az-uvegben-scaled.jpg\" data-link=\"https:\/\/moikk.hu\/?attachment_id=1225\" class=\"wp-image-1225\" srcset=\"https:\/\/moikk.hu\/wp-content\/uploads\/2021\/11\/18.-Nezzuk-mi-van-az-uvegben-768x1024.jpg 768w, https:\/\/moikk.hu\/wp-content\/uploads\/2021\/11\/18.-Nezzuk-mi-van-az-uvegben-225x300.jpg 225w, https:\/\/moikk.hu\/wp-content\/uploads\/2021\/11\/18.-Nezzuk-mi-van-az-uvegben-1152x1536.jpg 1152w, https:\/\/moikk.hu\/wp-content\/uploads\/2021\/11\/18.-Nezzuk-mi-van-az-uvegben-1536x2048.jpg 1536w, https:\/\/moikk.hu\/wp-content\/uploads\/2021\/11\/18.-Nezzuk-mi-van-az-uvegben-300x400.jpg 300w, https:\/\/moikk.hu\/wp-content\/uploads\/2021\/11\/18.-Nezzuk-mi-van-az-uvegben-850x1133.jpg 850w, https:\/\/moikk.hu\/wp-content\/uploads\/2021\/11\/18.-Nezzuk-mi-van-az-uvegben-scaled.jpg 1920w\" sizes=\"auto, (max-width: 768px) 100vw, 768px\" \/><figcaption class=\"blocks-gallery-item__caption\">dav<\/figcaption><\/figure><\/li><\/ul><figcaption class=\"blocks-gallery-caption\">N\u00e9zz\u00fck mi van az \u00fcvegben<\/figcaption><\/figure>\n<\/div>\n<\/div>\n\n\n\n<div class=\"wp-block-columns is-layout-flex wp-container-core-columns-is-layout-9d6595d7 wp-block-columns-is-layout-flex\">\n<div class=\"wp-block-column is-layout-flow wp-block-column-is-layout-flow\">\n<figure class=\"wp-block-gallery columns-1 is-cropped wp-block-gallery-31 is-layout-flex wp-block-gallery-is-layout-flex\"><ul class=\"blocks-gallery-grid\"><li class=\"blocks-gallery-item\"><figure><img loading=\"lazy\" decoding=\"async\" width=\"768\" height=\"1024\" src=\"https:\/\/moikk.hu\/wp-content\/uploads\/2021\/11\/19.Fabinyi-Orsi-talalt-egy-tukrot...-768x1024.jpg\" alt=\"\" data-id=\"1226\" data-full-url=\"https:\/\/moikk.hu\/wp-content\/uploads\/2021\/11\/19.Fabinyi-Orsi-talalt-egy-tukrot...-scaled.jpg\" data-link=\"https:\/\/moikk.hu\/?attachment_id=1226\" class=\"wp-image-1226\" srcset=\"https:\/\/moikk.hu\/wp-content\/uploads\/2021\/11\/19.Fabinyi-Orsi-talalt-egy-tukrot...-768x1024.jpg 768w, https:\/\/moikk.hu\/wp-content\/uploads\/2021\/11\/19.Fabinyi-Orsi-talalt-egy-tukrot...-225x300.jpg 225w, https:\/\/moikk.hu\/wp-content\/uploads\/2021\/11\/19.Fabinyi-Orsi-talalt-egy-tukrot...-1152x1536.jpg 1152w, https:\/\/moikk.hu\/wp-content\/uploads\/2021\/11\/19.Fabinyi-Orsi-talalt-egy-tukrot...-1536x2048.jpg 1536w, https:\/\/moikk.hu\/wp-content\/uploads\/2021\/11\/19.Fabinyi-Orsi-talalt-egy-tukrot...-300x400.jpg 300w, https:\/\/moikk.hu\/wp-content\/uploads\/2021\/11\/19.Fabinyi-Orsi-talalt-egy-tukrot...-850x1133.jpg 850w, https:\/\/moikk.hu\/wp-content\/uploads\/2021\/11\/19.Fabinyi-Orsi-talalt-egy-tukrot...-scaled.jpg 1920w\" sizes=\"auto, (max-width: 768px) 100vw, 768px\" \/><figcaption class=\"blocks-gallery-item__caption\">dav<\/figcaption><\/figure><\/li><\/ul><figcaption class=\"blocks-gallery-caption\">Fabinyi Orsi tal\u00e1lt egy t\u00fckr\u00f6t<\/figcaption><\/figure>\n<\/div>\n\n\n\n<div class=\"wp-block-column is-layout-flow wp-block-column-is-layout-flow\">\n<figure class=\"wp-block-gallery columns-1 is-cropped wp-block-gallery-32 is-layout-flex wp-block-gallery-is-layout-flex\"><ul class=\"blocks-gallery-grid\"><li class=\"blocks-gallery-item\"><figure><img loading=\"lazy\" decoding=\"async\" width=\"768\" height=\"1024\" src=\"https:\/\/moikk.hu\/wp-content\/uploads\/2021\/11\/20.-Ezt-meg-kell-orokiteni-768x1024.jpg\" alt=\"\" data-id=\"1227\" data-full-url=\"https:\/\/moikk.hu\/wp-content\/uploads\/2021\/11\/20.-Ezt-meg-kell-orokiteni-scaled.jpg\" data-link=\"https:\/\/moikk.hu\/?attachment_id=1227\" class=\"wp-image-1227\" srcset=\"https:\/\/moikk.hu\/wp-content\/uploads\/2021\/11\/20.-Ezt-meg-kell-orokiteni-768x1024.jpg 768w, https:\/\/moikk.hu\/wp-content\/uploads\/2021\/11\/20.-Ezt-meg-kell-orokiteni-225x300.jpg 225w, https:\/\/moikk.hu\/wp-content\/uploads\/2021\/11\/20.-Ezt-meg-kell-orokiteni-1152x1536.jpg 1152w, https:\/\/moikk.hu\/wp-content\/uploads\/2021\/11\/20.-Ezt-meg-kell-orokiteni-1536x2048.jpg 1536w, https:\/\/moikk.hu\/wp-content\/uploads\/2021\/11\/20.-Ezt-meg-kell-orokiteni-300x400.jpg 300w, https:\/\/moikk.hu\/wp-content\/uploads\/2021\/11\/20.-Ezt-meg-kell-orokiteni-850x1133.jpg 850w, https:\/\/moikk.hu\/wp-content\/uploads\/2021\/11\/20.-Ezt-meg-kell-orokiteni-scaled.jpg 1920w\" sizes=\"auto, (max-width: 768px) 100vw, 768px\" \/><figcaption class=\"blocks-gallery-item__caption\">sdr<\/figcaption><\/figure><\/li><\/ul><figcaption class=\"blocks-gallery-caption\">Ezt meg kell \u00f6r\u00f6k\u00edteni!<\/figcaption><\/figure>\n<\/div>\n<\/div>\n\n\n\n<div class=\"wp-block-columns is-layout-flex wp-container-core-columns-is-layout-9d6595d7 wp-block-columns-is-layout-flex\">\n<div class=\"wp-block-column is-layout-flow wp-block-column-is-layout-flow\">\n<figure class=\"wp-block-gallery columns-1 is-cropped wp-block-gallery-33 is-layout-flex wp-block-gallery-is-layout-flex\"><ul class=\"blocks-gallery-grid\"><li class=\"blocks-gallery-item\"><figure><img loading=\"lazy\" decoding=\"async\" width=\"768\" height=\"1024\" src=\"https:\/\/moikk.hu\/wp-content\/uploads\/2021\/11\/21.-Kovats-dr.-es-a-targyak-768x1024.jpg\" alt=\"\" data-id=\"1228\" data-full-url=\"https:\/\/moikk.hu\/wp-content\/uploads\/2021\/11\/21.-Kovats-dr.-es-a-targyak-scaled.jpg\" data-link=\"https:\/\/moikk.hu\/?attachment_id=1228\" class=\"wp-image-1228\" srcset=\"https:\/\/moikk.hu\/wp-content\/uploads\/2021\/11\/21.-Kovats-dr.-es-a-targyak-768x1024.jpg 768w, https:\/\/moikk.hu\/wp-content\/uploads\/2021\/11\/21.-Kovats-dr.-es-a-targyak-225x300.jpg 225w, https:\/\/moikk.hu\/wp-content\/uploads\/2021\/11\/21.-Kovats-dr.-es-a-targyak-1152x1536.jpg 1152w, https:\/\/moikk.hu\/wp-content\/uploads\/2021\/11\/21.-Kovats-dr.-es-a-targyak-1536x2048.jpg 1536w, https:\/\/moikk.hu\/wp-content\/uploads\/2021\/11\/21.-Kovats-dr.-es-a-targyak-300x400.jpg 300w, https:\/\/moikk.hu\/wp-content\/uploads\/2021\/11\/21.-Kovats-dr.-es-a-targyak-850x1133.jpg 850w, https:\/\/moikk.hu\/wp-content\/uploads\/2021\/11\/21.-Kovats-dr.-es-a-targyak-scaled.jpg 1920w\" sizes=\"auto, (max-width: 768px) 100vw, 768px\" \/><figcaption class=\"blocks-gallery-item__caption\">dav<\/figcaption><\/figure><\/li><\/ul><figcaption class=\"blocks-gallery-caption\">Kov\u00e1ts dr. \u00e9s a t\u00e1rgyak<\/figcaption><\/figure>\n<\/div>\n\n\n\n<div class=\"wp-block-column is-layout-flow wp-block-column-is-layout-flow\">\n<figure class=\"wp-block-gallery columns-1 is-cropped wp-block-gallery-34 is-layout-flex wp-block-gallery-is-layout-flex\"><ul class=\"blocks-gallery-grid\"><li class=\"blocks-gallery-item\"><figure><img loading=\"lazy\" decoding=\"async\" width=\"768\" height=\"1024\" src=\"https:\/\/moikk.hu\/wp-content\/uploads\/2021\/11\/22.-Nyiba-Mester-a-kozeppontban...-768x1024.jpg\" alt=\"\" data-id=\"1229\" data-full-url=\"https:\/\/moikk.hu\/wp-content\/uploads\/2021\/11\/22.-Nyiba-Mester-a-kozeppontban...-scaled.jpg\" data-link=\"https:\/\/moikk.hu\/?attachment_id=1229\" class=\"wp-image-1229\" srcset=\"https:\/\/moikk.hu\/wp-content\/uploads\/2021\/11\/22.-Nyiba-Mester-a-kozeppontban...-768x1024.jpg 768w, https:\/\/moikk.hu\/wp-content\/uploads\/2021\/11\/22.-Nyiba-Mester-a-kozeppontban...-225x300.jpg 225w, https:\/\/moikk.hu\/wp-content\/uploads\/2021\/11\/22.-Nyiba-Mester-a-kozeppontban...-1152x1536.jpg 1152w, https:\/\/moikk.hu\/wp-content\/uploads\/2021\/11\/22.-Nyiba-Mester-a-kozeppontban...-1536x2048.jpg 1536w, https:\/\/moikk.hu\/wp-content\/uploads\/2021\/11\/22.-Nyiba-Mester-a-kozeppontban...-300x400.jpg 300w, https:\/\/moikk.hu\/wp-content\/uploads\/2021\/11\/22.-Nyiba-Mester-a-kozeppontban...-850x1133.jpg 850w, https:\/\/moikk.hu\/wp-content\/uploads\/2021\/11\/22.-Nyiba-Mester-a-kozeppontban...-scaled.jpg 1920w\" sizes=\"auto, (max-width: 768px) 100vw, 768px\" \/><figcaption class=\"blocks-gallery-item__caption\">dav<\/figcaption><\/figure><\/li><\/ul><figcaption class=\"blocks-gallery-caption\">Nyiba mester a k\u00f6z\u00e9ppontban<\/figcaption><\/figure>\n<\/div>\n<\/div>\n\n\n\n<div class=\"wp-block-columns is-layout-flex wp-container-core-columns-is-layout-9d6595d7 wp-block-columns-is-layout-flex\">\n<div class=\"wp-block-column is-layout-flow wp-block-column-is-layout-flow\">\n<figure class=\"wp-block-gallery columns-1 is-cropped wp-block-gallery-35 is-layout-flex wp-block-gallery-is-layout-flex\"><ul class=\"blocks-gallery-grid\"><li class=\"blocks-gallery-item\"><figure><img loading=\"lazy\" decoding=\"async\" width=\"768\" height=\"1024\" src=\"https:\/\/moikk.hu\/wp-content\/uploads\/2021\/11\/23.-...beszeljuk-meg...-768x1024.jpg\" alt=\"\" data-id=\"1230\" data-full-url=\"https:\/\/moikk.hu\/wp-content\/uploads\/2021\/11\/23.-...beszeljuk-meg...-scaled.jpg\" data-link=\"https:\/\/moikk.hu\/?attachment_id=1230\" class=\"wp-image-1230\" srcset=\"https:\/\/moikk.hu\/wp-content\/uploads\/2021\/11\/23.-...beszeljuk-meg...-768x1024.jpg 768w, https:\/\/moikk.hu\/wp-content\/uploads\/2021\/11\/23.-...beszeljuk-meg...-225x300.jpg 225w, https:\/\/moikk.hu\/wp-content\/uploads\/2021\/11\/23.-...beszeljuk-meg...-1152x1536.jpg 1152w, https:\/\/moikk.hu\/wp-content\/uploads\/2021\/11\/23.-...beszeljuk-meg...-1536x2048.jpg 1536w, https:\/\/moikk.hu\/wp-content\/uploads\/2021\/11\/23.-...beszeljuk-meg...-300x400.jpg 300w, https:\/\/moikk.hu\/wp-content\/uploads\/2021\/11\/23.-...beszeljuk-meg...-850x1133.jpg 850w, https:\/\/moikk.hu\/wp-content\/uploads\/2021\/11\/23.-...beszeljuk-meg...-scaled.jpg 1920w\" sizes=\"auto, (max-width: 768px) 100vw, 768px\" \/><figcaption class=\"blocks-gallery-item__caption\">sdr<\/figcaption><\/figure><\/li><\/ul><figcaption class=\"blocks-gallery-caption\">Besz\u00e9lj\u00fck meg<\/figcaption><\/figure>\n<\/div>\n\n\n\n<div class=\"wp-block-column is-layout-flow wp-block-column-is-layout-flow\">\n<figure class=\"wp-block-gallery columns-1 is-cropped wp-block-gallery-36 is-layout-flex wp-block-gallery-is-layout-flex\"><ul class=\"blocks-gallery-grid\"><li class=\"blocks-gallery-item\"><figure><img loading=\"lazy\" decoding=\"async\" width=\"768\" height=\"1024\" src=\"https:\/\/moikk.hu\/wp-content\/uploads\/2021\/11\/24.-Szasz-Istvan-Tas-dr.-konyvei-sok-kotetben-768x1024.jpg\" alt=\"\" data-id=\"1231\" data-full-url=\"https:\/\/moikk.hu\/wp-content\/uploads\/2021\/11\/24.-Szasz-Istvan-Tas-dr.-konyvei-sok-kotetben-scaled.jpg\" data-link=\"https:\/\/moikk.hu\/?attachment_id=1231\" class=\"wp-image-1231\" srcset=\"https:\/\/moikk.hu\/wp-content\/uploads\/2021\/11\/24.-Szasz-Istvan-Tas-dr.-konyvei-sok-kotetben-768x1024.jpg 768w, https:\/\/moikk.hu\/wp-content\/uploads\/2021\/11\/24.-Szasz-Istvan-Tas-dr.-konyvei-sok-kotetben-225x300.jpg 225w, https:\/\/moikk.hu\/wp-content\/uploads\/2021\/11\/24.-Szasz-Istvan-Tas-dr.-konyvei-sok-kotetben-1152x1536.jpg 1152w, https:\/\/moikk.hu\/wp-content\/uploads\/2021\/11\/24.-Szasz-Istvan-Tas-dr.-konyvei-sok-kotetben-1536x2048.jpg 1536w, https:\/\/moikk.hu\/wp-content\/uploads\/2021\/11\/24.-Szasz-Istvan-Tas-dr.-konyvei-sok-kotetben-300x400.jpg 300w, https:\/\/moikk.hu\/wp-content\/uploads\/2021\/11\/24.-Szasz-Istvan-Tas-dr.-konyvei-sok-kotetben-850x1133.jpg 850w, https:\/\/moikk.hu\/wp-content\/uploads\/2021\/11\/24.-Szasz-Istvan-Tas-dr.-konyvei-sok-kotetben-scaled.jpg 1920w\" sizes=\"auto, (max-width: 768px) 100vw, 768px\" \/><figcaption class=\"blocks-gallery-item__caption\">sdr<\/figcaption><\/figure><\/li><\/ul><figcaption class=\"blocks-gallery-caption\">Sz\u00e1sz Istv\u00e1n Tas dr. k\u00f6nyvei, sok k\u00f6tetben<\/figcaption><\/figure>\n<\/div>\n<\/div>\n\n\n\n<div class=\"wp-block-columns is-layout-flex wp-container-core-columns-is-layout-9d6595d7 wp-block-columns-is-layout-flex\">\n<div class=\"wp-block-column is-layout-flow wp-block-column-is-layout-flow\">\n<figure class=\"wp-block-gallery columns-1 is-cropped wp-block-gallery-37 is-layout-flex wp-block-gallery-is-layout-flex\"><ul class=\"blocks-gallery-grid\"><li class=\"blocks-gallery-item\"><figure><img loading=\"lazy\" decoding=\"async\" width=\"768\" height=\"1024\" src=\"https:\/\/moikk.hu\/wp-content\/uploads\/2021\/11\/25.-Napokig-volna-mirol-meselni-768x1024.jpg\" alt=\"\" data-id=\"1232\" data-full-url=\"https:\/\/moikk.hu\/wp-content\/uploads\/2021\/11\/25.-Napokig-volna-mirol-meselni-scaled.jpg\" data-link=\"https:\/\/moikk.hu\/?attachment_id=1232\" class=\"wp-image-1232\" srcset=\"https:\/\/moikk.hu\/wp-content\/uploads\/2021\/11\/25.-Napokig-volna-mirol-meselni-768x1024.jpg 768w, https:\/\/moikk.hu\/wp-content\/uploads\/2021\/11\/25.-Napokig-volna-mirol-meselni-225x300.jpg 225w, https:\/\/moikk.hu\/wp-content\/uploads\/2021\/11\/25.-Napokig-volna-mirol-meselni-1152x1536.jpg 1152w, https:\/\/moikk.hu\/wp-content\/uploads\/2021\/11\/25.-Napokig-volna-mirol-meselni-1536x2048.jpg 1536w, https:\/\/moikk.hu\/wp-content\/uploads\/2021\/11\/25.-Napokig-volna-mirol-meselni-300x400.jpg 300w, https:\/\/moikk.hu\/wp-content\/uploads\/2021\/11\/25.-Napokig-volna-mirol-meselni-850x1133.jpg 850w, https:\/\/moikk.hu\/wp-content\/uploads\/2021\/11\/25.-Napokig-volna-mirol-meselni-scaled.jpg 1920w\" sizes=\"auto, (max-width: 768px) 100vw, 768px\" \/><figcaption class=\"blocks-gallery-item__caption\">dav<\/figcaption><\/figure><\/li><\/ul><figcaption class=\"blocks-gallery-caption\">Napokig volna mir\u0151l mes\u00e9lni<\/figcaption><\/figure>\n<\/div>\n\n\n\n<div class=\"wp-block-column is-layout-flow wp-block-column-is-layout-flow\">\n<figure class=\"wp-block-gallery columns-1 is-cropped wp-block-gallery-38 is-layout-flex wp-block-gallery-is-layout-flex\"><ul class=\"blocks-gallery-grid\"><li class=\"blocks-gallery-item\"><figure><img loading=\"lazy\" decoding=\"async\" width=\"768\" height=\"1024\" src=\"https:\/\/moikk.hu\/wp-content\/uploads\/2021\/11\/26.-Az-idosebbek-mar-ulve-hallgatjak-768x1024.jpg\" alt=\"\" data-id=\"1233\" data-full-url=\"https:\/\/moikk.hu\/wp-content\/uploads\/2021\/11\/26.-Az-idosebbek-mar-ulve-hallgatjak-scaled.jpg\" data-link=\"https:\/\/moikk.hu\/?attachment_id=1233\" class=\"wp-image-1233\" srcset=\"https:\/\/moikk.hu\/wp-content\/uploads\/2021\/11\/26.-Az-idosebbek-mar-ulve-hallgatjak-768x1024.jpg 768w, https:\/\/moikk.hu\/wp-content\/uploads\/2021\/11\/26.-Az-idosebbek-mar-ulve-hallgatjak-225x300.jpg 225w, https:\/\/moikk.hu\/wp-content\/uploads\/2021\/11\/26.-Az-idosebbek-mar-ulve-hallgatjak-1152x1536.jpg 1152w, https:\/\/moikk.hu\/wp-content\/uploads\/2021\/11\/26.-Az-idosebbek-mar-ulve-hallgatjak-1536x2048.jpg 1536w, https:\/\/moikk.hu\/wp-content\/uploads\/2021\/11\/26.-Az-idosebbek-mar-ulve-hallgatjak-300x400.jpg 300w, https:\/\/moikk.hu\/wp-content\/uploads\/2021\/11\/26.-Az-idosebbek-mar-ulve-hallgatjak-850x1133.jpg 850w, https:\/\/moikk.hu\/wp-content\/uploads\/2021\/11\/26.-Az-idosebbek-mar-ulve-hallgatjak-scaled.jpg 1920w\" sizes=\"auto, (max-width: 768px) 100vw, 768px\" \/><figcaption class=\"blocks-gallery-item__caption\">dig<\/figcaption><\/figure><\/li><\/ul><figcaption class=\"blocks-gallery-caption\">Az id\u0151sebbek m\u00e1r \u00fclve hallgatj\u00e1k<\/figcaption><\/figure>\n<\/div>\n<\/div>\n\n\n\n<div class=\"wp-block-columns is-layout-flex wp-container-core-columns-is-layout-9d6595d7 wp-block-columns-is-layout-flex\">\n<div class=\"wp-block-column is-layout-flow wp-block-column-is-layout-flow\">\n<figure class=\"wp-block-gallery columns-1 is-cropped wp-block-gallery-39 is-layout-flex wp-block-gallery-is-layout-flex\"><ul class=\"blocks-gallery-grid\"><li class=\"blocks-gallery-item\"><figure><img loading=\"lazy\" decoding=\"async\" width=\"768\" height=\"1024\" src=\"https:\/\/moikk.hu\/wp-content\/uploads\/2021\/11\/28.-A-hazigazda-faradhatatlan-768x1024.jpg\" alt=\"\" data-id=\"1234\" data-full-url=\"https:\/\/moikk.hu\/wp-content\/uploads\/2021\/11\/28.-A-hazigazda-faradhatatlan-scaled.jpg\" data-link=\"https:\/\/moikk.hu\/?attachment_id=1234\" class=\"wp-image-1234\" srcset=\"https:\/\/moikk.hu\/wp-content\/uploads\/2021\/11\/28.-A-hazigazda-faradhatatlan-768x1024.jpg 768w, https:\/\/moikk.hu\/wp-content\/uploads\/2021\/11\/28.-A-hazigazda-faradhatatlan-225x300.jpg 225w, https:\/\/moikk.hu\/wp-content\/uploads\/2021\/11\/28.-A-hazigazda-faradhatatlan-1152x1536.jpg 1152w, https:\/\/moikk.hu\/wp-content\/uploads\/2021\/11\/28.-A-hazigazda-faradhatatlan-1536x2048.jpg 1536w, https:\/\/moikk.hu\/wp-content\/uploads\/2021\/11\/28.-A-hazigazda-faradhatatlan-300x400.jpg 300w, https:\/\/moikk.hu\/wp-content\/uploads\/2021\/11\/28.-A-hazigazda-faradhatatlan-850x1133.jpg 850w, https:\/\/moikk.hu\/wp-content\/uploads\/2021\/11\/28.-A-hazigazda-faradhatatlan-scaled.jpg 1920w\" sizes=\"auto, (max-width: 768px) 100vw, 768px\" \/><figcaption class=\"blocks-gallery-item__caption\">dig<\/figcaption><\/figure><\/li><\/ul><figcaption class=\"blocks-gallery-caption\">A h\u00e1zigazda f\u00e1radhatatlan<\/figcaption><\/figure>\n<\/div>\n\n\n\n<div class=\"wp-block-column is-layout-flow wp-block-column-is-layout-flow\">\n<figure class=\"wp-block-gallery columns-1 is-cropped wp-block-gallery-40 is-layout-flex wp-block-gallery-is-layout-flex\"><ul class=\"blocks-gallery-grid\"><li class=\"blocks-gallery-item\"><figure><img loading=\"lazy\" decoding=\"async\" width=\"768\" height=\"1024\" src=\"https:\/\/moikk.hu\/wp-content\/uploads\/2021\/11\/29.-A-latogatas-vegen-a-lanyok-elmosogatnak-768x1024.jpg\" alt=\"\" data-id=\"1235\" data-full-url=\"https:\/\/moikk.hu\/wp-content\/uploads\/2021\/11\/29.-A-latogatas-vegen-a-lanyok-elmosogatnak-scaled.jpg\" data-link=\"https:\/\/moikk.hu\/?attachment_id=1235\" class=\"wp-image-1235\" srcset=\"https:\/\/moikk.hu\/wp-content\/uploads\/2021\/11\/29.-A-latogatas-vegen-a-lanyok-elmosogatnak-768x1024.jpg 768w, https:\/\/moikk.hu\/wp-content\/uploads\/2021\/11\/29.-A-latogatas-vegen-a-lanyok-elmosogatnak-225x300.jpg 225w, https:\/\/moikk.hu\/wp-content\/uploads\/2021\/11\/29.-A-latogatas-vegen-a-lanyok-elmosogatnak-1152x1536.jpg 1152w, https:\/\/moikk.hu\/wp-content\/uploads\/2021\/11\/29.-A-latogatas-vegen-a-lanyok-elmosogatnak-1536x2048.jpg 1536w, https:\/\/moikk.hu\/wp-content\/uploads\/2021\/11\/29.-A-latogatas-vegen-a-lanyok-elmosogatnak-300x400.jpg 300w, https:\/\/moikk.hu\/wp-content\/uploads\/2021\/11\/29.-A-latogatas-vegen-a-lanyok-elmosogatnak-850x1133.jpg 850w, https:\/\/moikk.hu\/wp-content\/uploads\/2021\/11\/29.-A-latogatas-vegen-a-lanyok-elmosogatnak-scaled.jpg 1920w\" sizes=\"auto, (max-width: 768px) 100vw, 768px\" \/><figcaption class=\"blocks-gallery-item__caption\">dav<\/figcaption><\/figure><\/li><\/ul><figcaption class=\"blocks-gallery-caption\">A l\u00e1togat\u00e1s v\u00e9g\u00e9n a l\u00e1nyok elmosogatnak<\/figcaption><\/figure>\n<\/div>\n<\/div>\n\n\n\n<div class=\"wp-block-columns is-layout-flex wp-container-core-columns-is-layout-9d6595d7 wp-block-columns-is-layout-flex\">\n<div class=\"wp-block-column is-layout-flow wp-block-column-is-layout-flow\">\n<figure class=\"wp-block-gallery columns-1 is-cropped wp-block-gallery-41 is-layout-flex wp-block-gallery-is-layout-flex\"><ul class=\"blocks-gallery-grid\"><li class=\"blocks-gallery-item\"><figure><img loading=\"lazy\" decoding=\"async\" width=\"870\" height=\"1024\" src=\"https:\/\/moikk.hu\/wp-content\/uploads\/2021\/11\/29.-Meg-annyi-mondanivalom-lenne...-min-870x1024.jpg\" alt=\"\" data-id=\"1236\" data-full-url=\"https:\/\/moikk.hu\/wp-content\/uploads\/2021\/11\/29.-Meg-annyi-mondanivalom-lenne...-min-scaled.jpg\" data-link=\"https:\/\/moikk.hu\/?attachment_id=1236\" class=\"wp-image-1236\" srcset=\"https:\/\/moikk.hu\/wp-content\/uploads\/2021\/11\/29.-Meg-annyi-mondanivalom-lenne...-min-870x1024.jpg 870w, https:\/\/moikk.hu\/wp-content\/uploads\/2021\/11\/29.-Meg-annyi-mondanivalom-lenne...-min-255x300.jpg 255w, https:\/\/moikk.hu\/wp-content\/uploads\/2021\/11\/29.-Meg-annyi-mondanivalom-lenne...-min-768x904.jpg 768w, https:\/\/moikk.hu\/wp-content\/uploads\/2021\/11\/29.-Meg-annyi-mondanivalom-lenne...-min-1305x1536.jpg 1305w, https:\/\/moikk.hu\/wp-content\/uploads\/2021\/11\/29.-Meg-annyi-mondanivalom-lenne...-min-1740x2048.jpg 1740w, https:\/\/moikk.hu\/wp-content\/uploads\/2021\/11\/29.-Meg-annyi-mondanivalom-lenne...-min-300x353.jpg 300w, https:\/\/moikk.hu\/wp-content\/uploads\/2021\/11\/29.-Meg-annyi-mondanivalom-lenne...-min-850x1000.jpg 850w\" sizes=\"auto, (max-width: 870px) 100vw, 870px\" \/><\/figure><\/li><\/ul><figcaption class=\"blocks-gallery-caption\">M\u00e9g annyi mondanival\u00f3m lenne!<\/figcaption><\/figure>\n<\/div>\n\n\n\n<div class=\"wp-block-column is-layout-flow wp-block-column-is-layout-flow\">\n<figure class=\"wp-block-gallery columns-1 is-cropped wp-block-gallery-42 is-layout-flex wp-block-gallery-is-layout-flex\"><ul class=\"blocks-gallery-grid\"><li class=\"blocks-gallery-item\"><figure><img loading=\"lazy\" decoding=\"async\" width=\"1024\" height=\"768\" src=\"https:\/\/moikk.hu\/wp-content\/uploads\/2021\/11\/30.-Vissza-hajozunk-a-ReV-vel-Vacra-1024x768.jpg\" alt=\"\" data-id=\"1237\" data-full-url=\"https:\/\/moikk.hu\/wp-content\/uploads\/2021\/11\/30.-Vissza-hajozunk-a-ReV-vel-Vacra-scaled.jpg\" data-link=\"https:\/\/moikk.hu\/?attachment_id=1237\" class=\"wp-image-1237\" srcset=\"https:\/\/moikk.hu\/wp-content\/uploads\/2021\/11\/30.-Vissza-hajozunk-a-ReV-vel-Vacra-1024x768.jpg 1024w, https:\/\/moikk.hu\/wp-content\/uploads\/2021\/11\/30.-Vissza-hajozunk-a-ReV-vel-Vacra-300x225.jpg 300w, https:\/\/moikk.hu\/wp-content\/uploads\/2021\/11\/30.-Vissza-hajozunk-a-ReV-vel-Vacra-768x576.jpg 768w, https:\/\/moikk.hu\/wp-content\/uploads\/2021\/11\/30.-Vissza-hajozunk-a-ReV-vel-Vacra-1536x1152.jpg 1536w, https:\/\/moikk.hu\/wp-content\/uploads\/2021\/11\/30.-Vissza-hajozunk-a-ReV-vel-Vacra-2048x1536.jpg 2048w, https:\/\/moikk.hu\/wp-content\/uploads\/2021\/11\/30.-Vissza-hajozunk-a-ReV-vel-Vacra-850x638.jpg 850w\" sizes=\"auto, (max-width: 1024px) 100vw, 1024px\" \/><figcaption class=\"blocks-gallery-item__caption\">dig<\/figcaption><\/figure><\/li><\/ul><figcaption class=\"blocks-gallery-caption\">Visszahaj\u00f3zunk a r\u00e9vvel V\u00e1cra<\/figcaption><\/figure>\n<\/div>\n<\/div>\n","protected":false},"excerpt":{"rendered":"","protected":false},"author":1,"featured_media":0,"parent":0,"menu_order":0,"comment_status":"closed","ping_status":"closed","template":"","meta":{"footnotes":""},"class_list":["post-1192","page","type-page","status-publish","hentry"],"_links":{"self":[{"href":"https:\/\/moikk.hu\/index.php\/wp-json\/wp\/v2\/pages\/1192","targetHints":{"allow":["GET"]}}],"collection":[{"href":"https:\/\/moikk.hu\/index.php\/wp-json\/wp\/v2\/pages"}],"about":[{"href":"https:\/\/moikk.hu\/index.php\/wp-json\/wp\/v2\/types\/page"}],"author":[{"embeddable":true,"href":"https:\/\/moikk.hu\/index.php\/wp-json\/wp\/v2\/users\/1"}],"replies":[{"embeddable":true,"href":"https:\/\/moikk.hu\/index.php\/wp-json\/wp\/v2\/comments?post=1192"}],"version-history":[{"count":3,"href":"https:\/\/moikk.hu\/index.php\/wp-json\/wp\/v2\/pages\/1192\/revisions"}],"predecessor-version":[{"id":1242,"href":"https:\/\/moikk.hu\/index.php\/wp-json\/wp\/v2\/pages\/1192\/revisions\/1242"}],"wp:attachment":[{"href":"https:\/\/moikk.hu\/index.php\/wp-json\/wp\/v2\/media?parent=1192"}],"curies":[{"name":"wp","href":"https:\/\/api.w.org\/{rel}","templated":true}]}}