{"id":1103,"date":"2021-10-13T12:21:51","date_gmt":"2021-10-13T12:21:51","guid":{"rendered":"https:\/\/moikk.hu\/?page_id=1103"},"modified":"2021-10-17T10:33:17","modified_gmt":"2021-10-17T10:33:17","slug":"konyvbemutato-2021","status":"publish","type":"page","link":"https:\/\/moikk.hu\/index.php\/konyvbemutato-2021\/","title":{"rendered":"K\u00f6nyvbemutat\u00f3 &#8211; 2021"},"content":{"rendered":"\n<div class=\"wp-block-columns is-layout-flex wp-container-core-columns-is-layout-9d6595d7 wp-block-columns-is-layout-flex\">\n<div class=\"wp-block-column is-layout-flow wp-block-column-is-layout-flow\">\n<figure class=\"wp-block-gallery columns-1 is-cropped wp-block-gallery-1 is-layout-flex wp-block-gallery-is-layout-flex\"><ul class=\"blocks-gallery-grid\"><li class=\"blocks-gallery-item\"><figure><img loading=\"lazy\" decoding=\"async\" width=\"1024\" height=\"768\" src=\"https:\/\/moikk.hu\/wp-content\/uploads\/2021\/10\/1.-Nagy-erdeklodes-a-2021.-evi-konyvbemutaton-2-min-1024x768.jpg\" alt=\"\" data-id=\"1104\" data-full-url=\"https:\/\/moikk.hu\/wp-content\/uploads\/2021\/10\/1.-Nagy-erdeklodes-a-2021.-evi-konyvbemutaton-2-min-scaled.jpg\" data-link=\"https:\/\/moikk.hu\/?attachment_id=1104\" class=\"wp-image-1104\" srcset=\"https:\/\/moikk.hu\/wp-content\/uploads\/2021\/10\/1.-Nagy-erdeklodes-a-2021.-evi-konyvbemutaton-2-min-1024x768.jpg 1024w, https:\/\/moikk.hu\/wp-content\/uploads\/2021\/10\/1.-Nagy-erdeklodes-a-2021.-evi-konyvbemutaton-2-min-300x225.jpg 300w, https:\/\/moikk.hu\/wp-content\/uploads\/2021\/10\/1.-Nagy-erdeklodes-a-2021.-evi-konyvbemutaton-2-min-768x576.jpg 768w, https:\/\/moikk.hu\/wp-content\/uploads\/2021\/10\/1.-Nagy-erdeklodes-a-2021.-evi-konyvbemutaton-2-min-1536x1152.jpg 1536w, https:\/\/moikk.hu\/wp-content\/uploads\/2021\/10\/1.-Nagy-erdeklodes-a-2021.-evi-konyvbemutaton-2-min-2048x1536.jpg 2048w, https:\/\/moikk.hu\/wp-content\/uploads\/2021\/10\/1.-Nagy-erdeklodes-a-2021.-evi-konyvbemutaton-2-min-850x638.jpg 850w\" sizes=\"auto, (max-width: 1024px) 100vw, 1024px\" \/><\/figure><\/li><\/ul><figcaption class=\"blocks-gallery-caption\"><strong>Nagy \u00e9rdekl\u0151d\u00e9s a 2021. \u00e9vi k\u00f6nyvbemutat\u00f3n<\/strong><\/figcaption><\/figure>\n<\/div>\n\n\n\n<div class=\"wp-block-column is-layout-flow wp-block-column-is-layout-flow\">\n<figure class=\"wp-block-gallery columns-1 is-cropped wp-block-gallery-2 is-layout-flex wp-block-gallery-is-layout-flex\"><ul class=\"blocks-gallery-grid\"><li class=\"blocks-gallery-item\"><figure><img loading=\"lazy\" decoding=\"async\" width=\"1024\" height=\"487\" src=\"https:\/\/moikk.hu\/wp-content\/uploads\/2021\/10\/2.-Eletmubemutato-Dr.-Telkes-Margit-es-az-I.A.T.-Kiado-vezetoi-min-1024x487.jpg\" alt=\"\" data-id=\"1105\" data-full-url=\"https:\/\/moikk.hu\/wp-content\/uploads\/2021\/10\/2.-Eletmubemutato-Dr.-Telkes-Margit-es-az-I.A.T.-Kiado-vezetoi-min-scaled.jpg\" data-link=\"https:\/\/moikk.hu\/?attachment_id=1105\" class=\"wp-image-1105\" srcset=\"https:\/\/moikk.hu\/wp-content\/uploads\/2021\/10\/2.-Eletmubemutato-Dr.-Telkes-Margit-es-az-I.A.T.-Kiado-vezetoi-min-1024x487.jpg 1024w, https:\/\/moikk.hu\/wp-content\/uploads\/2021\/10\/2.-Eletmubemutato-Dr.-Telkes-Margit-es-az-I.A.T.-Kiado-vezetoi-min-300x143.jpg 300w, https:\/\/moikk.hu\/wp-content\/uploads\/2021\/10\/2.-Eletmubemutato-Dr.-Telkes-Margit-es-az-I.A.T.-Kiado-vezetoi-min-768x365.jpg 768w, https:\/\/moikk.hu\/wp-content\/uploads\/2021\/10\/2.-Eletmubemutato-Dr.-Telkes-Margit-es-az-I.A.T.-Kiado-vezetoi-min-1536x730.jpg 1536w, https:\/\/moikk.hu\/wp-content\/uploads\/2021\/10\/2.-Eletmubemutato-Dr.-Telkes-Margit-es-az-I.A.T.-Kiado-vezetoi-min-2048x973.jpg 2048w, https:\/\/moikk.hu\/wp-content\/uploads\/2021\/10\/2.-Eletmubemutato-Dr.-Telkes-Margit-es-az-I.A.T.-Kiado-vezetoi-min-850x404.jpg 850w\" sizes=\"auto, (max-width: 1024px) 100vw, 1024px\" \/><\/figure><\/li><\/ul><figcaption class=\"blocks-gallery-caption\"><strong>\u00c9letm\u0171bemutat\u00f3 &#8211; Dr. Telkes Margit \u00e9s az I.A.T. Kiad\u00f3 vezet\u0151i<\/strong><\/figcaption><\/figure>\n<\/div>\n<\/div>\n\n\n\n<div class=\"wp-block-columns is-layout-flex wp-container-core-columns-is-layout-9d6595d7 wp-block-columns-is-layout-flex\">\n<div class=\"wp-block-column is-layout-flow wp-block-column-is-layout-flow\">\n<figure class=\"wp-block-gallery columns-1 is-cropped wp-block-gallery-3 is-layout-flex wp-block-gallery-is-layout-flex\"><ul class=\"blocks-gallery-grid\"><li class=\"blocks-gallery-item\"><figure><img loading=\"lazy\" decoding=\"async\" width=\"1000\" height=\"1024\" src=\"https:\/\/moikk.hu\/wp-content\/uploads\/2021\/10\/3.-Brenyo-Jozsef-ig.-meltatja-Telkes-Margit-munkassagat-1000x1024.jpg\" alt=\"\" data-id=\"1106\" data-full-url=\"https:\/\/moikk.hu\/wp-content\/uploads\/2021\/10\/3.-Brenyo-Jozsef-ig.-meltatja-Telkes-Margit-munkassagat.jpg\" data-link=\"https:\/\/moikk.hu\/?attachment_id=1106\" class=\"wp-image-1106\" srcset=\"https:\/\/moikk.hu\/wp-content\/uploads\/2021\/10\/3.-Brenyo-Jozsef-ig.-meltatja-Telkes-Margit-munkassagat-1000x1024.jpg 1000w, https:\/\/moikk.hu\/wp-content\/uploads\/2021\/10\/3.-Brenyo-Jozsef-ig.-meltatja-Telkes-Margit-munkassagat-293x300.jpg 293w, https:\/\/moikk.hu\/wp-content\/uploads\/2021\/10\/3.-Brenyo-Jozsef-ig.-meltatja-Telkes-Margit-munkassagat-768x787.jpg 768w, https:\/\/moikk.hu\/wp-content\/uploads\/2021\/10\/3.-Brenyo-Jozsef-ig.-meltatja-Telkes-Margit-munkassagat-1499x1536.jpg 1499w, https:\/\/moikk.hu\/wp-content\/uploads\/2021\/10\/3.-Brenyo-Jozsef-ig.-meltatja-Telkes-Margit-munkassagat-1999x2048.jpg 1999w, https:\/\/moikk.hu\/wp-content\/uploads\/2021\/10\/3.-Brenyo-Jozsef-ig.-meltatja-Telkes-Margit-munkassagat-300x307.jpg 300w, https:\/\/moikk.hu\/wp-content\/uploads\/2021\/10\/3.-Brenyo-Jozsef-ig.-meltatja-Telkes-Margit-munkassagat-850x871.jpg 850w\" sizes=\"auto, (max-width: 1000px) 100vw, 1000px\" \/><\/figure><\/li><\/ul><figcaption class=\"blocks-gallery-caption\"><strong>Breny\u00f3 J\u00f3zsef m\u00e9ltatja Dr. Telkes Margit munk\u00e1ss\u00e1g\u00e1t<\/strong><\/figcaption><\/figure>\n<\/div>\n\n\n\n<div class=\"wp-block-column is-layout-flow wp-block-column-is-layout-flow\">\n<figure class=\"wp-block-gallery columns-1 is-cropped wp-block-gallery-4 is-layout-flex wp-block-gallery-is-layout-flex\"><ul class=\"blocks-gallery-grid\"><li class=\"blocks-gallery-item\"><figure><img loading=\"lazy\" decoding=\"async\" width=\"239\" height=\"300\" src=\"https:\/\/moikk.hu\/wp-content\/uploads\/2021\/10\/4.-Laudatiot-mond-Brenyo-Tamas-239x300.jpg\" alt=\"\" data-id=\"1107\" data-full-url=\"https:\/\/moikk.hu\/wp-content\/uploads\/2021\/10\/4.-Laudatiot-mond-Brenyo-Tamas.jpg\" data-link=\"https:\/\/moikk.hu\/?attachment_id=1107\" class=\"wp-image-1107\" srcset=\"https:\/\/moikk.hu\/wp-content\/uploads\/2021\/10\/4.-Laudatiot-mond-Brenyo-Tamas-239x300.jpg 239w, https:\/\/moikk.hu\/wp-content\/uploads\/2021\/10\/4.-Laudatiot-mond-Brenyo-Tamas-817x1024.jpg 817w, https:\/\/moikk.hu\/wp-content\/uploads\/2021\/10\/4.-Laudatiot-mond-Brenyo-Tamas-768x963.jpg 768w, https:\/\/moikk.hu\/wp-content\/uploads\/2021\/10\/4.-Laudatiot-mond-Brenyo-Tamas-1225x1536.jpg 1225w, https:\/\/moikk.hu\/wp-content\/uploads\/2021\/10\/4.-Laudatiot-mond-Brenyo-Tamas-1634x2048.jpg 1634w, https:\/\/moikk.hu\/wp-content\/uploads\/2021\/10\/4.-Laudatiot-mond-Brenyo-Tamas-300x376.jpg 300w, https:\/\/moikk.hu\/wp-content\/uploads\/2021\/10\/4.-Laudatiot-mond-Brenyo-Tamas-850x1065.jpg 850w, https:\/\/moikk.hu\/wp-content\/uploads\/2021\/10\/4.-Laudatiot-mond-Brenyo-Tamas.jpg 1922w\" sizes=\"auto, (max-width: 239px) 100vw, 239px\" \/><\/figure><\/li><\/ul><figcaption class=\"blocks-gallery-caption\"><strong>Laudatiot mond Breny\u00f3 Tam\u00e1s<\/strong><\/figcaption><\/figure>\n<\/div>\n<\/div>\n\n\n\n<div class=\"wp-block-columns is-layout-flex wp-container-core-columns-is-layout-9d6595d7 wp-block-columns-is-layout-flex\">\n<div class=\"wp-block-column is-layout-flow wp-block-column-is-layout-flow\">\n<figure class=\"wp-block-gallery columns-1 is-cropped wp-block-gallery-5 is-layout-flex wp-block-gallery-is-layout-flex\"><ul class=\"blocks-gallery-grid\"><li class=\"blocks-gallery-item\"><figure><img loading=\"lazy\" decoding=\"async\" width=\"1024\" height=\"768\" src=\"https:\/\/moikk.hu\/wp-content\/uploads\/2021\/10\/4b.-Dr.-Telkes-M.-2021.-evi-legujabb-konyve-min-1024x768.jpg\" alt=\"\" data-id=\"1109\" data-full-url=\"https:\/\/moikk.hu\/wp-content\/uploads\/2021\/10\/4b.-Dr.-Telkes-M.-2021.-evi-legujabb-konyve-min-scaled.jpg\" data-link=\"https:\/\/moikk.hu\/?attachment_id=1109\" class=\"wp-image-1109\" srcset=\"https:\/\/moikk.hu\/wp-content\/uploads\/2021\/10\/4b.-Dr.-Telkes-M.-2021.-evi-legujabb-konyve-min-1024x768.jpg 1024w, https:\/\/moikk.hu\/wp-content\/uploads\/2021\/10\/4b.-Dr.-Telkes-M.-2021.-evi-legujabb-konyve-min-300x225.jpg 300w, https:\/\/moikk.hu\/wp-content\/uploads\/2021\/10\/4b.-Dr.-Telkes-M.-2021.-evi-legujabb-konyve-min-768x576.jpg 768w, https:\/\/moikk.hu\/wp-content\/uploads\/2021\/10\/4b.-Dr.-Telkes-M.-2021.-evi-legujabb-konyve-min-1536x1152.jpg 1536w, https:\/\/moikk.hu\/wp-content\/uploads\/2021\/10\/4b.-Dr.-Telkes-M.-2021.-evi-legujabb-konyve-min-2048x1536.jpg 2048w, https:\/\/moikk.hu\/wp-content\/uploads\/2021\/10\/4b.-Dr.-Telkes-M.-2021.-evi-legujabb-konyve-min-850x638.jpg 850w\" sizes=\"auto, (max-width: 1024px) 100vw, 1024px\" \/><\/figure><\/li><\/ul><figcaption class=\"blocks-gallery-caption\"><strong>Dr. Telkes Margit 2021. \u00e9vi, leg\u00fajabb k\u00f6nyve<\/strong><\/figcaption><\/figure>\n<\/div>\n\n\n\n<div class=\"wp-block-column is-layout-flow wp-block-column-is-layout-flow\">\n<figure class=\"wp-block-gallery columns-1 is-cropped wp-block-gallery-6 is-layout-flex wp-block-gallery-is-layout-flex\"><ul class=\"blocks-gallery-grid\"><li class=\"blocks-gallery-item\"><figure><img loading=\"lazy\" decoding=\"async\" width=\"1024\" height=\"768\" src=\"https:\/\/moikk.hu\/wp-content\/uploads\/2021\/10\/4a.-min-1-1024x768.jpg\" alt=\"\" data-id=\"1110\" data-full-url=\"https:\/\/moikk.hu\/wp-content\/uploads\/2021\/10\/4a.-min-1-scaled.jpg\" data-link=\"https:\/\/moikk.hu\/?attachment_id=1110\" class=\"wp-image-1110\" srcset=\"https:\/\/moikk.hu\/wp-content\/uploads\/2021\/10\/4a.-min-1-1024x768.jpg 1024w, https:\/\/moikk.hu\/wp-content\/uploads\/2021\/10\/4a.-min-1-300x225.jpg 300w, https:\/\/moikk.hu\/wp-content\/uploads\/2021\/10\/4a.-min-1-768x576.jpg 768w, https:\/\/moikk.hu\/wp-content\/uploads\/2021\/10\/4a.-min-1-1536x1152.jpg 1536w, https:\/\/moikk.hu\/wp-content\/uploads\/2021\/10\/4a.-min-1-2048x1536.jpg 2048w, https:\/\/moikk.hu\/wp-content\/uploads\/2021\/10\/4a.-min-1-850x638.jpg 850w\" sizes=\"auto, (max-width: 1024px) 100vw, 1024px\" \/><\/figure><\/li><\/ul><figcaption class=\"blocks-gallery-caption\">A Laudatio<\/figcaption><\/figure>\n<\/div>\n<\/div>\n\n\n\n<div class=\"wp-block-columns is-layout-flex wp-container-core-columns-is-layout-9d6595d7 wp-block-columns-is-layout-flex\">\n<div class=\"wp-block-column is-layout-flow wp-block-column-is-layout-flow\">\n<figure class=\"wp-block-gallery columns-1 is-cropped wp-block-gallery-7 is-layout-flex wp-block-gallery-is-layout-flex\"><ul class=\"blocks-gallery-grid\"><li class=\"blocks-gallery-item\"><figure><img loading=\"lazy\" decoding=\"async\" width=\"1024\" height=\"515\" src=\"https:\/\/moikk.hu\/wp-content\/uploads\/2021\/10\/5.-Eletmubemutato-Dr.-Hankiss-Janos-es-a-Pytheas-Kiado-2-1024x515.jpg\" alt=\"\" data-id=\"1111\" data-full-url=\"https:\/\/moikk.hu\/wp-content\/uploads\/2021\/10\/5.-Eletmubemutato-Dr.-Hankiss-Janos-es-a-Pytheas-Kiado-2-scaled.jpg\" data-link=\"https:\/\/moikk.hu\/?attachment_id=1111\" class=\"wp-image-1111\" srcset=\"https:\/\/moikk.hu\/wp-content\/uploads\/2021\/10\/5.-Eletmubemutato-Dr.-Hankiss-Janos-es-a-Pytheas-Kiado-2-1024x515.jpg 1024w, https:\/\/moikk.hu\/wp-content\/uploads\/2021\/10\/5.-Eletmubemutato-Dr.-Hankiss-Janos-es-a-Pytheas-Kiado-2-300x151.jpg 300w, https:\/\/moikk.hu\/wp-content\/uploads\/2021\/10\/5.-Eletmubemutato-Dr.-Hankiss-Janos-es-a-Pytheas-Kiado-2-768x386.jpg 768w, https:\/\/moikk.hu\/wp-content\/uploads\/2021\/10\/5.-Eletmubemutato-Dr.-Hankiss-Janos-es-a-Pytheas-Kiado-2-1536x772.jpg 1536w, https:\/\/moikk.hu\/wp-content\/uploads\/2021\/10\/5.-Eletmubemutato-Dr.-Hankiss-Janos-es-a-Pytheas-Kiado-2-2048x1029.jpg 2048w, https:\/\/moikk.hu\/wp-content\/uploads\/2021\/10\/5.-Eletmubemutato-Dr.-Hankiss-Janos-es-a-Pytheas-Kiado-2-850x427.jpg 850w\" sizes=\"auto, (max-width: 1024px) 100vw, 1024px\" \/><\/figure><\/li><\/ul><figcaption class=\"blocks-gallery-caption\"><strong>\u00c9letm\u0171bemutat\u00f3 &#8211; Dr. Hankiss J\u00e1nos \u00e9s Pytheas Kiad\u00f3<\/strong><\/figcaption><\/figure>\n<\/div>\n\n\n\n<div class=\"wp-block-column is-layout-flow wp-block-column-is-layout-flow\">\n<figure class=\"wp-block-gallery columns-1 is-cropped wp-block-gallery-8 is-layout-flex wp-block-gallery-is-layout-flex\"><ul class=\"blocks-gallery-grid\"><li class=\"blocks-gallery-item\"><figure><img loading=\"lazy\" decoding=\"async\" width=\"188\" height=\"300\" src=\"https:\/\/moikk.hu\/wp-content\/uploads\/2021\/10\/5a.-Dr.-Hankiss-J.-es-Kelemen-Ors-188x300.jpg\" alt=\"\" data-id=\"1112\" data-full-url=\"https:\/\/moikk.hu\/wp-content\/uploads\/2021\/10\/5a.-Dr.-Hankiss-J.-es-Kelemen-Ors.jpg\" data-link=\"https:\/\/moikk.hu\/?attachment_id=1112\" class=\"wp-image-1112\" srcset=\"https:\/\/moikk.hu\/wp-content\/uploads\/2021\/10\/5a.-Dr.-Hankiss-J.-es-Kelemen-Ors-188x300.jpg 188w, https:\/\/moikk.hu\/wp-content\/uploads\/2021\/10\/5a.-Dr.-Hankiss-J.-es-Kelemen-Ors-643x1024.jpg 643w, https:\/\/moikk.hu\/wp-content\/uploads\/2021\/10\/5a.-Dr.-Hankiss-J.-es-Kelemen-Ors-768x1223.jpg 768w, https:\/\/moikk.hu\/wp-content\/uploads\/2021\/10\/5a.-Dr.-Hankiss-J.-es-Kelemen-Ors-965x1536.jpg 965w, https:\/\/moikk.hu\/wp-content\/uploads\/2021\/10\/5a.-Dr.-Hankiss-J.-es-Kelemen-Ors-1286x2048.jpg 1286w, https:\/\/moikk.hu\/wp-content\/uploads\/2021\/10\/5a.-Dr.-Hankiss-J.-es-Kelemen-Ors-300x478.jpg 300w, https:\/\/moikk.hu\/wp-content\/uploads\/2021\/10\/5a.-Dr.-Hankiss-J.-es-Kelemen-Ors-850x1353.jpg 850w, https:\/\/moikk.hu\/wp-content\/uploads\/2021\/10\/5a.-Dr.-Hankiss-J.-es-Kelemen-Ors.jpg 1420w\" sizes=\"auto, (max-width: 188px) 100vw, 188px\" \/><\/figure><\/li><\/ul><figcaption class=\"blocks-gallery-caption\"><strong>Dr. Hankiss J\u00e1nos \u00e9s Kelemen \u0150rs (Pytheas<\/strong>)<\/figcaption><\/figure>\n<\/div>\n<\/div>\n\n\n\n<div class=\"wp-block-columns is-layout-flex wp-container-core-columns-is-layout-9d6595d7 wp-block-columns-is-layout-flex\">\n<div class=\"wp-block-column is-layout-flow wp-block-column-is-layout-flow\">\n<figure class=\"wp-block-gallery columns-1 is-cropped wp-block-gallery-9 is-layout-flex wp-block-gallery-is-layout-flex\"><ul class=\"blocks-gallery-grid\"><li class=\"blocks-gallery-item\"><figure><img loading=\"lazy\" decoding=\"async\" width=\"263\" height=\"300\" src=\"https:\/\/moikk.hu\/wp-content\/uploads\/2021\/10\/5b.-Hankiss-Janos-dr.-referal-eletmuverol-263x300.jpg\" alt=\"\" data-id=\"1113\" data-full-url=\"https:\/\/moikk.hu\/wp-content\/uploads\/2021\/10\/5b.-Hankiss-Janos-dr.-referal-eletmuverol-scaled.jpg\" data-link=\"https:\/\/moikk.hu\/?attachment_id=1113\" class=\"wp-image-1113\" srcset=\"https:\/\/moikk.hu\/wp-content\/uploads\/2021\/10\/5b.-Hankiss-Janos-dr.-referal-eletmuverol-263x300.jpg 263w, https:\/\/moikk.hu\/wp-content\/uploads\/2021\/10\/5b.-Hankiss-Janos-dr.-referal-eletmuverol-899x1024.jpg 899w, https:\/\/moikk.hu\/wp-content\/uploads\/2021\/10\/5b.-Hankiss-Janos-dr.-referal-eletmuverol-768x874.jpg 768w, https:\/\/moikk.hu\/wp-content\/uploads\/2021\/10\/5b.-Hankiss-Janos-dr.-referal-eletmuverol-1349x1536.jpg 1349w, https:\/\/moikk.hu\/wp-content\/uploads\/2021\/10\/5b.-Hankiss-Janos-dr.-referal-eletmuverol-1799x2048.jpg 1799w, https:\/\/moikk.hu\/wp-content\/uploads\/2021\/10\/5b.-Hankiss-Janos-dr.-referal-eletmuverol-300x342.jpg 300w, https:\/\/moikk.hu\/wp-content\/uploads\/2021\/10\/5b.-Hankiss-Janos-dr.-referal-eletmuverol-850x968.jpg 850w\" sizes=\"auto, (max-width: 263px) 100vw, 263px\" \/><\/figure><\/li><\/ul><figcaption class=\"blocks-gallery-caption\"><strong>Dr. Hankiss J\u00e1nos refer\u00e1l \u00e9letm\u0171v\u00e9r\u0151l<\/strong><\/figcaption><\/figure>\n<\/div>\n\n\n\n<div class=\"wp-block-column is-layout-flow wp-block-column-is-layout-flow\"><\/div>\n<\/div>\n\n\n\n<div class=\"wp-block-columns is-layout-flex wp-container-core-columns-is-layout-9d6595d7 wp-block-columns-is-layout-flex\">\n<div class=\"wp-block-column is-layout-flow wp-block-column-is-layout-flow\">\n<figure class=\"wp-block-gallery columns-1 is-cropped wp-block-gallery-10 is-layout-flex wp-block-gallery-is-layout-flex\"><ul class=\"blocks-gallery-grid\"><li class=\"blocks-gallery-item\"><figure><img loading=\"lazy\" decoding=\"async\" width=\"1024\" height=\"768\" src=\"https:\/\/moikk.hu\/wp-content\/uploads\/2021\/10\/6.-Dr.-Valkai-Terez-bemutatja-uj-konyvet-min-1024x768.jpg\" alt=\"\" data-id=\"1114\" data-full-url=\"https:\/\/moikk.hu\/wp-content\/uploads\/2021\/10\/6.-Dr.-Valkai-Terez-bemutatja-uj-konyvet-min-scaled.jpg\" data-link=\"https:\/\/moikk.hu\/?attachment_id=1114\" class=\"wp-image-1114\" srcset=\"https:\/\/moikk.hu\/wp-content\/uploads\/2021\/10\/6.-Dr.-Valkai-Terez-bemutatja-uj-konyvet-min-1024x768.jpg 1024w, https:\/\/moikk.hu\/wp-content\/uploads\/2021\/10\/6.-Dr.-Valkai-Terez-bemutatja-uj-konyvet-min-300x225.jpg 300w, https:\/\/moikk.hu\/wp-content\/uploads\/2021\/10\/6.-Dr.-Valkai-Terez-bemutatja-uj-konyvet-min-768x576.jpg 768w, https:\/\/moikk.hu\/wp-content\/uploads\/2021\/10\/6.-Dr.-Valkai-Terez-bemutatja-uj-konyvet-min-1536x1152.jpg 1536w, https:\/\/moikk.hu\/wp-content\/uploads\/2021\/10\/6.-Dr.-Valkai-Terez-bemutatja-uj-konyvet-min-2048x1536.jpg 2048w, https:\/\/moikk.hu\/wp-content\/uploads\/2021\/10\/6.-Dr.-Valkai-Terez-bemutatja-uj-konyvet-min-850x638.jpg 850w\" sizes=\"auto, (max-width: 1024px) 100vw, 1024px\" \/><\/figure><\/li><\/ul><figcaption class=\"blocks-gallery-caption\"><strong>Dr. Valkai Ter\u00e9z bemutatja \u00faj k\u00f6nyv\u00e9t<\/strong><\/figcaption><\/figure>\n<\/div>\n\n\n\n<div class=\"wp-block-column is-layout-flow wp-block-column-is-layout-flow\">\n<figure class=\"wp-block-gallery columns-1 is-cropped wp-block-gallery-11 is-layout-flex wp-block-gallery-is-layout-flex\"><ul class=\"blocks-gallery-grid\"><li class=\"blocks-gallery-item\"><figure><img loading=\"lazy\" decoding=\"async\" width=\"204\" height=\"300\" src=\"https:\/\/moikk.hu\/wp-content\/uploads\/2021\/10\/6a.-Dr.-Valkai-T.-es-konyvei-204x300.jpg\" alt=\"\" data-id=\"1115\" data-full-url=\"https:\/\/moikk.hu\/wp-content\/uploads\/2021\/10\/6a.-Dr.-Valkai-T.-es-konyvei-scaled.jpg\" data-link=\"https:\/\/moikk.hu\/?attachment_id=1115\" class=\"wp-image-1115\" srcset=\"https:\/\/moikk.hu\/wp-content\/uploads\/2021\/10\/6a.-Dr.-Valkai-T.-es-konyvei-204x300.jpg 204w, https:\/\/moikk.hu\/wp-content\/uploads\/2021\/10\/6a.-Dr.-Valkai-T.-es-konyvei-698x1024.jpg 698w, https:\/\/moikk.hu\/wp-content\/uploads\/2021\/10\/6a.-Dr.-Valkai-T.-es-konyvei-768x1127.jpg 768w, https:\/\/moikk.hu\/wp-content\/uploads\/2021\/10\/6a.-Dr.-Valkai-T.-es-konyvei-1046x1536.jpg 1046w, https:\/\/moikk.hu\/wp-content\/uploads\/2021\/10\/6a.-Dr.-Valkai-T.-es-konyvei-1395x2048.jpg 1395w, https:\/\/moikk.hu\/wp-content\/uploads\/2021\/10\/6a.-Dr.-Valkai-T.-es-konyvei-300x440.jpg 300w, https:\/\/moikk.hu\/wp-content\/uploads\/2021\/10\/6a.-Dr.-Valkai-T.-es-konyvei-850x1248.jpg 850w, https:\/\/moikk.hu\/wp-content\/uploads\/2021\/10\/6a.-Dr.-Valkai-T.-es-konyvei-scaled.jpg 1744w\" sizes=\"auto, (max-width: 204px) 100vw, 204px\" \/><\/figure><\/li><\/ul><figcaption class=\"blocks-gallery-caption\">Dr. Valkai Ter\u00e9z \u00e9s \u00faj k\u00f6nyvei<\/figcaption><\/figure>\n<\/div>\n<\/div>\n\n\n\n<div class=\"wp-block-columns is-layout-flex wp-container-core-columns-is-layout-9d6595d7 wp-block-columns-is-layout-flex\">\n<div class=\"wp-block-column is-layout-flow wp-block-column-is-layout-flow\">\n<figure class=\"wp-block-gallery columns-1 is-cropped wp-block-gallery-12 is-layout-flex wp-block-gallery-is-layout-flex\"><ul class=\"blocks-gallery-grid\"><li class=\"blocks-gallery-item\"><figure><img loading=\"lazy\" decoding=\"async\" width=\"1024\" height=\"768\" src=\"https:\/\/moikk.hu\/wp-content\/uploads\/2021\/10\/7.-Dr.-Gulyas-Katalin-mutatja-be-5.-verses-kotetet-min-1024x768.jpg\" alt=\"\" data-id=\"1116\" data-full-url=\"https:\/\/moikk.hu\/wp-content\/uploads\/2021\/10\/7.-Dr.-Gulyas-Katalin-mutatja-be-5.-verses-kotetet-min-scaled.jpg\" data-link=\"https:\/\/moikk.hu\/?attachment_id=1116\" class=\"wp-image-1116\" srcset=\"https:\/\/moikk.hu\/wp-content\/uploads\/2021\/10\/7.-Dr.-Gulyas-Katalin-mutatja-be-5.-verses-kotetet-min-1024x768.jpg 1024w, https:\/\/moikk.hu\/wp-content\/uploads\/2021\/10\/7.-Dr.-Gulyas-Katalin-mutatja-be-5.-verses-kotetet-min-300x225.jpg 300w, https:\/\/moikk.hu\/wp-content\/uploads\/2021\/10\/7.-Dr.-Gulyas-Katalin-mutatja-be-5.-verses-kotetet-min-768x576.jpg 768w, https:\/\/moikk.hu\/wp-content\/uploads\/2021\/10\/7.-Dr.-Gulyas-Katalin-mutatja-be-5.-verses-kotetet-min-1536x1152.jpg 1536w, https:\/\/moikk.hu\/wp-content\/uploads\/2021\/10\/7.-Dr.-Gulyas-Katalin-mutatja-be-5.-verses-kotetet-min-2048x1536.jpg 2048w, https:\/\/moikk.hu\/wp-content\/uploads\/2021\/10\/7.-Dr.-Gulyas-Katalin-mutatja-be-5.-verses-kotetet-min-850x638.jpg 850w\" sizes=\"auto, (max-width: 1024px) 100vw, 1024px\" \/><\/figure><\/li><\/ul><figcaption class=\"blocks-gallery-caption\"><strong>Dr. Guly\u00e1s Katalin mutatja be 5. versesk\u00f6tet\u00e9t<\/strong><\/figcaption><\/figure>\n<\/div>\n\n\n\n<div class=\"wp-block-column is-layout-flow wp-block-column-is-layout-flow\">\n<figure class=\"wp-block-gallery columns-1 is-cropped wp-block-gallery-13 is-layout-flex wp-block-gallery-is-layout-flex\"><ul class=\"blocks-gallery-grid\"><li class=\"blocks-gallery-item\"><figure><img loading=\"lazy\" decoding=\"async\" width=\"1024\" height=\"768\" src=\"https:\/\/moikk.hu\/wp-content\/uploads\/2021\/10\/12.-Misz-Irisz-bemutatja-Vincze-J.-prof.-uj-konyveit-min-1024x768.jpg\" alt=\"\" data-id=\"1117\" data-full-url=\"https:\/\/moikk.hu\/wp-content\/uploads\/2021\/10\/12.-Misz-Irisz-bemutatja-Vincze-J.-prof.-uj-konyveit-min-scaled.jpg\" data-link=\"https:\/\/moikk.hu\/?attachment_id=1117\" class=\"wp-image-1117\" srcset=\"https:\/\/moikk.hu\/wp-content\/uploads\/2021\/10\/12.-Misz-Irisz-bemutatja-Vincze-J.-prof.-uj-konyveit-min-1024x768.jpg 1024w, https:\/\/moikk.hu\/wp-content\/uploads\/2021\/10\/12.-Misz-Irisz-bemutatja-Vincze-J.-prof.-uj-konyveit-min-300x225.jpg 300w, https:\/\/moikk.hu\/wp-content\/uploads\/2021\/10\/12.-Misz-Irisz-bemutatja-Vincze-J.-prof.-uj-konyveit-min-768x576.jpg 768w, https:\/\/moikk.hu\/wp-content\/uploads\/2021\/10\/12.-Misz-Irisz-bemutatja-Vincze-J.-prof.-uj-konyveit-min-1536x1152.jpg 1536w, https:\/\/moikk.hu\/wp-content\/uploads\/2021\/10\/12.-Misz-Irisz-bemutatja-Vincze-J.-prof.-uj-konyveit-min-2048x1536.jpg 2048w, https:\/\/moikk.hu\/wp-content\/uploads\/2021\/10\/12.-Misz-Irisz-bemutatja-Vincze-J.-prof.-uj-konyveit-min-850x638.jpg 850w\" sizes=\"auto, (max-width: 1024px) 100vw, 1024px\" \/><\/figure><\/li><\/ul><figcaption class=\"blocks-gallery-caption\"><strong>Vincze J\u00e1nos prof. <\/strong>\u00far k\u00f6nyveit (t\u00e1voll\u00e9t\u00e9ben) Misz \u00cdrisz mutatja be<\/figcaption><\/figure>\n<\/div>\n<\/div>\n\n\n\n<div class=\"wp-block-columns is-layout-flex wp-container-core-columns-is-layout-9d6595d7 wp-block-columns-is-layout-flex\">\n<div class=\"wp-block-column is-layout-flow wp-block-column-is-layout-flow\">\n<figure class=\"wp-block-gallery columns-1 is-cropped wp-block-gallery-14 is-layout-flex wp-block-gallery-is-layout-flex\"><ul class=\"blocks-gallery-grid\"><li class=\"blocks-gallery-item\"><figure><img loading=\"lazy\" decoding=\"async\" width=\"1024\" height=\"768\" src=\"https:\/\/moikk.hu\/wp-content\/uploads\/2021\/10\/12a.-Magyar-Nobel-dijasok-c.-konyvrol-min-1024x768.jpg\" alt=\"\" data-id=\"1118\" data-full-url=\"https:\/\/moikk.hu\/wp-content\/uploads\/2021\/10\/12a.-Magyar-Nobel-dijasok-c.-konyvrol-min-scaled.jpg\" data-link=\"https:\/\/moikk.hu\/?attachment_id=1118\" class=\"wp-image-1118\" srcset=\"https:\/\/moikk.hu\/wp-content\/uploads\/2021\/10\/12a.-Magyar-Nobel-dijasok-c.-konyvrol-min-1024x768.jpg 1024w, https:\/\/moikk.hu\/wp-content\/uploads\/2021\/10\/12a.-Magyar-Nobel-dijasok-c.-konyvrol-min-300x225.jpg 300w, https:\/\/moikk.hu\/wp-content\/uploads\/2021\/10\/12a.-Magyar-Nobel-dijasok-c.-konyvrol-min-768x576.jpg 768w, https:\/\/moikk.hu\/wp-content\/uploads\/2021\/10\/12a.-Magyar-Nobel-dijasok-c.-konyvrol-min-1536x1152.jpg 1536w, https:\/\/moikk.hu\/wp-content\/uploads\/2021\/10\/12a.-Magyar-Nobel-dijasok-c.-konyvrol-min-2048x1536.jpg 2048w, https:\/\/moikk.hu\/wp-content\/uploads\/2021\/10\/12a.-Magyar-Nobel-dijasok-c.-konyvrol-min-850x638.jpg 850w\" sizes=\"auto, (max-width: 1024px) 100vw, 1024px\" \/><\/figure><\/li><\/ul><figcaption class=\"blocks-gallery-caption\"><strong>A Magyar Nobel-d\u00edjasok c. k\u00f6nyvr\u0151l<\/strong><\/figcaption><\/figure>\n<\/div>\n\n\n\n<div class=\"wp-block-column is-layout-flow wp-block-column-is-layout-flow\">\n<figure class=\"wp-block-gallery columns-1 is-cropped wp-block-gallery-15 is-layout-flex wp-block-gallery-is-layout-flex\"><ul class=\"blocks-gallery-grid\"><li class=\"blocks-gallery-item\"><figure><img loading=\"lazy\" decoding=\"async\" width=\"1024\" height=\"768\" src=\"https:\/\/moikk.hu\/wp-content\/uploads\/2021\/10\/12b.-Hankiss-j.-dr.-meltatja-Vincze-prof.-konyveit-min-1024x768.jpg\" alt=\"\" data-id=\"1119\" data-full-url=\"https:\/\/moikk.hu\/wp-content\/uploads\/2021\/10\/12b.-Hankiss-j.-dr.-meltatja-Vincze-prof.-konyveit-min-scaled.jpg\" data-link=\"https:\/\/moikk.hu\/?attachment_id=1119\" class=\"wp-image-1119\" srcset=\"https:\/\/moikk.hu\/wp-content\/uploads\/2021\/10\/12b.-Hankiss-j.-dr.-meltatja-Vincze-prof.-konyveit-min-1024x768.jpg 1024w, https:\/\/moikk.hu\/wp-content\/uploads\/2021\/10\/12b.-Hankiss-j.-dr.-meltatja-Vincze-prof.-konyveit-min-300x225.jpg 300w, https:\/\/moikk.hu\/wp-content\/uploads\/2021\/10\/12b.-Hankiss-j.-dr.-meltatja-Vincze-prof.-konyveit-min-768x576.jpg 768w, https:\/\/moikk.hu\/wp-content\/uploads\/2021\/10\/12b.-Hankiss-j.-dr.-meltatja-Vincze-prof.-konyveit-min-1536x1152.jpg 1536w, https:\/\/moikk.hu\/wp-content\/uploads\/2021\/10\/12b.-Hankiss-j.-dr.-meltatja-Vincze-prof.-konyveit-min-2048x1536.jpg 2048w, https:\/\/moikk.hu\/wp-content\/uploads\/2021\/10\/12b.-Hankiss-j.-dr.-meltatja-Vincze-prof.-konyveit-min-850x638.jpg 850w\" sizes=\"auto, (max-width: 1024px) 100vw, 1024px\" \/><\/figure><\/li><\/ul><figcaption class=\"blocks-gallery-caption\"><strong>Hankiss J. dr. m\u00e9ltatja Vincze prof. k\u00f6nyveit<\/strong><\/figcaption><\/figure>\n<\/div>\n<\/div>\n\n\n\n<div class=\"wp-block-columns is-layout-flex wp-container-core-columns-is-layout-9d6595d7 wp-block-columns-is-layout-flex\"><\/div>\n\n\n\n<div class=\"wp-block-columns is-layout-flex wp-container-core-columns-is-layout-9d6595d7 wp-block-columns-is-layout-flex\">\n<div class=\"wp-block-column is-layout-flow wp-block-column-is-layout-flow\">\n<figure class=\"wp-block-gallery columns-1 is-cropped wp-block-gallery-16 is-layout-flex wp-block-gallery-is-layout-flex\"><ul class=\"blocks-gallery-grid\"><li class=\"blocks-gallery-item\"><figure><img loading=\"lazy\" decoding=\"async\" width=\"1024\" height=\"768\" src=\"https:\/\/moikk.hu\/wp-content\/uploads\/2021\/10\/10.-Konyveiket-bemutato-orvosirok-1024x768.jpg\" alt=\"\" data-id=\"1122\" data-full-url=\"https:\/\/moikk.hu\/wp-content\/uploads\/2021\/10\/10.-Konyveiket-bemutato-orvosirok-scaled.jpg\" data-link=\"https:\/\/moikk.hu\/?attachment_id=1122\" class=\"wp-image-1122\" srcset=\"https:\/\/moikk.hu\/wp-content\/uploads\/2021\/10\/10.-Konyveiket-bemutato-orvosirok-1024x768.jpg 1024w, https:\/\/moikk.hu\/wp-content\/uploads\/2021\/10\/10.-Konyveiket-bemutato-orvosirok-300x225.jpg 300w, https:\/\/moikk.hu\/wp-content\/uploads\/2021\/10\/10.-Konyveiket-bemutato-orvosirok-768x576.jpg 768w, https:\/\/moikk.hu\/wp-content\/uploads\/2021\/10\/10.-Konyveiket-bemutato-orvosirok-1536x1152.jpg 1536w, https:\/\/moikk.hu\/wp-content\/uploads\/2021\/10\/10.-Konyveiket-bemutato-orvosirok-2048x1536.jpg 2048w, https:\/\/moikk.hu\/wp-content\/uploads\/2021\/10\/10.-Konyveiket-bemutato-orvosirok-850x638.jpg 850w\" sizes=\"auto, (max-width: 1024px) 100vw, 1024px\" \/><\/figure><\/li><\/ul><figcaption class=\"blocks-gallery-caption\"><strong>K\u00f6nyveiket bemutat\u00f3 orvos\u00edr\u00f3k<\/strong><\/figcaption><\/figure>\n<\/div>\n\n\n\n<div class=\"wp-block-column is-layout-flow wp-block-column-is-layout-flow\">\n<figure class=\"wp-block-gallery columns-1 is-cropped wp-block-gallery-17 is-layout-flex wp-block-gallery-is-layout-flex\"><ul class=\"blocks-gallery-grid\"><li class=\"blocks-gallery-item\"><figure><img loading=\"lazy\" decoding=\"async\" width=\"204\" height=\"300\" src=\"https:\/\/moikk.hu\/wp-content\/uploads\/2021\/10\/9.-Dr.-Wilhelm-Otto-mutatja-be-konyveit-204x300.jpg\" alt=\"\" data-id=\"1123\" data-full-url=\"https:\/\/moikk.hu\/wp-content\/uploads\/2021\/10\/9.-Dr.-Wilhelm-Otto-mutatja-be-konyveit-scaled.jpg\" data-link=\"https:\/\/moikk.hu\/?attachment_id=1123\" class=\"wp-image-1123\" srcset=\"https:\/\/moikk.hu\/wp-content\/uploads\/2021\/10\/9.-Dr.-Wilhelm-Otto-mutatja-be-konyveit-204x300.jpg 204w, https:\/\/moikk.hu\/wp-content\/uploads\/2021\/10\/9.-Dr.-Wilhelm-Otto-mutatja-be-konyveit-695x1024.jpg 695w, https:\/\/moikk.hu\/wp-content\/uploads\/2021\/10\/9.-Dr.-Wilhelm-Otto-mutatja-be-konyveit-768x1131.jpg 768w, https:\/\/moikk.hu\/wp-content\/uploads\/2021\/10\/9.-Dr.-Wilhelm-Otto-mutatja-be-konyveit-1043x1536.jpg 1043w, https:\/\/moikk.hu\/wp-content\/uploads\/2021\/10\/9.-Dr.-Wilhelm-Otto-mutatja-be-konyveit-1391x2048.jpg 1391w, https:\/\/moikk.hu\/wp-content\/uploads\/2021\/10\/9.-Dr.-Wilhelm-Otto-mutatja-be-konyveit-300x442.jpg 300w, https:\/\/moikk.hu\/wp-content\/uploads\/2021\/10\/9.-Dr.-Wilhelm-Otto-mutatja-be-konyveit-850x1252.jpg 850w, https:\/\/moikk.hu\/wp-content\/uploads\/2021\/10\/9.-Dr.-Wilhelm-Otto-mutatja-be-konyveit-scaled.jpg 1739w\" sizes=\"auto, (max-width: 204px) 100vw, 204px\" \/><\/figure><\/li><\/ul><figcaption class=\"blocks-gallery-caption\"><strong>Dr. Wilhelm Ott\u00f3 mutatja be k\u00f6nyveit<\/strong><\/figcaption><\/figure>\n<\/div>\n<\/div>\n\n\n\n<div class=\"wp-block-columns is-layout-flex wp-container-core-columns-is-layout-9d6595d7 wp-block-columns-is-layout-flex\">\n<div class=\"wp-block-column is-layout-flow wp-block-column-is-layout-flow\">\n<figure class=\"wp-block-gallery columns-1 is-cropped wp-block-gallery-18 is-layout-flex wp-block-gallery-is-layout-flex\"><ul class=\"blocks-gallery-grid\"><li class=\"blocks-gallery-item\"><figure><img loading=\"lazy\" decoding=\"async\" width=\"1024\" height=\"768\" src=\"https:\/\/moikk.hu\/wp-content\/uploads\/2021\/10\/8.-Bemutatasra-varva-Sztasko-A.-Dr.-Radnai-Zoltan-Dr.-Boga-Balint-min-1-1024x768.jpg\" alt=\"\" data-id=\"1124\" data-full-url=\"https:\/\/moikk.hu\/wp-content\/uploads\/2021\/10\/8.-Bemutatasra-varva-Sztasko-A.-Dr.-Radnai-Zoltan-Dr.-Boga-Balint-min-1-scaled.jpg\" data-link=\"https:\/\/moikk.hu\/?attachment_id=1124\" class=\"wp-image-1124\" srcset=\"https:\/\/moikk.hu\/wp-content\/uploads\/2021\/10\/8.-Bemutatasra-varva-Sztasko-A.-Dr.-Radnai-Zoltan-Dr.-Boga-Balint-min-1-1024x768.jpg 1024w, https:\/\/moikk.hu\/wp-content\/uploads\/2021\/10\/8.-Bemutatasra-varva-Sztasko-A.-Dr.-Radnai-Zoltan-Dr.-Boga-Balint-min-1-300x225.jpg 300w, https:\/\/moikk.hu\/wp-content\/uploads\/2021\/10\/8.-Bemutatasra-varva-Sztasko-A.-Dr.-Radnai-Zoltan-Dr.-Boga-Balint-min-1-768x576.jpg 768w, https:\/\/moikk.hu\/wp-content\/uploads\/2021\/10\/8.-Bemutatasra-varva-Sztasko-A.-Dr.-Radnai-Zoltan-Dr.-Boga-Balint-min-1-1536x1152.jpg 1536w, https:\/\/moikk.hu\/wp-content\/uploads\/2021\/10\/8.-Bemutatasra-varva-Sztasko-A.-Dr.-Radnai-Zoltan-Dr.-Boga-Balint-min-1-2048x1536.jpg 2048w, https:\/\/moikk.hu\/wp-content\/uploads\/2021\/10\/8.-Bemutatasra-varva-Sztasko-A.-Dr.-Radnai-Zoltan-Dr.-Boga-Balint-min-1-850x638.jpg 850w\" sizes=\"auto, (max-width: 1024px) 100vw, 1024px\" \/><\/figure><\/li><\/ul><figcaption class=\"blocks-gallery-caption\"> <strong>Bemutat\u00e1sra v\u00e1rva<\/strong> (Sztask\u00f3 A., Dr. Radnai Z., Dr. Boga B.) <\/figcaption><\/figure>\n<\/div>\n\n\n\n<div class=\"wp-block-column is-layout-flow wp-block-column-is-layout-flow\">\n<figure class=\"wp-block-gallery columns-1 is-cropped wp-block-gallery-19 is-layout-flex wp-block-gallery-is-layout-flex\"><ul class=\"blocks-gallery-grid\"><li class=\"blocks-gallery-item\"><figure><img loading=\"lazy\" decoding=\"async\" width=\"1024\" height=\"526\" src=\"https:\/\/moikk.hu\/wp-content\/uploads\/2021\/10\/8a.-min-1-1024x526.jpg\" alt=\"\" data-id=\"1125\" data-full-url=\"https:\/\/moikk.hu\/wp-content\/uploads\/2021\/10\/8a.-min-1-scaled.jpg\" data-link=\"https:\/\/moikk.hu\/?attachment_id=1125\" class=\"wp-image-1125\" srcset=\"https:\/\/moikk.hu\/wp-content\/uploads\/2021\/10\/8a.-min-1-1024x526.jpg 1024w, https:\/\/moikk.hu\/wp-content\/uploads\/2021\/10\/8a.-min-1-300x154.jpg 300w, https:\/\/moikk.hu\/wp-content\/uploads\/2021\/10\/8a.-min-1-768x394.jpg 768w, https:\/\/moikk.hu\/wp-content\/uploads\/2021\/10\/8a.-min-1-1536x788.jpg 1536w, https:\/\/moikk.hu\/wp-content\/uploads\/2021\/10\/8a.-min-1-2048x1051.jpg 2048w, https:\/\/moikk.hu\/wp-content\/uploads\/2021\/10\/8a.-min-1-850x436.jpg 850w\" sizes=\"auto, (max-width: 1024px) 100vw, 1024px\" \/><\/figure><\/li><\/ul><figcaption class=\"blocks-gallery-caption\">A v\u00e1rakoz\u00f3k<\/figcaption><\/figure>\n<\/div>\n<\/div>\n\n\n\n<div class=\"wp-block-columns is-layout-flex wp-container-core-columns-is-layout-9d6595d7 wp-block-columns-is-layout-flex\">\n<div class=\"wp-block-column is-layout-flow wp-block-column-is-layout-flow\">\n<figure class=\"wp-block-gallery columns-1 is-cropped wp-block-gallery-20 is-layout-flex wp-block-gallery-is-layout-flex\"><ul class=\"blocks-gallery-grid\"><li class=\"blocks-gallery-item\"><figure><img loading=\"lazy\" decoding=\"async\" width=\"1024\" height=\"768\" src=\"https:\/\/moikk.hu\/wp-content\/uploads\/2021\/10\/8b.-Sztasko-Anna-elso-verses-koteterol-beszel-min-1024x768.jpg\" alt=\"\" data-id=\"1166\" data-full-url=\"https:\/\/moikk.hu\/wp-content\/uploads\/2021\/10\/8b.-Sztasko-Anna-elso-verses-koteterol-beszel-min-scaled.jpg\" data-link=\"https:\/\/moikk.hu\/index.php\/konyvbemutato-2021\/8b-sztasko-anna-elso-verses-koteterol-beszel-min\/\" class=\"wp-image-1166\" srcset=\"https:\/\/moikk.hu\/wp-content\/uploads\/2021\/10\/8b.-Sztasko-Anna-elso-verses-koteterol-beszel-min-1024x768.jpg 1024w, https:\/\/moikk.hu\/wp-content\/uploads\/2021\/10\/8b.-Sztasko-Anna-elso-verses-koteterol-beszel-min-300x225.jpg 300w, https:\/\/moikk.hu\/wp-content\/uploads\/2021\/10\/8b.-Sztasko-Anna-elso-verses-koteterol-beszel-min-768x576.jpg 768w, https:\/\/moikk.hu\/wp-content\/uploads\/2021\/10\/8b.-Sztasko-Anna-elso-verses-koteterol-beszel-min-1536x1152.jpg 1536w, https:\/\/moikk.hu\/wp-content\/uploads\/2021\/10\/8b.-Sztasko-Anna-elso-verses-koteterol-beszel-min-2048x1536.jpg 2048w, https:\/\/moikk.hu\/wp-content\/uploads\/2021\/10\/8b.-Sztasko-Anna-elso-verses-koteterol-beszel-min-850x638.jpg 850w\" sizes=\"auto, (max-width: 1024px) 100vw, 1024px\" \/><\/figure><\/li><\/ul><figcaption class=\"blocks-gallery-caption\"><strong>Sztask\u00f3 Anna els\u0151 versesk\u00f6tet\u00e9r\u0151l<\/strong><\/figcaption><\/figure>\n<\/div>\n\n\n\n<div class=\"wp-block-column is-layout-flow wp-block-column-is-layout-flow\">\n<figure class=\"wp-block-gallery columns-1 is-cropped wp-block-gallery-21 is-layout-flex wp-block-gallery-is-layout-flex\"><ul class=\"blocks-gallery-grid\"><li class=\"blocks-gallery-item\"><figure><img loading=\"lazy\" decoding=\"async\" width=\"1024\" height=\"768\" src=\"https:\/\/moikk.hu\/wp-content\/uploads\/2021\/10\/11.-Dr.-Boga-Balint-mutatja-konyveit-min-1024x768.jpg\" alt=\"\" data-id=\"1126\" data-full-url=\"https:\/\/moikk.hu\/wp-content\/uploads\/2021\/10\/11.-Dr.-Boga-Balint-mutatja-konyveit-min-scaled.jpg\" data-link=\"https:\/\/moikk.hu\/index.php\/konyvbemutato-2021\/11-dr-boga-balint-mutatja-konyveit-min\/\" class=\"wp-image-1126\" srcset=\"https:\/\/moikk.hu\/wp-content\/uploads\/2021\/10\/11.-Dr.-Boga-Balint-mutatja-konyveit-min-1024x768.jpg 1024w, https:\/\/moikk.hu\/wp-content\/uploads\/2021\/10\/11.-Dr.-Boga-Balint-mutatja-konyveit-min-300x225.jpg 300w, https:\/\/moikk.hu\/wp-content\/uploads\/2021\/10\/11.-Dr.-Boga-Balint-mutatja-konyveit-min-768x576.jpg 768w, https:\/\/moikk.hu\/wp-content\/uploads\/2021\/10\/11.-Dr.-Boga-Balint-mutatja-konyveit-min-1536x1152.jpg 1536w, https:\/\/moikk.hu\/wp-content\/uploads\/2021\/10\/11.-Dr.-Boga-Balint-mutatja-konyveit-min-2048x1536.jpg 2048w, https:\/\/moikk.hu\/wp-content\/uploads\/2021\/10\/11.-Dr.-Boga-Balint-mutatja-konyveit-min-850x638.jpg 850w\" sizes=\"auto, (max-width: 1024px) 100vw, 1024px\" \/><\/figure><\/li><\/ul><figcaption class=\"blocks-gallery-caption\"><strong> Dr. Boga B\u00e1lint bemutatja k\u00f6nyveit <\/strong><\/figcaption><\/figure>\n<\/div>\n<\/div>\n\n\n\n<div class=\"wp-block-columns is-layout-flex wp-container-core-columns-is-layout-9d6595d7 wp-block-columns-is-layout-flex\">\n<div class=\"wp-block-column is-layout-flow wp-block-column-is-layout-flow\">\n<figure class=\"wp-block-gallery columns-1 is-cropped wp-block-gallery-22 is-layout-flex wp-block-gallery-is-layout-flex\"><ul class=\"blocks-gallery-grid\"><li class=\"blocks-gallery-item\"><figure><img loading=\"lazy\" decoding=\"async\" width=\"1024\" height=\"576\" src=\"https:\/\/moikk.hu\/wp-content\/uploads\/2021\/10\/13.-Gazdag-volt-az-idei-termes...-min-1024x576.jpg\" alt=\"\" data-id=\"1127\" data-full-url=\"https:\/\/moikk.hu\/wp-content\/uploads\/2021\/10\/13.-Gazdag-volt-az-idei-termes...-min-scaled.jpg\" data-link=\"https:\/\/moikk.hu\/index.php\/konyvbemutato-2021\/13-gazdag-volt-az-idei-termes-min\/\" class=\"wp-image-1127\" srcset=\"https:\/\/moikk.hu\/wp-content\/uploads\/2021\/10\/13.-Gazdag-volt-az-idei-termes...-min-1024x576.jpg 1024w, https:\/\/moikk.hu\/wp-content\/uploads\/2021\/10\/13.-Gazdag-volt-az-idei-termes...-min-300x169.jpg 300w, https:\/\/moikk.hu\/wp-content\/uploads\/2021\/10\/13.-Gazdag-volt-az-idei-termes...-min-768x432.jpg 768w, https:\/\/moikk.hu\/wp-content\/uploads\/2021\/10\/13.-Gazdag-volt-az-idei-termes...-min-1536x864.jpg 1536w, https:\/\/moikk.hu\/wp-content\/uploads\/2021\/10\/13.-Gazdag-volt-az-idei-termes...-min-2048x1152.jpg 2048w, https:\/\/moikk.hu\/wp-content\/uploads\/2021\/10\/13.-Gazdag-volt-az-idei-termes...-min-850x478.jpg 850w\" sizes=\"auto, (max-width: 1024px) 100vw, 1024px\" \/><\/figure><\/li><\/ul><figcaption class=\"blocks-gallery-caption\"><strong> <strong>Gazdag volt az idei term\u00e9s!<\/strong> <\/strong><\/figcaption><\/figure>\n<\/div>\n\n\n\n<div class=\"wp-block-column is-layout-flow wp-block-column-is-layout-flow\">\n<figure class=\"wp-block-gallery columns-1 is-cropped wp-block-gallery-23 is-layout-flex wp-block-gallery-is-layout-flex\"><ul class=\"blocks-gallery-grid\"><li class=\"blocks-gallery-item\"><figure><img loading=\"lazy\" decoding=\"async\" width=\"1024\" height=\"576\" src=\"https:\/\/moikk.hu\/wp-content\/uploads\/2021\/10\/14.-Hallgatosag-is-kitarto...-1024x576.jpg\" alt=\"\" data-id=\"1128\" data-full-url=\"https:\/\/moikk.hu\/wp-content\/uploads\/2021\/10\/14.-Hallgatosag-is-kitarto...-scaled.jpg\" data-link=\"https:\/\/moikk.hu\/index.php\/konyvbemutato-2021\/14-hallgatosag-is-kitarto\/\" class=\"wp-image-1128\" srcset=\"https:\/\/moikk.hu\/wp-content\/uploads\/2021\/10\/14.-Hallgatosag-is-kitarto...-1024x576.jpg 1024w, https:\/\/moikk.hu\/wp-content\/uploads\/2021\/10\/14.-Hallgatosag-is-kitarto...-300x169.jpg 300w, https:\/\/moikk.hu\/wp-content\/uploads\/2021\/10\/14.-Hallgatosag-is-kitarto...-768x432.jpg 768w, https:\/\/moikk.hu\/wp-content\/uploads\/2021\/10\/14.-Hallgatosag-is-kitarto...-1536x864.jpg 1536w, https:\/\/moikk.hu\/wp-content\/uploads\/2021\/10\/14.-Hallgatosag-is-kitarto...-2048x1152.jpg 2048w, https:\/\/moikk.hu\/wp-content\/uploads\/2021\/10\/14.-Hallgatosag-is-kitarto...-850x478.jpg 850w\" sizes=\"auto, (max-width: 1024px) 100vw, 1024px\" \/><\/figure><\/li><\/ul><figcaption class=\"blocks-gallery-caption\"><strong>Az \u00e9rdekl\u0151d\u0151k is kitart\u00f3ak<\/strong><\/figcaption><\/figure>\n<\/div>\n<\/div>\n\n\n\n<div class=\"wp-block-columns is-layout-flex wp-container-core-columns-is-layout-9d6595d7 wp-block-columns-is-layout-flex\">\n<div class=\"wp-block-column is-layout-flow wp-block-column-is-layout-flow\">\n<figure class=\"wp-block-gallery columns-1 is-cropped wp-block-gallery-24 is-layout-flex wp-block-gallery-is-layout-flex\"><ul class=\"blocks-gallery-grid\"><li class=\"blocks-gallery-item\"><figure><img loading=\"lazy\" decoding=\"async\" width=\"1024\" height=\"576\" src=\"https:\/\/moikk.hu\/wp-content\/uploads\/2021\/10\/14a.-min-1-1024x576.jpg\" alt=\"\" data-id=\"1167\" data-full-url=\"https:\/\/moikk.hu\/wp-content\/uploads\/2021\/10\/14a.-min-1-scaled.jpg\" data-link=\"https:\/\/moikk.hu\/index.php\/konyvbemutato-2021\/14a-min-1\/\" class=\"wp-image-1167\" srcset=\"https:\/\/moikk.hu\/wp-content\/uploads\/2021\/10\/14a.-min-1-1024x576.jpg 1024w, https:\/\/moikk.hu\/wp-content\/uploads\/2021\/10\/14a.-min-1-300x169.jpg 300w, https:\/\/moikk.hu\/wp-content\/uploads\/2021\/10\/14a.-min-1-768x432.jpg 768w, https:\/\/moikk.hu\/wp-content\/uploads\/2021\/10\/14a.-min-1-1536x864.jpg 1536w, https:\/\/moikk.hu\/wp-content\/uploads\/2021\/10\/14a.-min-1-2048x1152.jpg 2048w, https:\/\/moikk.hu\/wp-content\/uploads\/2021\/10\/14a.-min-1-850x478.jpg 850w\" sizes=\"auto, (max-width: 1024px) 100vw, 1024px\" \/><\/figure><\/li><\/ul><figcaption class=\"blocks-gallery-caption\">Az \u00e9rdekl\u0151d\u0151k is kitart\u00f3ak<\/figcaption><\/figure>\n<\/div>\n\n\n\n<div class=\"wp-block-column is-layout-flow wp-block-column-is-layout-flow\">\n<figure class=\"wp-block-gallery columns-1 is-cropped wp-block-gallery-25 is-layout-flex wp-block-gallery-is-layout-flex\"><ul class=\"blocks-gallery-grid\"><li class=\"blocks-gallery-item\"><figure><img loading=\"lazy\" decoding=\"async\" width=\"1024\" height=\"576\" src=\"https:\/\/moikk.hu\/wp-content\/uploads\/2021\/10\/14b.-A-vasar-is-jol-ment-keltek-a-konyvek.-min-1024x576.jpg\" alt=\"\" data-id=\"1129\" data-full-url=\"https:\/\/moikk.hu\/wp-content\/uploads\/2021\/10\/14b.-A-vasar-is-jol-ment-keltek-a-konyvek.-min-scaled.jpg\" data-link=\"https:\/\/moikk.hu\/?attachment_id=1129\" class=\"wp-image-1129\" srcset=\"https:\/\/moikk.hu\/wp-content\/uploads\/2021\/10\/14b.-A-vasar-is-jol-ment-keltek-a-konyvek.-min-1024x576.jpg 1024w, https:\/\/moikk.hu\/wp-content\/uploads\/2021\/10\/14b.-A-vasar-is-jol-ment-keltek-a-konyvek.-min-300x169.jpg 300w, https:\/\/moikk.hu\/wp-content\/uploads\/2021\/10\/14b.-A-vasar-is-jol-ment-keltek-a-konyvek.-min-768x432.jpg 768w, https:\/\/moikk.hu\/wp-content\/uploads\/2021\/10\/14b.-A-vasar-is-jol-ment-keltek-a-konyvek.-min-1536x864.jpg 1536w, https:\/\/moikk.hu\/wp-content\/uploads\/2021\/10\/14b.-A-vasar-is-jol-ment-keltek-a-konyvek.-min-2048x1152.jpg 2048w, https:\/\/moikk.hu\/wp-content\/uploads\/2021\/10\/14b.-A-vasar-is-jol-ment-keltek-a-konyvek.-min-850x478.jpg 850w\" sizes=\"auto, (max-width: 1024px) 100vw, 1024px\" \/><\/figure><\/li><\/ul><figcaption class=\"blocks-gallery-caption\"><strong>A v\u00e1s\u00e1r is j\u00f3l ment, keltek a k\u00f6nyvek &#8230;<\/strong><\/figcaption><\/figure>\n<\/div>\n<\/div>\n","protected":false},"excerpt":{"rendered":"","protected":false},"author":1,"featured_media":0,"parent":0,"menu_order":0,"comment_status":"closed","ping_status":"closed","template":"","meta":{"footnotes":""},"class_list":["post-1103","page","type-page","status-publish","hentry"],"_links":{"self":[{"href":"https:\/\/moikk.hu\/index.php\/wp-json\/wp\/v2\/pages\/1103","targetHints":{"allow":["GET"]}}],"collection":[{"href":"https:\/\/moikk.hu\/index.php\/wp-json\/wp\/v2\/pages"}],"about":[{"href":"https:\/\/moikk.hu\/index.php\/wp-json\/wp\/v2\/types\/page"}],"author":[{"embeddable":true,"href":"https:\/\/moikk.hu\/index.php\/wp-json\/wp\/v2\/users\/1"}],"replies":[{"embeddable":true,"href":"https:\/\/moikk.hu\/index.php\/wp-json\/wp\/v2\/comments?post=1103"}],"version-history":[{"count":6,"href":"https:\/\/moikk.hu\/index.php\/wp-json\/wp\/v2\/pages\/1103\/revisions"}],"predecessor-version":[{"id":1168,"href":"https:\/\/moikk.hu\/index.php\/wp-json\/wp\/v2\/pages\/1103\/revisions\/1168"}],"wp:attachment":[{"href":"https:\/\/moikk.hu\/index.php\/wp-json\/wp\/v2\/media?parent=1103"}],"curies":[{"name":"wp","href":"https:\/\/api.w.org\/{rel}","templated":true}]}}